{"id":2511,"date":"2019-04-27T08:55:36","date_gmt":"2019-04-27T08:55:36","guid":{"rendered":"https:\/\/felixmildenberger.webkombuese.de\/homepage-copy\/"},"modified":"2025-05-20T11:08:04","modified_gmt":"2025-05-20T11:08:04","slug":"felix-mildenberger-conductor","status":"publish","type":"page","link":"https:\/\/felixmildenberger.com\/en\/","title":{"rendered":"Homepage"},"content":{"rendered":"\t\t<div data-elementor-type=\"wp-page\" data-elementor-id=\"2511\" class=\"elementor elementor-2511 elementor-1406\" data-elementor-post-type=\"page\">\n\t\t\t\t\t\t<section class=\"elementor-section elementor-top-section elementor-element elementor-element-7d7ebd1 elementor-section-boxed elementor-section-height-default elementor-section-height-default\" data-id=\"7d7ebd1\" data-element_type=\"section\" id=\"bio\" data-settings=\"{&quot;background_background&quot;:&quot;classic&quot;}\">\n\t\t\t\t\t\t<div class=\"elementor-container elementor-column-gap-wide\">\n\t\t\t\t\t<div class=\"elementor-column elementor-col-100 elementor-top-column elementor-element elementor-element-ebd6492\" data-id=\"ebd6492\" data-element_type=\"column\">\n\t\t\t<div class=\"elementor-widget-wrap elementor-element-populated\">\n\t\t\t\t\t\t<div class=\"elementor-element elementor-element-437a7fa elementor-widget elementor-widget-spacer\" data-id=\"437a7fa\" data-element_type=\"widget\" data-widget_type=\"spacer.default\">\n\t\t\t\t<div class=\"elementor-widget-container\">\n\t\t\t\t\t\t\t<div class=\"elementor-spacer\">\n\t\t\t<div class=\"elementor-spacer-inner\"><\/div>\n\t\t<\/div>\n\t\t\t\t\t\t<\/div>\n\t\t\t\t<\/div>\n\t\t\t\t<div class=\"elementor-element elementor-element-8cdaa64 elementor-widget elementor-widget-heading\" data-id=\"8cdaa64\" data-element_type=\"widget\" data-widget_type=\"heading.default\">\n\t\t\t\t<div class=\"elementor-widget-container\">\n\t\t\t\t\t<h2 class=\"elementor-heading-title elementor-size-default\">BIO<\/h2>\t\t\t\t<\/div>\n\t\t\t\t<\/div>\n\t\t\t\t<div class=\"elementor-element elementor-element-9db86aa elementor-widget elementor-widget-heading\" data-id=\"9db86aa\" data-element_type=\"widget\" data-widget_type=\"heading.default\">\n\t\t\t\t<div class=\"elementor-widget-container\">\n\t\t\t\t\t<h3 class=\"elementor-heading-title elementor-size-default\">Felix Mildenberger has been Principal Guest Conductor of the Filarmonica Teatro Regio di Torino since 2021.\nA continued scholarship holder of the Dirigentenforum, in 2021 he was added by the Deutscher Musikrat to the so-called \u201cMaestros of Tomorrow\u201d\u2013 a list of artists having proven long-standing artistic quality. A year before, he was the first conductor to receive the \"Prix Young Artist of the Year\" at the Festival der Nationen.<\/h3>\t\t\t\t<\/div>\n\t\t\t\t<\/div>\n\t\t\t\t<div class=\"elementor-element elementor-element-c5d587a elementor-widget-divider--view-line elementor-widget elementor-widget-divider\" data-id=\"c5d587a\" data-element_type=\"widget\" data-widget_type=\"divider.default\">\n\t\t\t\t<div class=\"elementor-widget-container\">\n\t\t\t\t\t\t\t<div class=\"elementor-divider\">\n\t\t\t<span class=\"elementor-divider-separator\">\n\t\t\t\t\t\t<\/span>\n\t\t<\/div>\n\t\t\t\t\t\t<\/div>\n\t\t\t\t<\/div>\n\t\t\t\t<section class=\"elementor-section elementor-inner-section elementor-element elementor-element-4d10642 elementor-section-boxed elementor-section-height-default elementor-section-height-default\" data-id=\"4d10642\" data-element_type=\"section\">\n\t\t\t\t\t\t<div class=\"elementor-container elementor-column-gap-default\">\n\t\t\t\t\t<div class=\"elementor-column elementor-col-50 elementor-inner-column elementor-element elementor-element-0ae9310\" data-id=\"0ae9310\" data-element_type=\"column\">\n\t\t\t<div class=\"elementor-widget-wrap elementor-element-populated\">\n\t\t\t\t\t\t<div class=\"elementor-element elementor-element-37d6484 elementor-widget elementor-widget-image\" data-id=\"37d6484\" data-element_type=\"widget\" data-widget_type=\"image.default\">\n\t\t\t\t<div class=\"elementor-widget-container\">\n\t\t\t\t\t\t\t\t\t\t\t\t\t\t\t<img loading=\"lazy\" decoding=\"async\" width=\"1707\" height=\"2560\" src=\"https:\/\/felixmildenberger.com\/wp-content\/uploads\/2024\/10\/000_8042-copy1-scaled.jpg\" class=\"attachment-full size-full wp-image-4202\" alt=\"\" srcset=\"https:\/\/felixmildenberger.com\/wp-content\/uploads\/2024\/10\/000_8042-copy1-scaled.jpg 1707w, https:\/\/felixmildenberger.com\/wp-content\/uploads\/2024\/10\/000_8042-copy1-200x300.jpg 200w, https:\/\/felixmildenberger.com\/wp-content\/uploads\/2024\/10\/000_8042-copy1-683x1024.jpg 683w, https:\/\/felixmildenberger.com\/wp-content\/uploads\/2024\/10\/000_8042-copy1-768x1152.jpg 768w, https:\/\/felixmildenberger.com\/wp-content\/uploads\/2024\/10\/000_8042-copy1-1024x1536.jpg 1024w, https:\/\/felixmildenberger.com\/wp-content\/uploads\/2024\/10\/000_8042-copy1-1365x2048.jpg 1365w\" sizes=\"(max-width: 1707px) 100vw, 1707px\" \/>\t\t\t\t\t\t\t\t\t\t\t\t\t\t\t<\/div>\n\t\t\t\t<\/div>\n\t\t\t\t\t<\/div>\n\t\t<\/div>\n\t\t\t\t<div class=\"elementor-column elementor-col-50 elementor-inner-column elementor-element elementor-element-c0b0570\" data-id=\"c0b0570\" data-element_type=\"column\">\n\t\t\t<div class=\"elementor-widget-wrap elementor-element-populated\">\n\t\t\t\t\t\t<div class=\"elementor-element elementor-element-69687b4 elementor-widget elementor-widget-text-editor\" data-id=\"69687b4\" data-element_type=\"widget\" data-widget_type=\"text-editor.default\">\n\t\t\t\t<div class=\"elementor-widget-container\">\n\t\t\t\t\t\t\t\t\t<p>Praised for his \u2018refined technique and clear ideas\u2019, Felix Mildenberger already works with notable orchestras, such as the Royal Concertgebouw Orchestra, DSO Berlin, London Symphony Orchestra, Vienna Symphony Orchestra, Orchestre National de France, Tonhalle-Orchester Z\u00fcrich, hr-Sinfonieorchester, Dresdner Philharmonie, NDR Radiophilharmonie Hannover, Konzerthausorchester Berlin, Deutsche Kammerphilharmonie Bremen, Staatskapelle Weimar, Brandenburgisches Staatsorchester Frankfurt, Bremer Philharmoniker, Nordwestdeutsche Philharmonie Herford, Dortmunder Philharmoniker, Ensemble Modern, Sinfonieorchester Basel, LaFil Filarmonica di Milano, Camerata Salzburg, Belgrade Philharmonic, Orquesta Sinfonica de Tenerife, Orchestre National de Lille, Nagoya Philharmonic, Taipei Symphony Orchestra, Kansai Philharmonic Orchestra, and others.<br \/>In 2024, Mildenberger made his debut at the Deutsche Oper Berlin, where he conducted a performance of George Benjamin&#8217;s &#8220;Written On Skin&#8221;.<br \/>He has collaborated with soloists such as Julia Fischer, Lucas und Arthur Jussen, Sabine Meyer, Nils M\u00f6nkemeyer, Daniel Lozakovich, Martin James Bartlett, Alexander Krichel, Alexei Volodin, Mikhail Pletnev, James Ehnes and Alexej Gerassimez.<\/p><p>In the 2024\/25 season, he will return to the Tonhalle Orchestra Zurich, Brandenburg State Orchestra Frankfurt, Orquesta Sinf\u00f3nica de Tenerife, Belgrade Philharmonic and the Filarmonica Teatro Regio di Torino. He will also conduct the Munich Radio Orchestra, the Philharmonie S\u00fcdwestfalen and the Slovac State Philharmonic for the first time, as well as several performances of Berlioz&#8217; &#8220;Damnation de Faust&#8221; at the Slovenian National Theatre in Ljubljana.<\/p>\t\t\t\t\t\t\t\t<\/div>\n\t\t\t\t<\/div>\n\t\t\t\t\t<\/div>\n\t\t<\/div>\n\t\t\t\t\t<\/div>\n\t\t<\/section>\n\t\t\t\t<section class=\"elementor-section elementor-inner-section elementor-element elementor-element-5731c1f elementor-section-boxed elementor-section-height-default elementor-section-height-default\" data-id=\"5731c1f\" data-element_type=\"section\">\n\t\t\t\t\t\t<div class=\"elementor-container elementor-column-gap-default\">\n\t\t\t\t\t<div class=\"elementor-column elementor-col-100 elementor-inner-column elementor-element elementor-element-3c95bc0\" data-id=\"3c95bc0\" data-element_type=\"column\">\n\t\t\t<div class=\"elementor-widget-wrap elementor-element-populated\">\n\t\t\t\t\t\t<div class=\"elementor-element elementor-element-7226163 elementor-align-center elementor-widget elementor-widget-button\" data-id=\"7226163\" data-element_type=\"widget\" data-widget_type=\"button.default\">\n\t\t\t\t<div class=\"elementor-widget-container\">\n\t\t\t\t\t\t\t\t\t<div class=\"elementor-button-wrapper\">\n\t\t\t\t\t<a class=\"elementor-button elementor-button-link elementor-size-md\" href=\"#read-more\">\n\t\t\t\t\t\t<span class=\"elementor-button-content-wrapper\">\n\t\t\t\t\t\t\t\t\t<span class=\"elementor-button-text\">READ MORE<\/span>\n\t\t\t\t\t<\/span>\n\t\t\t\t\t<\/a>\n\t\t\t\t<\/div>\n\t\t\t\t\t\t\t\t<\/div>\n\t\t\t\t<\/div>\n\t\t\t\t\t<\/div>\n\t\t<\/div>\n\t\t\t\t\t<\/div>\n\t\t<\/section>\n\t\t\t\t\t<\/div>\n\t\t<\/div>\n\t\t\t\t\t<\/div>\n\t\t<\/section>\n\t\t\t\t<section class=\"elementor-section elementor-top-section elementor-element elementor-element-ac69d7f elementor-section-boxed elementor-section-height-default elementor-section-height-default\" data-id=\"ac69d7f\" data-element_type=\"section\" data-settings=\"{&quot;background_background&quot;:&quot;classic&quot;}\">\n\t\t\t\t\t\t<div class=\"elementor-container elementor-column-gap-default\">\n\t\t\t\t\t<div class=\"elementor-column elementor-col-100 elementor-top-column elementor-element elementor-element-732f01f\" data-id=\"732f01f\" data-element_type=\"column\">\n\t\t\t<div class=\"elementor-widget-wrap elementor-element-populated\">\n\t\t\t\t\t\t<div class=\"elementor-element elementor-element-ccd38e2 elementor-blockquote--skin-quotation elementor-blockquote--align-center elementor-widget elementor-widget-blockquote\" data-id=\"ccd38e2\" data-element_type=\"widget\" data-widget_type=\"blockquote.default\">\n\t\t\t\t<div class=\"elementor-widget-container\">\n\t\t\t\t\t\t\t<blockquote class=\"elementor-blockquote\">\n\t\t\t<p class=\"elementor-blockquote__content\">\n\t\t\t\tI have known Felix for many years now and I\u2019m proud to see how he has developed his talent!\n<br>Felix is a very good conductor with a strong musicality and skill.\n<br>He will have a bright future ahead of him!\n\t\t\t<\/p>\n\t\t\t\t\t\t\t<div class=\"e-q-footer\">\n\t\t\t\t\t\t\t\t\t\t\t<cite class=\"elementor-blockquote__author\">Paavo J\u00e4rvi<\/cite>\n\t\t\t\t\t\t\t\t\t\t\t\t\t\t<\/div>\n\t\t\t\t\t<\/blockquote>\n\t\t\t\t\t\t<\/div>\n\t\t\t\t<\/div>\n\t\t\t\t\t<\/div>\n\t\t<\/div>\n\t\t\t\t\t<\/div>\n\t\t<\/section>\n\t\t\t\t<section class=\"elementor-section elementor-top-section elementor-element elementor-element-0ef3cf4 elementor-section-boxed elementor-section-height-default elementor-section-height-default\" data-id=\"0ef3cf4\" data-element_type=\"section\" id=\"read-more\" data-settings=\"{&quot;background_background&quot;:&quot;classic&quot;}\">\n\t\t\t\t\t\t<div class=\"elementor-container elementor-column-gap-default\">\n\t\t\t\t\t<div class=\"elementor-column elementor-col-100 elementor-top-column elementor-element elementor-element-ddae016\" data-id=\"ddae016\" data-element_type=\"column\">\n\t\t\t<div class=\"elementor-widget-wrap elementor-element-populated\">\n\t\t\t\t\t\t<div class=\"elementor-element elementor-element-507aa70 elementor-widget elementor-widget-text-editor\" data-id=\"507aa70\" data-element_type=\"widget\" data-widget_type=\"text-editor.default\">\n\t\t\t\t<div class=\"elementor-widget-container\">\n\t\t\t\t\t\t\t\t\t<p>He has served as assistant conductor for several conductors such as Bernard Haitink, Paavo J\u00e4rvi, Sir Simon Rattle, Fabio Luisi, Marko Letonja, Gianandrea Noseda, Robin Ticciati, Cristian Macelaru, Emmanuel Krivine and others.<\/p>\t\t\t\t\t\t\t\t<\/div>\n\t\t\t\t<\/div>\n\t\t\t\t<div class=\"elementor-element elementor-element-4cb83d8 elementor-widget-divider--view-line elementor-widget elementor-widget-divider\" data-id=\"4cb83d8\" data-element_type=\"widget\" data-widget_type=\"divider.default\">\n\t\t\t\t<div class=\"elementor-widget-container\">\n\t\t\t\t\t\t\t<div class=\"elementor-divider\">\n\t\t\t<span class=\"elementor-divider-separator\">\n\t\t\t\t\t\t<\/span>\n\t\t<\/div>\n\t\t\t\t\t\t<\/div>\n\t\t\t\t<\/div>\n\t\t\t\t<section class=\"elementor-section elementor-inner-section elementor-element elementor-element-b4cb735 elementor-section-boxed elementor-section-height-default elementor-section-height-default\" data-id=\"b4cb735\" data-element_type=\"section\">\n\t\t\t\t\t\t<div class=\"elementor-container elementor-column-gap-default\">\n\t\t\t\t\t<div class=\"elementor-column elementor-col-50 elementor-inner-column elementor-element elementor-element-3aa9178\" data-id=\"3aa9178\" data-element_type=\"column\">\n\t\t\t<div class=\"elementor-widget-wrap elementor-element-populated\">\n\t\t\t\t\t\t<div class=\"elementor-element elementor-element-322b397 elementor-widget elementor-widget-text-editor\" data-id=\"322b397\" data-element_type=\"widget\" data-widget_type=\"text-editor.default\">\n\t\t\t\t<div class=\"elementor-widget-container\">\n\t\t\t\t\t\t\t\t\t<p>After winning the Donatella Flick LSO Conducting Competition in 2018, he was Assistant Conductor of the London Symphony Orchestra for two years, where he worked closely with Sir Simon Rattle and conducted numerous concerts.<br \/>In 2019-20, he worked in the same capacity for Paavo J\u00e4rvi at the Tonhalle Orchestra Zurich and in 2017-19 at the Orchestre National de France for chief conductor Emmanuel Krivine. The Royal Concertgebouw Orchestra has also repeatedly engaged him as a &#8220;cover conductor&#8221; for conductors such as Bernard Haitink and Mariss Jansons.<br \/>In 2021 he assisted Herbert Blomstedt on his US tour with the Boston Symphony Orchestra and the Cleveland Orchestra.<br \/>In opera productions, he has assisted Marc Albrecht at the Deutsche Oper, Jane Glover at the Aspen Opera Centre and Jukka-Pekka Saraste at the Bavarian State Opera in Munich. He has also conducted concerts as part of the Impuls Festival for New Music. Since 2014, he has been chief conductor and artistic director of the Sinfonieorchester Crescendo Freiburg, which he co-founded.<br \/><br \/>Born in Germany in 1990, Felix Mildenberger received his first musical training in violin, viola and piano and studied Conducting in Freiburg and Vienna. His teachers include Lutz Koehler, Gerhard Markson, Mark Stringer, Scott Sandmeier, Massimiliano Matesic and Alexander Burda. He additionally studied with Paavo J\u00e4rvi, Bernard Haitink, David Zinman, Marko Letonja, Johannes Schlaefli, James E. Ross and others in masterclasses. In 2016 and in 2017 he was a Conducting Fellow with the Aspen Music Festival, where he studied with Robert Spano, Markus Stenz and Hugh Wolff, and where he was awarded the &#8220;Robert Spano Conductor Prize&#8221;. In 2017, he won the second prize at the 12th Cadaqu\u00e9s Orchestra International Conducting Competition\u00a0 and in 2020, he was named \u201cYound Artist of the Year\u201d by the the Festival der Nationen.<br \/>He has been a scholarship holder of the &#8220;Forum Dirigieren&#8221; of the German Music Council in 2017-23 and of the Deutsche Bank Foundation&#8217;s &#8220;Akademie Musiktheater heute&#8221; in 2017-19.<br \/>From 2015 to 2017, he taught orchestral conducting at the Freiburg University of Music and led a masterclass for young conductors at the Mozarteum University Salzburg during the Mozartwoche 2020.<\/p>\t\t\t\t\t\t\t\t<\/div>\n\t\t\t\t<\/div>\n\t\t\t\t\t<\/div>\n\t\t<\/div>\n\t\t\t\t<div class=\"elementor-column elementor-col-50 elementor-inner-column elementor-element elementor-element-aff6a1e\" data-id=\"aff6a1e\" data-element_type=\"column\">\n\t\t\t<div class=\"elementor-widget-wrap elementor-element-populated\">\n\t\t\t\t\t\t<div class=\"elementor-element elementor-element-6cf6d47 elementor-widget elementor-widget-image\" data-id=\"6cf6d47\" data-element_type=\"widget\" data-widget_type=\"image.default\">\n\t\t\t\t<div class=\"elementor-widget-container\">\n\t\t\t\t\t\t\t\t\t\t\t\t\t\t\t<img loading=\"lazy\" decoding=\"async\" width=\"683\" height=\"1024\" src=\"https:\/\/felixmildenberger.com\/wp-content\/uploads\/2024\/10\/000_7895-copy-3-683x1024.jpg\" class=\"attachment-large size-large wp-image-4190\" alt=\"\" srcset=\"https:\/\/felixmildenberger.com\/wp-content\/uploads\/2024\/10\/000_7895-copy-3-683x1024.jpg 683w, https:\/\/felixmildenberger.com\/wp-content\/uploads\/2024\/10\/000_7895-copy-3-200x300.jpg 200w, https:\/\/felixmildenberger.com\/wp-content\/uploads\/2024\/10\/000_7895-copy-3-768x1152.jpg 768w, https:\/\/felixmildenberger.com\/wp-content\/uploads\/2024\/10\/000_7895-copy-3-1024x1536.jpg 1024w, https:\/\/felixmildenberger.com\/wp-content\/uploads\/2024\/10\/000_7895-copy-3-1365x2048.jpg 1365w, https:\/\/felixmildenberger.com\/wp-content\/uploads\/2024\/10\/000_7895-copy-3-scaled.jpg 1707w\" sizes=\"(max-width: 683px) 100vw, 683px\" \/>\t\t\t\t\t\t\t\t\t\t\t\t\t\t\t<\/div>\n\t\t\t\t<\/div>\n\t\t\t\t<div class=\"elementor-element elementor-element-bef80cc elementor-widget elementor-widget-text-editor\" data-id=\"bef80cc\" data-element_type=\"widget\" data-widget_type=\"text-editor.default\">\n\t\t\t\t<div class=\"elementor-widget-container\">\n\t\t\t\t\t\t\t\t\t<p><a style=\"color: #fff;\" href=\"https:\/\/ks-gasteig.de\/index.php\/en\/fm-3\" target=\"_blank\" rel=\"noopener\">Download his biography<strong> here &gt;&gt;<\/strong><\/a><\/p><p>Please discard any previously dated material. The text may not be abridged or altered without the prior consent of K\u00fcnstlerSekretariat am Gasteig.<\/p>\t\t\t\t\t\t\t\t<\/div>\n\t\t\t\t<\/div>\n\t\t\t\t\t<\/div>\n\t\t<\/div>\n\t\t\t\t\t<\/div>\n\t\t<\/section>\n\t\t\t\t<div class=\"elementor-element elementor-element-38c71e6 elementor-shape-rounded elementor-grid-0 e-grid-align-center elementor-widget elementor-widget-social-icons\" data-id=\"38c71e6\" data-element_type=\"widget\" data-widget_type=\"social-icons.default\">\n\t\t\t\t<div class=\"elementor-widget-container\">\n\t\t\t\t\t\t\t<div class=\"elementor-social-icons-wrapper elementor-grid\" role=\"list\">\n\t\t\t\t\t\t\t<span class=\"elementor-grid-item\" role=\"listitem\">\n\t\t\t\t\t<a class=\"elementor-icon elementor-social-icon elementor-social-icon-facebook elementor-repeater-item-d8bddb5\" href=\"https:\/\/www.facebook.com\/felixmildenbergerconductor\/\" target=\"_blank\">\n\t\t\t\t\t\t<span class=\"elementor-screen-only\">Facebook<\/span>\n\t\t\t\t\t\t<i aria-hidden=\"true\" class=\"fab fa-facebook\"><\/i>\t\t\t\t\t<\/a>\n\t\t\t\t<\/span>\n\t\t\t\t\t\t\t<span class=\"elementor-grid-item\" role=\"listitem\">\n\t\t\t\t\t<a class=\"elementor-icon elementor-social-icon elementor-social-icon-instagram elementor-repeater-item-62d09e8\" href=\"https:\/\/www.instagram.com\/felixmildenberger_conductor\/\" target=\"_blank\">\n\t\t\t\t\t\t<span class=\"elementor-screen-only\">Instagram<\/span>\n\t\t\t\t\t\t<i aria-hidden=\"true\" class=\"fab fa-instagram\"><\/i>\t\t\t\t\t<\/a>\n\t\t\t\t<\/span>\n\t\t\t\t\t\t\t<span class=\"elementor-grid-item\" role=\"listitem\">\n\t\t\t\t\t<a class=\"elementor-icon elementor-social-icon elementor-social-icon-youtube elementor-repeater-item-2bbd84c\" href=\"https:\/\/www.youtube.com\/user\/Moosician21\/videos\" target=\"_blank\">\n\t\t\t\t\t\t<span class=\"elementor-screen-only\">Youtube<\/span>\n\t\t\t\t\t\t<i aria-hidden=\"true\" class=\"fab fa-youtube\"><\/i>\t\t\t\t\t<\/a>\n\t\t\t\t<\/span>\n\t\t\t\t\t<\/div>\n\t\t\t\t\t\t<\/div>\n\t\t\t\t<\/div>\n\t\t\t\t\t<\/div>\n\t\t<\/div>\n\t\t\t\t\t<\/div>\n\t\t<\/section>\n\t\t\t\t<section class=\"elementor-section elementor-top-section elementor-element elementor-element-045bbe7 elementor-section-boxed elementor-section-height-default elementor-section-height-default\" data-id=\"045bbe7\" data-element_type=\"section\" data-settings=\"{&quot;background_background&quot;:&quot;classic&quot;}\">\n\t\t\t\t\t\t<div class=\"elementor-container elementor-column-gap-default\">\n\t\t\t\t\t<div class=\"elementor-column elementor-col-100 elementor-top-column elementor-element elementor-element-ef2f4da\" data-id=\"ef2f4da\" data-element_type=\"column\">\n\t\t\t<div class=\"elementor-widget-wrap elementor-element-populated\">\n\t\t\t\t\t\t<div class=\"elementor-element elementor-element-2631284 elementor-blockquote--skin-quotation elementor-blockquote--align-center elementor-widget elementor-widget-blockquote\" data-id=\"2631284\" data-element_type=\"widget\" data-widget_type=\"blockquote.default\">\n\t\t\t\t<div class=\"elementor-widget-container\">\n\t\t\t\t\t\t\t<blockquote class=\"elementor-blockquote\">\n\t\t\t<p class=\"elementor-blockquote__content\">\n\t\t\t\tFelix Mildenberger is a very intelligent and talented musician who shows great promise in his future career as a conductor.\n\t\t\t<\/p>\n\t\t\t\t\t\t\t<div class=\"e-q-footer\">\n\t\t\t\t\t\t\t\t\t\t\t<cite class=\"elementor-blockquote__author\">David Zinman<\/cite>\n\t\t\t\t\t\t\t\t\t\t\t\t\t\t<\/div>\n\t\t\t\t\t<\/blockquote>\n\t\t\t\t\t\t<\/div>\n\t\t\t\t<\/div>\n\t\t\t\t\t<\/div>\n\t\t<\/div>\n\t\t\t\t\t<\/div>\n\t\t<\/section>\n\t\t\t\t<section class=\"elementor-section elementor-top-section elementor-element elementor-element-10cbcb0 elementor-section-boxed elementor-section-height-default elementor-section-height-default\" data-id=\"10cbcb0\" data-element_type=\"section\" id=\"schedule\" data-settings=\"{&quot;background_background&quot;:&quot;classic&quot;}\">\n\t\t\t\t\t\t<div class=\"elementor-container elementor-column-gap-default\">\n\t\t\t\t\t<div class=\"elementor-column elementor-col-100 elementor-top-column elementor-element elementor-element-64f3e38\" data-id=\"64f3e38\" data-element_type=\"column\">\n\t\t\t<div class=\"elementor-widget-wrap elementor-element-populated\">\n\t\t\t\t\t\t<div class=\"elementor-element elementor-element-51491e4 elementor-widget elementor-widget-spacer\" data-id=\"51491e4\" data-element_type=\"widget\" data-widget_type=\"spacer.default\">\n\t\t\t\t<div class=\"elementor-widget-container\">\n\t\t\t\t\t\t\t<div class=\"elementor-spacer\">\n\t\t\t<div class=\"elementor-spacer-inner\"><\/div>\n\t\t<\/div>\n\t\t\t\t\t\t<\/div>\n\t\t\t\t<\/div>\n\t\t\t\t<div class=\"elementor-element elementor-element-94a9d94 elementor-widget elementor-widget-heading\" data-id=\"94a9d94\" data-element_type=\"widget\" data-widget_type=\"heading.default\">\n\t\t\t\t<div class=\"elementor-widget-container\">\n\t\t\t\t\t<h2 class=\"elementor-heading-title elementor-size-default\">SCHEDULE<\/h2>\t\t\t\t<\/div>\n\t\t\t\t<\/div>\n\t\t\t\t<div class=\"elementor-element elementor-element-4a22db1 elementor-widget-divider--view-line elementor-widget elementor-widget-divider\" data-id=\"4a22db1\" data-element_type=\"widget\" data-widget_type=\"divider.default\">\n\t\t\t\t<div class=\"elementor-widget-container\">\n\t\t\t\t\t\t\t<div class=\"elementor-divider\">\n\t\t\t<span class=\"elementor-divider-separator\">\n\t\t\t\t\t\t<\/span>\n\t\t<\/div>\n\t\t\t\t\t\t<\/div>\n\t\t\t\t<\/div>\n\t\t\t\t<div class=\"elementor-element elementor-element-ff3ff44 elementor-widget elementor-widget-toolset-view\" data-id=\"ff3ff44\" data-element_type=\"widget\" data-widget_type=\"toolset-view.default\">\n\t\t\t\t<div class=\"elementor-widget-container\">\n\t\t\t\t\t\n\n\n<div id=\"wpv-view-layout-2912\" class=\"js-wpv-view-layout js-wpv-layout-responsive js-wpv-view-layout-2912\" data-viewnumber=\"2912\" data-pagination=\"{&quot;id&quot;:2912,&quot;query&quot;:&quot;normal&quot;,&quot;type&quot;:&quot;disabled&quot;,&quot;effect&quot;:&quot;fade&quot;,&quot;duration&quot;:500,&quot;speed&quot;:5,&quot;pause_on_hover&quot;:&quot;disabled&quot;,&quot;stop_rollover&quot;:&quot;false&quot;,&quot;cache_pages&quot;:&quot;enabled&quot;,&quot;preload_images&quot;:&quot;enabled&quot;,&quot;preload_pages&quot;:&quot;enabled&quot;,&quot;preload_reach&quot;:1,&quot;spinner&quot;:&quot;builtin&quot;,&quot;spinner_image&quot;:&quot;https:\/\/felixmildenberger.com\/wp-content\/plugins\/wp-views\/embedded\/res\/img\/ajax-loader.gif&quot;,&quot;callback_next&quot;:&quot;&quot;,&quot;manage_history&quot;:&quot;enabled&quot;,&quot;has_controls_in_form&quot;:&quot;disabled&quot;,&quot;infinite_tolerance&quot;:&quot;0&quot;,&quot;max_pages&quot;:0,&quot;page&quot;:1,&quot;base_permalink&quot;:&quot;\/en\/wp-json\/wp\/v2\/pages\/2511?wpv_view_count=2912&amp;wpv_paged=WPV_PAGE_NUM&quot;,&quot;loop&quot;:{&quot;type&quot;:&quot;&quot;,&quot;name&quot;:&quot;&quot;,&quot;data&quot;:[],&quot;id&quot;:0}}\" data-permalink=\"\/en\/wp-json\/wp\/v2\/pages\/2511?wpv_view_count=2912\">\n\n\t\n\t\n\t\n\t\t\n\t\t<div class=\"row \" style=\"background-color:#fff;\">\n\t\t\t<div class=\"col-md-12\"><div class=\"row termine\">\n    <div class=\"col-md-3 datum align-middle\">\n        <p>Sat, 25 Apr 26 <br \/>19:30<\/p>\n      <span class=\"spielstaette2\">St. Gallen, Tonhalle<\/span>\n    <\/div>\n    <div class=\"col-md-8 konzertname\">\n        <h3 style=\"color:#000; font-weight:700\">Swiss Youth Symphony Orchestra<\/h3>\n        \n      \n      \t<div class=\"row\">\n            <div class=\"col col-md-12\" style=\"padding-top:20px; font-size:22px\">\n               \n                              <p>L. Boulanger: &#8220;D&#8217;un matin de Printemps&#8221;<br \/>\nL. Boulanger: &#8220;D&#8217;un soir triste&#8221;<br \/>\nC. Saint-Saens: Cello Concerto No. 1 in A minor<br \/>\nC. Debussy: &#8220;La Mer&#8221; &#8211; trois esquisses symphoniques<\/p>\n\n            <\/div>\n        <\/div>\n      \n      <div class=\"row\">\n            <div class=\"col-md-12\">\n              \t<p>Samuel Niederhauser, violoncello<\/p>\n\n        <\/div>\n      <\/div>\n      \n        <div class=\"row\" style=\"margin-top:20px;\">\n            <div class=\"col-md-12\">\n                <!-- Button trigger modal -->\n                \n\t\t\t\t  <div class=\"fm-button-wrapper\" style=\"display:inline-block;\">\n                    <a href=\"https:\/\/www.konzertundtheater.ch\/programm\/a-z\/sjso-26\/\" class=\"elementor-button-link fm-button elementor-size-md\" role=\"button\" target='_blank' rel=\"noopener\">\n                        <span class=\"fm-button-content-wrapper\">\n                            <span class=\"fm-button-text\">TO THE ORGANIZER<\/span>\n                        <\/span>\n                    <\/a>\n                <\/div>\n                <!-- Modal -->\n                <div class=\"modal fade\" id=\"swiss-youth-symphony-orchestra\" tabindex=\"-1\" role=\"dialog\"\n                    aria-labelledby=\"exampleModalCenterTitle\" aria-hidden=\"true\">\n                    <div class=\"modal-dialog modal-dialog-centered modal-lg\" role=\"document\">\n                        <div class=\"modal-content\">\n                            <div class=\"modal-header\">\n                                <h5 class=\"modal-title\" id=\"exampleModalLongTitle\">Swiss Youth Symphony Orchestra<\/h5>\n                                <button type=\"button\" class=\"close\" data-dismiss=\"modal\" aria-label=\"Close\">\n                                    <span aria-hidden=\"true\">&times;<\/span>\n                                <\/button>\n                            <\/div>\n                            <div class=\"modal-body\">\n                             \n                              <h4>Programme<\/h4>\n                              <p>L. Boulanger: &#8220;D&#8217;un matin de Printemps&#8221;<br \/>\nL. Boulanger: &#8220;D&#8217;un soir triste&#8221;<br \/>\nC. Saint-Saens: Cello Concerto No. 1 in A minor<br \/>\nC. Debussy: &#8220;La Mer&#8221; &#8211; trois esquisses symphoniques<\/p>\n\n                              \n                              <h4>Soloist<\/h4>\n                              <p>Samuel Niederhauser, violoncello<\/p>\n\n                            <\/div>\n                            <div class=\"modal-footer\">\n                                <button type=\"button\" class=\"btn btn-secondary\" data-dismiss=\"modal\">CLOSE<\/button>\n                            <\/div>\n                        <\/div>\n                    <\/div>\n                <\/div>\n            <\/div>\n            <!--<div class=\"col-md-6\">\n                <div class=\"fm-button-wrapper\">\n                    <a href=\"[types field='website-des-veranstalters' output='raw'][\/types]\" class=\"elementor-button-link fm-button elementor-size-md\" role=\"button\" target='_blank' rel=\"noopener\">\n                        <span class=\"fm-button-content-wrapper\">\n                            <span class=\"fm-button-text\">TO THE ORGANIZER<\/span>\n                        <\/span>\n                    <\/a>\n                <\/div>\n            <\/div>-->\n        <\/div>\n\n    <\/div>\n\n\n<\/div><\/div>\n\t\t<\/div>\n\t\t\n\t\t\n\t\t<div class=\"row \" style=\"background-color:#fff;\">\n\t\t\t<div class=\"col-md-12\"><div class=\"row termine\">\n    <div class=\"col-md-3 datum align-middle\">\n        <p>Sun, 26 Apr 26 <br \/>17:00<\/p>\n      <span class=\"spielstaette2\">Bern, Casino<\/span>\n    <\/div>\n    <div class=\"col-md-8 konzertname\">\n        <h3 style=\"color:#000; font-weight:700\">Swiss Youth Symphony Orchestra<\/h3>\n        \n      \n      \t<div class=\"row\">\n            <div class=\"col col-md-12\" style=\"padding-top:20px; font-size:22px\">\n               \n                              <p>L. Boulanger: &#8220;D&#8217;un matin de Printemps&#8221;<br \/>\nL. Boulanger: &#8220;D&#8217;un soir triste&#8221;<br \/>\nC. Saint-Saens: Cello Concerto No. 1 in A minor<br \/>\nC. Debussy: &#8220;La Mer&#8221; &#8211; trois esquisses symphoniques<\/p>\n\n            <\/div>\n        <\/div>\n      \n      <div class=\"row\">\n            <div class=\"col-md-12\">\n              \t<p>Samuel Niederhauser, cello<\/p>\n\n        <\/div>\n      <\/div>\n      \n        <div class=\"row\" style=\"margin-top:20px;\">\n            <div class=\"col-md-12\">\n                <!-- Button trigger modal -->\n                \n\t\t\t\t  <div class=\"fm-button-wrapper\" style=\"display:inline-block;\">\n                    <a href=\"https:\/\/sjso.ch\/fruehjahrstournee\/\" class=\"elementor-button-link fm-button elementor-size-md\" role=\"button\" target='_blank' rel=\"noopener\">\n                        <span class=\"fm-button-content-wrapper\">\n                            <span class=\"fm-button-text\">TO THE ORGANIZER<\/span>\n                        <\/span>\n                    <\/a>\n                <\/div>\n                <!-- Modal -->\n                <div class=\"modal fade\" id=\"copy-2\" tabindex=\"-1\" role=\"dialog\"\n                    aria-labelledby=\"exampleModalCenterTitle\" aria-hidden=\"true\">\n                    <div class=\"modal-dialog modal-dialog-centered modal-lg\" role=\"document\">\n                        <div class=\"modal-content\">\n                            <div class=\"modal-header\">\n                                <h5 class=\"modal-title\" id=\"exampleModalLongTitle\">Swiss Youth Symphony Orchestra<\/h5>\n                                <button type=\"button\" class=\"close\" data-dismiss=\"modal\" aria-label=\"Close\">\n                                    <span aria-hidden=\"true\">&times;<\/span>\n                                <\/button>\n                            <\/div>\n                            <div class=\"modal-body\">\n                             \n                              <h4>Programme<\/h4>\n                              <p>L. Boulanger: &#8220;D&#8217;un matin de Printemps&#8221;<br \/>\nL. Boulanger: &#8220;D&#8217;un soir triste&#8221;<br \/>\nC. Saint-Saens: Cello Concerto No. 1 in A minor<br \/>\nC. Debussy: &#8220;La Mer&#8221; &#8211; trois esquisses symphoniques<\/p>\n\n                              \n                              <h4>Soloist<\/h4>\n                              <p>Samuel Niederhauser, cello<\/p>\n\n                            <\/div>\n                            <div class=\"modal-footer\">\n                                <button type=\"button\" class=\"btn btn-secondary\" data-dismiss=\"modal\">CLOSE<\/button>\n                            <\/div>\n                        <\/div>\n                    <\/div>\n                <\/div>\n            <\/div>\n            <!--<div class=\"col-md-6\">\n                <div class=\"fm-button-wrapper\">\n                    <a href=\"[types field='website-des-veranstalters' output='raw'][\/types]\" class=\"elementor-button-link fm-button elementor-size-md\" role=\"button\" target='_blank' rel=\"noopener\">\n                        <span class=\"fm-button-content-wrapper\">\n                            <span class=\"fm-button-text\">TO THE ORGANIZER<\/span>\n                        <\/span>\n                    <\/a>\n                <\/div>\n            <\/div>-->\n        <\/div>\n\n    <\/div>\n\n\n<\/div><\/div>\n\t\t<\/div>\n\t\t\n\t\t\n\t\t<div class=\"row \" style=\"background-color:#fff;\">\n\t\t\t<div class=\"col-md-12\"><div class=\"row termine\">\n    <div class=\"col-md-3 datum align-middle\">\n        <p>Thu, 30 Apr 26 <br \/>19:30<\/p>\n      <span class=\"spielstaette2\">Z\u00fcrich, Tonhalle<\/span>\n    <\/div>\n    <div class=\"col-md-8 konzertname\">\n        <h3 style=\"color:#000; font-weight:700\">Swiss Youth Symphony Orchestra<\/h3>\n        \n      \n      \t<div class=\"row\">\n            <div class=\"col col-md-12\" style=\"padding-top:20px; font-size:22px\">\n               \n                              <p>L. Boulanger: &#8220;D&#8217;un matin de Printemps&#8221;<br \/>\nL. Boulanger: &#8220;D&#8217;un soir triste&#8221;<br \/>\nC. Saint-Saens: Cello Concerto No. 1 in A minor<br \/>\nC. Debussy: &#8220;La Mer&#8221; &#8211; trois esquisses symphoniques<\/p>\n\n            <\/div>\n        <\/div>\n      \n        <div class=\"row\" style=\"margin-top:20px;\">\n            <div class=\"col-md-12\">\n                <!-- Button trigger modal -->\n                \n\t\t\t\t  <div class=\"fm-button-wrapper\" style=\"display:inline-block;\">\n                    <a href=\"https:\/\/sjso.ch\/fruehjahrstournee\/\" class=\"elementor-button-link fm-button elementor-size-md\" role=\"button\" target='_blank' rel=\"noopener\">\n                        <span class=\"fm-button-content-wrapper\">\n                            <span class=\"fm-button-text\">TO THE ORGANIZER<\/span>\n                        <\/span>\n                    <\/a>\n                <\/div>\n                <!-- Modal -->\n                <div class=\"modal fade\" id=\"copy-3\" tabindex=\"-1\" role=\"dialog\"\n                    aria-labelledby=\"exampleModalCenterTitle\" aria-hidden=\"true\">\n                    <div class=\"modal-dialog modal-dialog-centered modal-lg\" role=\"document\">\n                        <div class=\"modal-content\">\n                            <div class=\"modal-header\">\n                                <h5 class=\"modal-title\" id=\"exampleModalLongTitle\">Swiss Youth Symphony Orchestra<\/h5>\n                                <button type=\"button\" class=\"close\" data-dismiss=\"modal\" aria-label=\"Close\">\n                                    <span aria-hidden=\"true\">&times;<\/span>\n                                <\/button>\n                            <\/div>\n                            <div class=\"modal-body\">\n                             \n                              <h4>Programme<\/h4>\n                              <p>L. Boulanger: &#8220;D&#8217;un matin de Printemps&#8221;<br \/>\nL. Boulanger: &#8220;D&#8217;un soir triste&#8221;<br \/>\nC. Saint-Saens: Cello Concerto No. 1 in A minor<br \/>\nC. Debussy: &#8220;La Mer&#8221; &#8211; trois esquisses symphoniques<\/p>\n\n                              \n                              \n                            <\/div>\n                            <div class=\"modal-footer\">\n                                <button type=\"button\" class=\"btn btn-secondary\" data-dismiss=\"modal\">CLOSE<\/button>\n                            <\/div>\n                        <\/div>\n                    <\/div>\n                <\/div>\n            <\/div>\n            <!--<div class=\"col-md-6\">\n                <div class=\"fm-button-wrapper\">\n                    <a href=\"[types field='website-des-veranstalters' output='raw'][\/types]\" class=\"elementor-button-link fm-button elementor-size-md\" role=\"button\" target='_blank' rel=\"noopener\">\n                        <span class=\"fm-button-content-wrapper\">\n                            <span class=\"fm-button-text\">TO THE ORGANIZER<\/span>\n                        <\/span>\n                    <\/a>\n                <\/div>\n            <\/div>-->\n        <\/div>\n\n    <\/div>\n\n\n<\/div><\/div>\n\t\t<\/div>\n\t\t\n\t\t\n\t\t<div class=\"row \" style=\"background-color:#fff;\">\n\t\t\t<div class=\"col-md-12\"><div class=\"row termine\">\n    <div class=\"col-md-3 datum align-middle\">\n        <p>Fri, 01 May 26 <br \/>19:30<\/p>\n      <span class=\"spielstaette2\">Gen\u00e8ve, Victoria Hall<\/span>\n    <\/div>\n    <div class=\"col-md-8 konzertname\">\n        <h3 style=\"color:#000; font-weight:700\">Swiss Youth Symphony Orchestra<\/h3>\n        \n      \n      \t<div class=\"row\">\n            <div class=\"col col-md-12\" style=\"padding-top:20px; font-size:22px\">\n               \n                              <p>L. Boulanger: &#8220;D&#8217;un matin de Printemps&#8221;<br \/>\nL. Boulanger: &#8220;D&#8217;un soir triste&#8221;<br \/>\nC. Saint-Saens: Cello Concerto No. 1 in A minor<br \/>\nC. Debussy: &#8220;La Mer&#8221; &#8211; trois esquisses symphoniques<\/p>\n\n            <\/div>\n        <\/div>\n      \n      <div class=\"row\">\n            <div class=\"col-md-12\">\n              \t<p>Samuel Niederhauser, cello<\/p>\n\n        <\/div>\n      <\/div>\n      \n        <div class=\"row\" style=\"margin-top:20px;\">\n            <div class=\"col-md-12\">\n                <!-- Button trigger modal -->\n                \n\t\t\t\t  <div class=\"fm-button-wrapper\" style=\"display:inline-block;\">\n                    <a href=\"https:\/\/sjso.ch\/fruehjahrstournee\/\" class=\"elementor-button-link fm-button elementor-size-md\" role=\"button\" target='_blank' rel=\"noopener\">\n                        <span class=\"fm-button-content-wrapper\">\n                            <span class=\"fm-button-text\">TO THE ORGANIZER<\/span>\n                        <\/span>\n                    <\/a>\n                <\/div>\n                <!-- Modal -->\n                <div class=\"modal fade\" id=\"copy\" tabindex=\"-1\" role=\"dialog\"\n                    aria-labelledby=\"exampleModalCenterTitle\" aria-hidden=\"true\">\n                    <div class=\"modal-dialog modal-dialog-centered modal-lg\" role=\"document\">\n                        <div class=\"modal-content\">\n                            <div class=\"modal-header\">\n                                <h5 class=\"modal-title\" id=\"exampleModalLongTitle\">Swiss Youth Symphony Orchestra<\/h5>\n                                <button type=\"button\" class=\"close\" data-dismiss=\"modal\" aria-label=\"Close\">\n                                    <span aria-hidden=\"true\">&times;<\/span>\n                                <\/button>\n                            <\/div>\n                            <div class=\"modal-body\">\n                             \n                              <h4>Programme<\/h4>\n                              <p>L. Boulanger: &#8220;D&#8217;un matin de Printemps&#8221;<br \/>\nL. Boulanger: &#8220;D&#8217;un soir triste&#8221;<br \/>\nC. Saint-Saens: Cello Concerto No. 1 in A minor<br \/>\nC. Debussy: &#8220;La Mer&#8221; &#8211; trois esquisses symphoniques<\/p>\n\n                              \n                              <h4>Soloist<\/h4>\n                              <p>Samuel Niederhauser, cello<\/p>\n\n                            <\/div>\n                            <div class=\"modal-footer\">\n                                <button type=\"button\" class=\"btn btn-secondary\" data-dismiss=\"modal\">CLOSE<\/button>\n                            <\/div>\n                        <\/div>\n                    <\/div>\n                <\/div>\n            <\/div>\n            <!--<div class=\"col-md-6\">\n                <div class=\"fm-button-wrapper\">\n                    <a href=\"[types field='website-des-veranstalters' output='raw'][\/types]\" class=\"elementor-button-link fm-button elementor-size-md\" role=\"button\" target='_blank' rel=\"noopener\">\n                        <span class=\"fm-button-content-wrapper\">\n                            <span class=\"fm-button-text\">TO THE ORGANIZER<\/span>\n                        <\/span>\n                    <\/a>\n                <\/div>\n            <\/div>-->\n        <\/div>\n\n    <\/div>\n\n\n<\/div><\/div>\n\t\t<\/div>\n\t\t\n\t\t\n\t\t<div class=\"row \" style=\"background-color:#fff;\">\n\t\t\t<div class=\"col-md-12\"><div class=\"row termine\">\n    <div class=\"col-md-3 datum align-middle\">\n        <p>Fri, 08 May 26 <br \/>19:30<\/p>\n      <span class=\"spielstaette2\">Schaffhausen, Kirche St. Johann<\/span>\n    <\/div>\n    <div class=\"col-md-8 konzertname\">\n        <h3 style=\"color:#000; font-weight:700\">Swiss Youth Symphony Orchestra<\/h3>\n        \n      \n      \t<div class=\"row\">\n            <div class=\"col col-md-12\" style=\"padding-top:20px; font-size:22px\">\n               \n                              <p>L. Boulanger: &#8220;D&#8217;un matin de Printemps&#8221;<br \/>\nL. Boulanger: &#8220;D&#8217;un soir triste&#8221;<br \/>\nC. Saint-Saens: Cello Concerto No. 1 in A minor<br \/>\nC. Debussy: &#8220;La Mer&#8221; &#8211; trois esquisses symphoniques<\/p>\n\n            <\/div>\n        <\/div>\n      \n      <div class=\"row\">\n            <div class=\"col-md-12\">\n              \t<p>Samuel Niederhauser, cello<\/p>\n\n        <\/div>\n      <\/div>\n      \n        <div class=\"row\" style=\"margin-top:20px;\">\n            <div class=\"col-md-12\">\n                <!-- Button trigger modal -->\n                \n\t\t\t\t  <div class=\"fm-button-wrapper\" style=\"display:inline-block;\">\n                    <a href=\"https:\/\/schaffhausen-klassik.ch\/event\/schaffhausen-klassik-6-la-mer\/\" class=\"elementor-button-link fm-button elementor-size-md\" role=\"button\" target='_blank' rel=\"noopener\">\n                        <span class=\"fm-button-content-wrapper\">\n                            <span class=\"fm-button-text\">TO THE ORGANIZER<\/span>\n                        <\/span>\n                    <\/a>\n                <\/div>\n                <!-- Modal -->\n                <div class=\"modal fade\" id=\"swiss-youth-symphony-orchestra-copy\" tabindex=\"-1\" role=\"dialog\"\n                    aria-labelledby=\"exampleModalCenterTitle\" aria-hidden=\"true\">\n                    <div class=\"modal-dialog modal-dialog-centered modal-lg\" role=\"document\">\n                        <div class=\"modal-content\">\n                            <div class=\"modal-header\">\n                                <h5 class=\"modal-title\" id=\"exampleModalLongTitle\">Swiss Youth Symphony Orchestra<\/h5>\n                                <button type=\"button\" class=\"close\" data-dismiss=\"modal\" aria-label=\"Close\">\n                                    <span aria-hidden=\"true\">&times;<\/span>\n                                <\/button>\n                            <\/div>\n                            <div class=\"modal-body\">\n                             \n                              <h4>Programme<\/h4>\n                              <p>L. Boulanger: &#8220;D&#8217;un matin de Printemps&#8221;<br \/>\nL. Boulanger: &#8220;D&#8217;un soir triste&#8221;<br \/>\nC. Saint-Saens: Cello Concerto No. 1 in A minor<br \/>\nC. Debussy: &#8220;La Mer&#8221; &#8211; trois esquisses symphoniques<\/p>\n\n                              \n                              <h4>Soloist<\/h4>\n                              <p>Samuel Niederhauser, cello<\/p>\n\n                            <\/div>\n                            <div class=\"modal-footer\">\n                                <button type=\"button\" class=\"btn btn-secondary\" data-dismiss=\"modal\">CLOSE<\/button>\n                            <\/div>\n                        <\/div>\n                    <\/div>\n                <\/div>\n            <\/div>\n            <!--<div class=\"col-md-6\">\n                <div class=\"fm-button-wrapper\">\n                    <a href=\"[types field='website-des-veranstalters' output='raw'][\/types]\" class=\"elementor-button-link fm-button elementor-size-md\" role=\"button\" target='_blank' rel=\"noopener\">\n                        <span class=\"fm-button-content-wrapper\">\n                            <span class=\"fm-button-text\">TO THE ORGANIZER<\/span>\n                        <\/span>\n                    <\/a>\n                <\/div>\n            <\/div>-->\n        <\/div>\n\n    <\/div>\n\n\n<\/div><\/div>\n\t\t<\/div>\n\t\t\n\t\t\n\t\t<div class=\"row \" style=\"background-color:#fff;\">\n\t\t\t<div class=\"col-md-12\"><div class=\"row termine\">\n    <div class=\"col-md-3 datum align-middle\">\n        <p>Sun, 10 May 26 <br \/>16:00<\/p>\n      <span class=\"spielstaette2\">Basel, Stadtcasino<\/span>\n    <\/div>\n    <div class=\"col-md-8 konzertname\">\n        <h3 style=\"color:#000; font-weight:700\">Swiss Youth Symphony Orchestra<\/h3>\n        \n      \n      \t<div class=\"row\">\n            <div class=\"col col-md-12\" style=\"padding-top:20px; font-size:22px\">\n               \n                              <p>L. Boulanger: &#8220;D&#8217;un matin de Printemps&#8221;<br \/>\nL. Boulanger: &#8220;D&#8217;un soir triste&#8221;<br \/>\nC. Saint-Saens: Cello Concerto No. 1 in A minor<br \/>\nC. Debussy: &#8220;La Mer&#8221; &#8211; trois esquisses symphoniques<\/p>\n\n            <\/div>\n        <\/div>\n      \n      <div class=\"row\">\n            <div class=\"col-md-12\">\n              \t<p>Samuel Niederhauser, cello<\/p>\n\n        <\/div>\n      <\/div>\n      \n        <div class=\"row\" style=\"margin-top:20px;\">\n            <div class=\"col-md-12\">\n                <!-- Button trigger modal -->\n                \n\t\t\t\t  <div class=\"fm-button-wrapper\" style=\"display:inline-block;\">\n                    <a href=\"https:\/\/sjso.ch\/fruehjahrstournee\/\" class=\"elementor-button-link fm-button elementor-size-md\" role=\"button\" target='_blank' rel=\"noopener\">\n                        <span class=\"fm-button-content-wrapper\">\n                            <span class=\"fm-button-text\">TO THE ORGANIZER<\/span>\n                        <\/span>\n                    <\/a>\n                <\/div>\n                <!-- Modal -->\n                <div class=\"modal fade\" id=\"swiss-youth-symphony-orchestra-copy-copy\" tabindex=\"-1\" role=\"dialog\"\n                    aria-labelledby=\"exampleModalCenterTitle\" aria-hidden=\"true\">\n                    <div class=\"modal-dialog modal-dialog-centered modal-lg\" role=\"document\">\n                        <div class=\"modal-content\">\n                            <div class=\"modal-header\">\n                                <h5 class=\"modal-title\" id=\"exampleModalLongTitle\">Swiss Youth Symphony Orchestra<\/h5>\n                                <button type=\"button\" class=\"close\" data-dismiss=\"modal\" aria-label=\"Close\">\n                                    <span aria-hidden=\"true\">&times;<\/span>\n                                <\/button>\n                            <\/div>\n                            <div class=\"modal-body\">\n                             \n                              <h4>Programme<\/h4>\n                              <p>L. Boulanger: &#8220;D&#8217;un matin de Printemps&#8221;<br \/>\nL. Boulanger: &#8220;D&#8217;un soir triste&#8221;<br \/>\nC. Saint-Saens: Cello Concerto No. 1 in A minor<br \/>\nC. Debussy: &#8220;La Mer&#8221; &#8211; trois esquisses symphoniques<\/p>\n\n                              \n                              <h4>Soloist<\/h4>\n                              <p>Samuel Niederhauser, cello<\/p>\n\n                            <\/div>\n                            <div class=\"modal-footer\">\n                                <button type=\"button\" class=\"btn btn-secondary\" data-dismiss=\"modal\">CLOSE<\/button>\n                            <\/div>\n                        <\/div>\n                    <\/div>\n                <\/div>\n            <\/div>\n            <!--<div class=\"col-md-6\">\n                <div class=\"fm-button-wrapper\">\n                    <a href=\"[types field='website-des-veranstalters' output='raw'][\/types]\" class=\"elementor-button-link fm-button elementor-size-md\" role=\"button\" target='_blank' rel=\"noopener\">\n                        <span class=\"fm-button-content-wrapper\">\n                            <span class=\"fm-button-text\">TO THE ORGANIZER<\/span>\n                        <\/span>\n                    <\/a>\n                <\/div>\n            <\/div>-->\n        <\/div>\n\n    <\/div>\n\n\n<\/div><\/div>\n\t\t<\/div>\n\t\t\n\t\n\t\n\t\n<\/div>\n\t\t\t\t<\/div>\n\t\t\t\t<\/div>\n\t\t\t\t\t<\/div>\n\t\t<\/div>\n\t\t\t\t\t<\/div>\n\t\t<\/section>\n\t\t\t\t<section class=\"elementor-section elementor-top-section elementor-element elementor-element-724e067 elementor-section-boxed elementor-section-height-default elementor-section-height-default\" data-id=\"724e067\" data-element_type=\"section\" data-settings=\"{&quot;background_background&quot;:&quot;classic&quot;}\">\n\t\t\t\t\t\t<div class=\"elementor-container elementor-column-gap-default\">\n\t\t\t\t\t<div class=\"elementor-column elementor-col-100 elementor-top-column elementor-element elementor-element-58a656b\" data-id=\"58a656b\" data-element_type=\"column\">\n\t\t\t<div class=\"elementor-widget-wrap elementor-element-populated\">\n\t\t\t\t\t\t<div class=\"elementor-element elementor-element-b19ef53 elementor-align-center elementor-widget elementor-widget-button\" data-id=\"b19ef53\" data-element_type=\"widget\" data-widget_type=\"button.default\">\n\t\t\t\t<div class=\"elementor-widget-container\">\n\t\t\t\t\t\t\t\t\t<div class=\"elementor-button-wrapper\">\n\t\t\t\t\t<a class=\"elementor-button elementor-button-link elementor-size-md\" href=\"\/en\/past-events\/\">\n\t\t\t\t\t\t<span class=\"elementor-button-content-wrapper\">\n\t\t\t\t\t\t\t\t\t<span class=\"elementor-button-text\">PAST EVENTS &gt;<\/span>\n\t\t\t\t\t<\/span>\n\t\t\t\t\t<\/a>\n\t\t\t\t<\/div>\n\t\t\t\t\t\t\t\t<\/div>\n\t\t\t\t<\/div>\n\t\t\t\t<div class=\"elementor-element elementor-element-87801ed elementor-widget elementor-widget-spacer\" data-id=\"87801ed\" data-element_type=\"widget\" data-widget_type=\"spacer.default\">\n\t\t\t\t<div class=\"elementor-widget-container\">\n\t\t\t\t\t\t\t<div class=\"elementor-spacer\">\n\t\t\t<div class=\"elementor-spacer-inner\"><\/div>\n\t\t<\/div>\n\t\t\t\t\t\t<\/div>\n\t\t\t\t<\/div>\n\t\t\t\t\t<\/div>\n\t\t<\/div>\n\t\t\t\t\t<\/div>\n\t\t<\/section>\n\t\t\t\t<section class=\"elementor-section elementor-top-section elementor-element elementor-element-7360e4c elementor-section-boxed elementor-section-height-default elementor-section-height-default\" data-id=\"7360e4c\" data-element_type=\"section\" id=\"press\" data-settings=\"{&quot;background_background&quot;:&quot;classic&quot;}\">\n\t\t\t\t\t\t<div class=\"elementor-container elementor-column-gap-default\">\n\t\t\t\t\t<div class=\"elementor-column elementor-col-100 elementor-top-column elementor-element elementor-element-4178b16\" data-id=\"4178b16\" data-element_type=\"column\">\n\t\t\t<div class=\"elementor-widget-wrap elementor-element-populated\">\n\t\t\t\t\t\t<div class=\"elementor-element elementor-element-cbc2383 elementor-widget elementor-widget-heading\" data-id=\"cbc2383\" data-element_type=\"widget\" data-widget_type=\"heading.default\">\n\t\t\t\t<div class=\"elementor-widget-container\">\n\t\t\t\t\t<h2 class=\"elementor-heading-title elementor-size-default\">Press<\/h2>\t\t\t\t<\/div>\n\t\t\t\t<\/div>\n\t\t\t\t<div class=\"elementor-element elementor-element-4050b85 elementor-widget-divider--view-line elementor-widget elementor-widget-divider\" data-id=\"4050b85\" data-element_type=\"widget\" data-widget_type=\"divider.default\">\n\t\t\t\t<div class=\"elementor-widget-container\">\n\t\t\t\t\t\t\t<div class=\"elementor-divider\">\n\t\t\t<span class=\"elementor-divider-separator\">\n\t\t\t\t\t\t<\/span>\n\t\t<\/div>\n\t\t\t\t\t\t<\/div>\n\t\t\t\t<\/div>\n\t\t\t\t<div class=\"elementor-element elementor-element-8b22a47 elementor-widget elementor-widget-toolset-view\" data-id=\"8b22a47\" data-element_type=\"widget\" data-widget_type=\"toolset-view.default\">\n\t\t\t\t<div class=\"elementor-widget-container\">\n\t\t\t\t\t\n\n\n<div id=\"wpv-view-layout-3930\" class=\"js-wpv-view-layout js-wpv-layout-responsive js-wpv-view-layout-3930\" data-viewnumber=\"3930\" data-pagination=\"{&quot;id&quot;:3930,&quot;query&quot;:&quot;normal&quot;,&quot;type&quot;:&quot;disabled&quot;,&quot;effect&quot;:&quot;fade&quot;,&quot;duration&quot;:500,&quot;speed&quot;:5,&quot;pause_on_hover&quot;:&quot;disabled&quot;,&quot;stop_rollover&quot;:&quot;false&quot;,&quot;cache_pages&quot;:&quot;enabled&quot;,&quot;preload_images&quot;:&quot;enabled&quot;,&quot;preload_pages&quot;:&quot;enabled&quot;,&quot;preload_reach&quot;:1,&quot;spinner&quot;:&quot;builtin&quot;,&quot;spinner_image&quot;:&quot;https:\/\/felixmildenberger.com\/wp-content\/plugins\/wp-views\/embedded\/res\/img\/ajax-loader.gif&quot;,&quot;callback_next&quot;:&quot;&quot;,&quot;manage_history&quot;:&quot;enabled&quot;,&quot;has_controls_in_form&quot;:&quot;disabled&quot;,&quot;infinite_tolerance&quot;:&quot;0&quot;,&quot;max_pages&quot;:0,&quot;page&quot;:1,&quot;base_permalink&quot;:&quot;\/en\/wp-json\/wp\/v2\/pages\/2511?wpv_view_count=3930&amp;wpv_paged=WPV_PAGE_NUM&quot;,&quot;loop&quot;:{&quot;type&quot;:&quot;&quot;,&quot;name&quot;:&quot;&quot;,&quot;data&quot;:[],&quot;id&quot;:0}}\" data-permalink=\"\/en\/wp-json\/wp\/v2\/pages\/2511?wpv_view_count=3930\">\n\n\t\n\t\n\t\n\t\t\n\t\t<div class=\"row \" style=\"background-color:#fff;\">\n\t\t\t<div class=\"col-md-12\"><div class=\"row termine\">\n    <div class=\"col-md-3 datum align-middle\">\n        <p>November, 2024<\/p>\n        <span class=\"spielstaette2\"><p>M\u00e4rkische Oderzeitung Frankfurt<\/p>\n<\/span>\n    <\/div>\n    <div class=\"col-md-8 konzertname\">\n        <h3 style=\"color:#000; font-weight:700\">&#8220;Erfrischend moderne Lesarten&#8221; \/ &#8220;Refreshingly modern interpretations&#8221;<\/h3>\n     \n      \t<div class=\"row\">\n            <div class=\"col-md-12\">\n               <p>Felix Mildenberger beim Brandenburgischen Staatsorchester Frankfurt<\/p>\n               \n            <\/div>\n        <\/div>\n        <div class=\"row\" style=\"margin-top:20px;\">\n            <div class=\"col-md-12\">\n                <!-- Button trigger modal -->\n                <button type=\"button\" class=\"elementor-button-link fm-button elementor-size-md\" data-toggle=\"modal\" data-target=\"#erfrischend-moderne-lesarten-refreshingly-modern-interpretations\" style=\"display:inline-block; margin-right:20px;\">READ MORE\n                <\/button>\n              \n\n                <!-- Modal -->\n                <div class=\"modal fade\" id=\"erfrischend-moderne-lesarten-refreshingly-modern-interpretations\" tabindex=\"-1\" role=\"dialog\"\n                    aria-labelledby=\"exampleModalCenterTitle\" aria-hidden=\"true\">\n                    <div class=\"modal-dialog modal-dialog-centered modal-lg\" role=\"document\">\n                        <div class=\"modal-content\">\n                            <div class=\"modal-header\">\n                                <h5 class=\"modal-title\" id=\"exampleModalLongTitle\">&#8220;Erfrischend moderne Lesarten&#8221; \/ &#8220;Refreshingly modern interpretations&#8221;<br\/><span style=\"font-style: italic; \">M\u00e4rkische Oderzeitung Frankfurt<\/span><\/h5>\n                                <button type=\"button\" class=\"close\" data-dismiss=\"modal\" aria-label=\"Close\">\n                                    <span aria-hidden=\"true\">&times;<\/span>\n                                <\/button>\n                            <\/div>\n                            <div class=\"modal-body\">\n                            \n                              <img fetchpriority=\"high\" fetchpriority=\"high\" fetchpriority=\"high\" decoding=\"async\" width=\"300\" height=\"300\" src=\"https:\/\/felixmildenberger.com\/wp-content\/uploads\/2025\/02\/markische-300x300.png\" class=\"attachment-medium alignleft\" alt=\"\" title=\"markische\" style=\"\" srcset=\"https:\/\/felixmildenberger.com\/wp-content\/uploads\/2025\/02\/markische-300x300.png 300w, https:\/\/felixmildenberger.com\/wp-content\/uploads\/2025\/02\/markische-150x150.png 150w, https:\/\/felixmildenberger.com\/wp-content\/uploads\/2025\/02\/markische.png 400w\" sizes=\"(max-width: 300px) 100vw, 300px\" \/>\n                              <p><strong>Erfrischend moderne Lesarten<\/strong><\/p>\n<p>Das Staatsorchester f\u00fcllt mit sp\u00e4tromantischen Klangsolit\u00e4ren die Konzerthalle in Frankfurt (Oder).<\/p>\n<p>Jung, dynamisch, energiegeladen, zielstrebig und voller ausdrucksstarker K\u00f6rpersprache \u2013 so pr\u00e4sentierte sich der 34-j\u00e4hrige Dirigent Felix Mildenberger beim 3. Philharmonischen Konzert des Staatsorchesters am Freitag in der sehr gut besuchten Konzerthalle. Und wenn die Auguren nicht irren, sollte er zum Kreis der Kandidaten f\u00fcr die zum Saisonende zur Disposition stehende Position des Chefdirigenten geh\u00f6ren. \u00dcber das dazu erforderliche handwerkliche R\u00fcstzeug verf\u00fcgend, lieferte er als \u201eEmpfehlungsschreiben\u201c eine erfrischend moderne Lesart des schier unverw\u00fcstlichen klavieristischen \u201eSchlachtrosses\u201c Nr. 1 b-Moll op.23 von Peter Tschaikowski. Feurig geriet ihm und den bestens aufgelegten Musikern der markante, von m\u00e4chtigen und raschen Akkorden bestimmte Orchestereinstieg in das Werk, gefolgt von den geradezu donnernden und voll griffigen Attacken des Klaviers.<\/p>\n<p>Nach der Pause konnten die Musiker in der Wiedergabe der fis-Moll-Sinfonie op. 41 der kroatischen Komponistin Dora Peja\u010devi\u0107 ihr profundes spielerisches K\u00f6nnen klangvoll und ausdrucksstark offenbaren. Nach dr\u00e4uendem Beginn \u00e0 la Richard Wagner entfalteten sich opulente und ohrengef\u00e4llige Klangwonnen voller Naturidylle und energischer Episoden. Deren schwelgerisch ausgebreiteter sp\u00e4tromantischer Erz\u00e4hlton lie\u00df zuweilen auch an Einfl\u00fcsse von Richard Strauss, Robert Schumann, Johannes Brahms und Tschaikowski denken. Dennoch fand die Komponistin zwischen Postkartenidylle, Dorffestfr\u00f6hlichkeit, energischen Episoden und sich verstr\u00f6mender Lieblichkeit zu einer eigenen Musiksprache.<\/p>\n<p>&nbsp;<\/p>\n<hr \/>\n<p>&nbsp;<\/p>\n<p><strong>Refreshingly modern interpretations<\/strong><\/p>\n<p>The state orchestra fills the concert hall in Frankfurt (Oder) with late-romantic sound solitaires.<\/p>\n<p>Young, dynamic, full of energy, determined and full of expressive body language &#8211; this is how the 34-year-old conductor Felix Mildenberger presented himself at the 3rd Philharmonic Concert of the State Orchestra on Friday in the very well-attended concert hall. And if the augurs are not mistaken, he should be one of the candidates for the position of chief conductor, which is up for grabs at the end of the season. Possessing the necessary skills for the job he delivered a refreshingly modern reading of the almost indestructible piano concerto No. 1 in B flat minor op.23 by Peter Tchaikovsky as a &#8220;letter of recommendation&#8221;.<br \/>\nThe conductor and the musicians in top form presented a striking orchestral introduction to the work, characterised by powerful and rapid chords, followed by the downright thunderous and fully gripping attacks of the piano.<\/p>\n<p>After the interval, the musicians were able to reveal their profound playing skills in a sonorous and expressive performance of the F sharp minor Symphony op. 41 by Croatian composer Dora Peja\u010devi\u0107. After a sombre opening \u00e0 la Richard Wagner, opulent and ear-pleasing soundscapes full of natural idylls and energetic episodes unfolded. Their voluptuously expansive, late Romantic narrative tone was at times reminiscent of the influences of Richard Strauss, Robert Schumann, Johannes Brahms and Tchaikovsky. Nevertheless, between postcard idyll, village cheerfulness, energetic episodes and exuberant sweetness, the composer found her very own musical language.<\/p>\n<p><!--\/data\/user\/0\/com.samsung.android.app.notes\/files\/clipdata\/clipdata_bodytext_250220_121131_610.sdocx--><\/p>\n\n                            Autor:in: Peter Buske\n                               <\/div>\n                               \n                           \n                            <div class=\"modal-footer\">\n                                <button type=\"button\" class=\"btn btn-secondary\" data-dismiss=\"modal\">CLOSE<\/button> \n                            <\/div>\n                        <\/div>\n                    <\/div>\n                <\/div>\n            <\/div>\n          \n        <\/div>\n\n    <\/div>\n\n\n<\/div><\/div>\n\t\t<\/div>\n\t\t\n\t\t\n\t\t<div class=\"row \" style=\"background-color:#fff;\">\n\t\t\t<div class=\"col-md-12\"><div class=\"row termine\">\n    <div class=\"col-md-3 datum align-middle\">\n        <p>October, 2024<\/p>\n        <span class=\"spielstaette2\"><p>bachtrack.com<\/p>\n<\/span>\n    <\/div>\n    <div class=\"col-md-8 konzertname\">\n        <h3 style=\"color:#000; font-weight:700\">Romantische Rarit\u00e4ten \/ Romantic rarities<\/h3>\n     \n      \t<div class=\"row\">\n            <div class=\"col-md-12\">\n               <p>Felix Mildenberger with the Orquesta Sinf\u00f3nica de Tenerife<\/p>\n               \n            <\/div>\n        <\/div>\n        <div class=\"row\" style=\"margin-top:20px;\">\n            <div class=\"col-md-12\">\n                <!-- Button trigger modal -->\n                <button type=\"button\" class=\"elementor-button-link fm-button elementor-size-md\" data-toggle=\"modal\" data-target=\"#romantische-raritaeten-romantic-rarities\" style=\"display:inline-block; margin-right:20px;\">READ MORE\n                <\/button>\n              <div class=\"fm-button-wrapper\" style=\"display:inline-block;\">\n                    <a href=\"https:\/\/bachtrack.com\/es_ES\/critica-tenerife-auditorio-orquesta-sinfonica-tenerife-mildenberger-mendelssohn-schumann-octubre-2024\" class=\"elementor-button-link fm-button elementor-size-md\" role=\"button\" target='_blank' rel=\"noopener\">\n                        <span class=\"fm-button-content-wrapper\">\n                            <span class=\"fm-button-text\">VISIT WEBSITE<\/span>\n                          \n                        <\/span>\n                    <\/a>\n                <\/div>\n\n                <!-- Modal -->\n                <div class=\"modal fade\" id=\"romantische-raritaeten-romantic-rarities\" tabindex=\"-1\" role=\"dialog\"\n                    aria-labelledby=\"exampleModalCenterTitle\" aria-hidden=\"true\">\n                    <div class=\"modal-dialog modal-dialog-centered modal-lg\" role=\"document\">\n                        <div class=\"modal-content\">\n                            <div class=\"modal-header\">\n                                <h5 class=\"modal-title\" id=\"exampleModalLongTitle\">Romantische Rarit\u00e4ten \/ Romantic rarities<br\/><span style=\"font-style: italic; \">bachtrack.com<\/span><\/h5>\n                                <button type=\"button\" class=\"close\" data-dismiss=\"modal\" aria-label=\"Close\">\n                                    <span aria-hidden=\"true\">&times;<\/span>\n                                <\/button>\n                            <\/div>\n                            <div class=\"modal-body\">\n                            \n                              <img decoding=\"async\" width=\"200\" height=\"200\" src=\"https:\/\/felixmildenberger.com\/wp-content\/uploads\/2025\/02\/bachtrack_ltd_logo.jpeg\" class=\"attachment-medium alignleft\" alt=\"\" title=\"bachtrack_ltd_logo\" style=\"\" srcset=\"https:\/\/felixmildenberger.com\/wp-content\/uploads\/2025\/02\/bachtrack_ltd_logo.jpeg 200w, https:\/\/felixmildenberger.com\/wp-content\/uploads\/2025\/02\/bachtrack_ltd_logo-150x150.jpeg 150w\" sizes=\"(max-width: 200px) 100vw, 200px\" \/>\n                              <p><strong>Die Sinf\u00f3nica de Tenerife erweckt mit Felix Mildenberger seltenere Romantiker wieder zum Leben<\/strong><\/p>\n<p>Das Programm des Orquesta Sinf\u00f3nica de Tenerife bestand aus ungew\u00f6hnlichen Werken von Schumann und Mendelssohn, was sowohl f\u00fcr das Inselpublikum als auch f\u00fcr das symphonische Ensemble selbst ein willkommenes Novum darstellt.<\/p>\n<p>Der Abend begann mit der Ouvert\u00fcre &#8220;Die Hebriden&#8221;, die mit ihren beschreibenden Melodien die nordatlantische Inselgruppe im Rahmen des vermeintlichen Exotismus des 19. Jahrhunderts beschreibt, der sich nach Erfahrungen in fernen und f\u00fcr die damalige Zeit fast unerreichbaren Gebieten sehnte. In seinen beschreibenden Melodien sind Anspielungen auf die wilde Natur dieses unwirtlichen Ortes, seine St\u00fcrme, Sonnenauf- und -unterg\u00e4nge, Winde und Wellen deutlich zu erkennen. Die leichte und angenehme Lesart durch den Gastdirigenten, den sehr jungen Felix Mildenbergen, kaum 35 Jahre alt, trug zur schw\u00e4rmerischen Sch\u00f6nheit des Er\u00f6ffnungsst\u00fccks des Konzerts bei, mit gut bemessenen Tempi und Volumen f\u00fcr ein solches Werk.<\/p>\n<p>Schumanns noch ungew\u00f6hnlicheres Konzertst\u00fcck f\u00fcr vier H\u00f6rner bildete den Abschluss des ersten Teils des Programms, an dem die wichtigsten Hornisten des Orchesters von Teneriffa mitgewirkt haben. Die technische Schwierigkeit der Ausf\u00fchrung dieses dreis\u00e4tzigen Werks und die ausgefeilte Orchestrierung, die von so seltenen Solisten begleitet wird, stellen eine echte Herausforderung f\u00fcr jeden der Interpreten dar. Lasheras, Ll\u00e1cer, Alcover und P\u00e9rez selbst k\u00f6nnen nur f\u00fcr ihre Professionalit\u00e4t und die perfekte Kombination ihrer Interpretation gelobt werden, die sowohl in den h\u00f6chsten Momenten leidenschaftlich als auch in den lyrischsten und intimsten Momenten bewegend ist. Die Komplizenschaft und das gute Zusammenspiel der vier Solisten war in der gebotenen Version mehr als offensichtlich, voll von reichen Klangfarben und von gro\u00dfer klanglicher Wirkung auf das Publikum. Ein gro\u00dfer Triumph f\u00fcr ein so undankbares Instrument, das bei vielen Gelegenheiten nur ein Begleitinstrument ist, aber bei dieser Gelegenheit die Hauptrolle spielte.<\/p>\n<p>Nach der Pause stand Mendelssohn wieder im Mittelpunkt mit der Sinfonie Nr. 1, op. 11, einem Fr\u00fchwerk und einem enormen Exponenten der zuk\u00fcnftigen k\u00fcnstlerischen Entwicklung des Komponisten, der hier bereits seine gr\u00f6\u00dften musikalischen Erfolge zeigte. Mit deutlichen Mozart-Reminiszenzen, reicher Orchestrierung und unendlich vielen Melodien von sch\u00f6nem Kaliber war sie zweifellos ein hervorragender H\u00f6hepunkt des Programms. Mildenbergen gab dem ersten und vierten Satz eine agile und dynamische Lesart, die gut zu den schnellen Akkorden der beiden Teile passte. Andererseits verlangsamte er sowohl das Andante als auch das Menuetto mit Bedacht, wodurch er einen wunderbar effektiven Impasto und eine beispielhafte Interpretation des St\u00fccks erreichte.<\/p>\n<p>Die solide Reife des Dirigenten zeigt sich sowohl in seinen interpretatorischen Mitteln als auch in seiner Beherrschung aller Orchestergruppen. Die Verteilung des Orchesters nach seinen eigenen Kriterien mit den Celli in der Mitte und den Kontrab\u00e4ssen auf der linken Seite trug zu einer originellen, aber originalgetreuen Lesart der Werke bei. Eine tadellose Lesart, die an den reifsten Mozart erinnert und die erhabenste Romantik ank\u00fcndigt.<!--\/data\/user\/0\/com.samsung.android.app.notes\/files\/clipdata\/clipdata_bodytext_250220_122555_069.sdocx--><\/p>\n<p>&nbsp;<\/p>\n<hr \/>\n<p>&nbsp;<\/p>\n<p><strong>The Sinf\u00f3nica de Tenerife recreates romantic rarities with Felix Mildenberger<\/strong><\/p>\n<p>The programme offered by the Orquesta Sinf\u00f3nica de Tenerife was made up of unusual works by Schumann and Mendelssohn, a very welcome proposal for the novelty it represents for the island audience and for the symphonic ensemble itself.<\/p>\n<p>The evening began with the Overture &#8220;The Hebrides&#8221;, with its evocative descriptive melodies of the northern Atlantic archipelago in the framework of the supposed nineteenth-century exoticism, eager for experiences based on distant and almost unattainable territories for the time. In his descriptive melodies, allusions to the wild nature of this inhospitable place, its storms, sunrise and sunset, winds and waves are clearly distinguishable. The easy and pleasant reading by the guest conductor, the very young Felix Mildenbergen, barely 35 years old, contributed to the rapturous beauty of the opening piece of the concert, with tempi and volume well measured for a work of these characteristics.<\/p>\n<p>Schumann&#8217;s even more unusual Concerto Piece for Four Horns culminated the first part of the programme with the inestimable collaboration of the principal horn players of the Tenerife orchestral ensemble. Developed in the corresponding three movements, the technical difficulty of its execution, together with the elaborate orchestration accompanying such infrequent soloists, constitute a real challenge for any of the performers. Lasheras, Ll\u00e1cer, Alcover and P\u00e9rez themselves can only be praised for their professionalism and the perfect combination of their interpretation, passionate at the highest moments as well as moving in the most lyrical and intimate ones. The complicity and good performance of the four soloists was more than evident in the version offered, full of rich tonalities and of great sonorous impact on the audience. A great triumph for such an ungrateful instrument, on many occasions a mere accompaniment, which on this occasion was the main protagonist.<\/p>\n<p>After the intermission, Mendelssohn repeated the leading role with Symphony No. 1, op. 11, an early work and a tremendous exponent of the future artistic development of the composer, who was already displaying his greatest musical successes here. With clear Mozartian reminiscences, rich orchestration and infinite melodies of beautiful calibre, it was undoubtedly an excellent culmination of the programme. Mildenbergen imposed an agile and dynamic reading on the first and fourth movements, well suited to the swift chords of both parts. On the other hand, he wisely slowed down both the Andante and the Menuetto, achieving a beautifully effective impasto and an exemplary interpretation of the piece.<\/p>\n<p>The conductor&#8217;s solid maturity is visible both in his interpretative resources and in his mastery of all sections of the orchestra. The orchestra, according to his own criteria, was distributed with the cellos in the centre and the double basses on the left, and this contributed to an original but faithful reading of the works. An impeccable reading that recalled the most mature Mozart and heralded the most sublime romanticism.<!--\/data\/user\/0\/com.samsung.android.app.notes\/files\/clipdata\/clipdata_bodytext_250220_122716_080.sdocx--><\/p>\n\n                            Autor:in: Ram\u00f3n Pereira Blanco\n                               <\/div>\n                               <div class=\"fm-button-wrapper\" style=\"display:inline-block;\">\n                    <a href=\"https:\/\/bachtrack.com\/es_ES\/critica-tenerife-auditorio-orquesta-sinfonica-tenerife-mildenberger-mendelssohn-schumann-octubre-2024\" class=\"elementor-button-link fm-button elementor-size-md\" role=\"button\" target='_blank' rel=\"noopener\">\n                        <span class=\"fm-button-content-wrapper\">\n                            <span class=\"fm-button-text\">VISIT WEBSITE<\/span>\n                          \n                        <\/span>\n                    <\/a>\n                <\/div>\n                           \n                            <div class=\"modal-footer\">\n                                <button type=\"button\" class=\"btn btn-secondary\" data-dismiss=\"modal\">CLOSE<\/button> \n                            <\/div>\n                        <\/div>\n                    <\/div>\n                <\/div>\n            <\/div>\n          \n        <\/div>\n\n    <\/div>\n\n\n<\/div><\/div>\n\t\t<\/div>\n\t\t\n\t\t\n\t\t<div class=\"row \" style=\"background-color:#fff;\">\n\t\t\t<div class=\"col-md-12\"><div class=\"row termine\">\n    <div class=\"col-md-3 datum align-middle\">\n        <p>June, 2024<\/p>\n        <span class=\"spielstaette2\"><p>Th\u00fcringer Allgemeine<\/p>\n<\/span>\n    <\/div>\n    <div class=\"col-md-8 konzertname\">\n        <h3 style=\"color:#000; font-weight:700\">&#8220;Staatskapelle Weimar mit majest\u00e4tisch leisen T\u00f6nen&#8221;<\/h3>\n     \n      \t<div class=\"row\">\n            <div class=\"col-md-12\">\n               <p>Felix Mildenberger zu Gast in Weimar<\/p>\n               \n            <\/div>\n        <\/div>\n        <div class=\"row\" style=\"margin-top:20px;\">\n            <div class=\"col-md-12\">\n                <!-- Button trigger modal -->\n                <button type=\"button\" class=\"elementor-button-link fm-button elementor-size-md\" data-toggle=\"modal\" data-target=\"#staatskapelle-weimar-mit-majestaetisch-leisen-toenen\" style=\"display:inline-block; margin-right:20px;\">READ MORE\n                <\/button>\n              <div class=\"fm-button-wrapper\" style=\"display:inline-block;\">\n                    <a href=\"https:\/\/www.thueringer-allgemeine.de\/kultur\/article406542921\/staatskapelle-weimar-mit-majestaetisch-leisen-toenen.html\" class=\"elementor-button-link fm-button elementor-size-md\" role=\"button\" target='_blank' rel=\"noopener\">\n                        <span class=\"fm-button-content-wrapper\">\n                            <span class=\"fm-button-text\">VISIT WEBSITE<\/span>\n                          \n                        <\/span>\n                    <\/a>\n                <\/div>\n\n                <!-- Modal -->\n                <div class=\"modal fade\" id=\"staatskapelle-weimar-mit-majestaetisch-leisen-toenen\" tabindex=\"-1\" role=\"dialog\"\n                    aria-labelledby=\"exampleModalCenterTitle\" aria-hidden=\"true\">\n                    <div class=\"modal-dialog modal-dialog-centered modal-lg\" role=\"document\">\n                        <div class=\"modal-content\">\n                            <div class=\"modal-header\">\n                                <h5 class=\"modal-title\" id=\"exampleModalLongTitle\">&#8220;Staatskapelle Weimar mit majest\u00e4tisch leisen T\u00f6nen&#8221;<br\/><span style=\"font-style: italic; \">Th\u00fcringer Allgemeine<\/span><\/h5>\n                                <button type=\"button\" class=\"close\" data-dismiss=\"modal\" aria-label=\"Close\">\n                                    <span aria-hidden=\"true\">&times;<\/span>\n                                <\/button>\n                            <\/div>\n                            <div class=\"modal-body\">\n                            \n                              <img decoding=\"async\" width=\"300\" height=\"171\" src=\"https:\/\/felixmildenberger.com\/wp-content\/uploads\/2024\/07\/Thueringer-Allgemeine-Logo.svg_-300x171.png\" class=\"attachment-medium alignleft\" alt=\"\" title=\"Th\u00fcringer-Allgemeine-Logo.svg\" style=\"\" srcset=\"https:\/\/felixmildenberger.com\/wp-content\/uploads\/2024\/07\/Thueringer-Allgemeine-Logo.svg_-300x171.png 300w, https:\/\/felixmildenberger.com\/wp-content\/uploads\/2024\/07\/Thueringer-Allgemeine-Logo.svg_.png 320w\" sizes=\"(max-width: 300px) 100vw, 300px\" \/>\n                              <p>&#8220;Auf dem Programm stand sp\u00e4tromantische Musik und das \u201every British\u201d. Der Abend erf\u00fcllte eine Sehnsucht nach Harmonie, ohne zu verkleben.<\/p>\n<p>&#8220;Die sinfonische Dichtung \u201eTintagel\u201c von Arnold Bax, f\u00fchrte an die K\u00fcste Schottlands. Genau gesagt nach Cornwell. Musikalisch beschrieben wird eine historische Burganlage, die \u00fcber Jahrhunderte Sonne, Wind und Wetter trotzt. In dramatischen Spannungsb\u00f6gen beschworen Kontrab\u00e4sse, Tuba und Pauken einen Sturm hervor. Harfe, Streicher und Bl\u00e4ser brachen die Wolken auf und Sonnenstrahlen ber\u00fchrten eine naturbelassene Landschaft. Der Klang, wie ein Gem\u00e4lde von Caspar David Friedrich.&#8221;<\/p>\n<p>&#8220;Harmonisch war nicht nur die Musik, sondern auch das Zusammenspiel von Orchester, Solist und Dirigent. Das hat es f\u00fcr mich zu einer unglaublich ber\u00fchrenden Wanderung der Sinne gemacht.&#8221;<\/p>\n<p>&#8220;Das Dirigat von Felix Mildenberger erinnert an \u201eAlte Schule\u201c. Pr\u00e4zise, elegant, feinsinnig und allein optisch von einer besonderen \u00c4sthetik, was sich auf die Spielweise des Orchesters \u00fcbertrug.&#8221;<\/p>\n<p>&#8220;Im dritten Teil, den \u201eEnigma Variationen\u201c von Edward Elgar verschmolzen Orchester und Dirigent f\u00f6rmlich. Da gab es Momente der leisen T\u00f6ne, die nicht von dieser Welt schienen. Der Schlusssatz war einfach nur majest\u00e4tisch. Das h\u00e4tte bestimmt auch der Queen gefallen. Chapeau!&#8221;<\/p>\n<p>&nbsp;<\/p>\n<hr \/>\n<p>&nbsp;<\/p>\n<p>&#8220;The programme featured late romantic music and the &#8220;very British&#8221;. The evening fulfilled a longing for harmony without being overpowering.<\/p>\n<p>&#8220;The symphonic poem &#8220;Tintagel&#8221; by Arnold Bax took us to the coast of Scotland. To Cornwell, to be precise. The music describes a historic castle complex that has defied sun, wind and weather for centuries. In dramatic arcs of tension, double basses, tuba and timpani conjured up a storm. Harp, strings and wind instruments broke the clouds and sunbeams touched a natural landscape. The sound, like a painting by Caspar David Friedrich.&#8221;<\/p>\n<p>&#8220;Not only was the music harmonious, but also the interaction between the orchestra, soloist and conductor. That made it an incredibly moving journey of the senses for me.&#8221;<\/p>\n<p>&#8220;Felix Mildenberger&#8217;s conducting is reminiscent of the &#8220;old school&#8221;. Precise, elegant, subtle and visually alone of a special aesthetic, which was transferred to the way the orchestra played.&#8221;<\/p>\n<p>&#8220;In the third part, the &#8220;Enigma Variations&#8221; by Edward Elgar, the orchestra and conductor literally merged. There were moments of quiet tones that seemed out of this world. The final movement was simply majestic. I&#8217;m sure the Queen would have loved it too. Chapeau!&#8221;<\/p>\n\n                            Autor:in: Stefan Schmidt\n                               <\/div>\n                               <div class=\"fm-button-wrapper\" style=\"display:inline-block;\">\n                    <a href=\"https:\/\/www.thueringer-allgemeine.de\/kultur\/article406542921\/staatskapelle-weimar-mit-majestaetisch-leisen-toenen.html\" class=\"elementor-button-link fm-button elementor-size-md\" role=\"button\" target='_blank' rel=\"noopener\">\n                        <span class=\"fm-button-content-wrapper\">\n                            <span class=\"fm-button-text\">VISIT WEBSITE<\/span>\n                          \n                        <\/span>\n                    <\/a>\n                <\/div>\n                           \n                            <div class=\"modal-footer\">\n                                <button type=\"button\" class=\"btn btn-secondary\" data-dismiss=\"modal\">CLOSE<\/button> \n                            <\/div>\n                        <\/div>\n                    <\/div>\n                <\/div>\n            <\/div>\n          \n        <\/div>\n\n    <\/div>\n\n\n<\/div><\/div>\n\t\t<\/div>\n\t\t\n\t\t\n\t\t<div class=\"row \" style=\"background-color:#fff;\">\n\t\t\t<div class=\"col-md-12\"><div class=\"row termine\">\n    <div class=\"col-md-3 datum align-middle\">\n        <p>February, 2024<\/p>\n        <span class=\"spielstaette2\"><p>Slipped Disc<\/p>\n<\/span>\n    <\/div>\n    <div class=\"col-md-8 konzertname\">\n        <h3 style=\"color:#000; font-weight:700\">George Benjamin&#8217;s opera &#8220;Written on skin&#8221;<\/h3>\n     \n      \t<div class=\"row\">\n            <div class=\"col-md-12\">\n               <p>Felix Mildenberger at the Deutsche Oper Berlin<\/p>\n               \n            <\/div>\n        <\/div>\n        <div class=\"row\" style=\"margin-top:20px;\">\n            <div class=\"col-md-12\">\n                <!-- Button trigger modal -->\n                <button type=\"button\" class=\"elementor-button-link fm-button elementor-size-md\" data-toggle=\"modal\" data-target=\"#george-benjamins-opera-written-on-skin\" style=\"display:inline-block; margin-right:20px;\">READ MORE\n                <\/button>\n              <div class=\"fm-button-wrapper\" style=\"display:inline-block;\">\n                    <a href=\"https:\/\/slippedisc.com\/2024\/02\/review-berlin-says-eat-your-heart-out\/\" class=\"elementor-button-link fm-button elementor-size-md\" role=\"button\" target='_blank' rel=\"noopener\">\n                        <span class=\"fm-button-content-wrapper\">\n                            \n                          <span class=\"fm-button-text\" style=\"text-transform:uppercase\"><\/span>\n                        <\/span>\n                    <\/a>\n                <\/div>\n\n                <!-- Modal -->\n                <div class=\"modal fade\" id=\"george-benjamins-opera-written-on-skin\" tabindex=\"-1\" role=\"dialog\"\n                    aria-labelledby=\"exampleModalCenterTitle\" aria-hidden=\"true\">\n                    <div class=\"modal-dialog modal-dialog-centered modal-lg\" role=\"document\">\n                        <div class=\"modal-content\">\n                            <div class=\"modal-header\">\n                                <h5 class=\"modal-title\" id=\"exampleModalLongTitle\">George Benjamin&#8217;s opera &#8220;Written on skin&#8221;<br\/><span style=\"font-style: italic; \">Slipped Disc<\/span><\/h5>\n                                <button type=\"button\" class=\"close\" data-dismiss=\"modal\" aria-label=\"Close\">\n                                    <span aria-hidden=\"true\">&times;<\/span>\n                                <\/button>\n                            <\/div>\n                            <div class=\"modal-body\">\n                            \n                              \n                              <p>&#8220;Our roving critic Susan Hall has been to the German premiere of the George Benjamin opera, Written on Skin. Here\u2019s her report: Written on Skin enjoyed its Berlin premiere at the Deutsche Oper. The George Benjamin\/ Martin Crimp work is a hit. While no one leaves the opera house whistling the harmonic modulation, in fact they have been charmed by its rhythm, drama, colors and texture. Not all contemporary composers have the audience\u2019s engagement in mind. Mozart did. Benjamin\u2019s first and most important mentor, Olivier Messaaen, called Benjamin \u2018Mozart.\u2019 Benjamin talks about looking at the big picture. The work has strong structural underpinnings. Cumulative tension builds, an unbroken arc from the first note to the last. Benjamin observes an arrow cutting through fifteen scenes. Fresh sounds surprise the ear and reflect the continuing drama. Tension is maintained and new inventions introduced. The audience hear and feel effects without knowing exactly what they are. Yet the story of a love triangle is clear. Just not real or normal. The Protector (Mark Stone), owner and possessor of all he beholds, his illiterate and battered child\/wife Agnes (Georgia Jarman) and The Boy (Aryeh Nussbaum Cohen), an illuminator hired by the Protector to create a book detailing the richness of his life. For Benjamin, first the ear hears, then the mind interprets and finally the eye sees. Felix Mildenberger conducts in Berlin. He brings out the opening ruckus, a dissonant melange of strings, brass and winds, letting them settle, as they often do in the work, into more conventional harmonics. The unusual contrabassoon grumbles along, threatening. A glass harmonica is decorative and adds to the rainbow of colors. Until he wrote Written on Skin, Benjamin had never created a work longer than an hour. Expanded time gave him the chance to bring back notes and figures when the listener has forgotten them. His play with the top C engages. The first top C is played softly by the orchestra. It is then the first note Agnes sings. Jarman has a glorious high C. At the end of Act II, she sings the top C again, in \u201cMake him cry Blood.\u201d The final word of the final Act is \u2018mouth,\u2019 sung on top C. We bid farewell to the top C in the epilogue. Listeners can take pleasure in the aha-C-recognitions.<\/p>\n<p>For Benjamin the singing voice is paramount. The principal singers hold long, beautiful vowels. Jarman can warble like a Messiaen bird. The Boy gets Handelian decorations. The Protector is almost guttural in his masculinity. Yet Stone brings his softer side to this role and Agnes jumps off into the ugliness of pain when it grips her. The librettist Martin Crimp creates both narrative and personal dialogue. Two seemingly separate points of view are blended. Sometimes they twist around each other like Agnes twisting in her sheets with new found erotic feelings. The centrality of words is clear. Agnes insists The Boy reveal their affair to her husband. When The Boy resorts to words to tell their story, she wants to see their shapes: Love, mouth, hands. The overarching movement of music and drama is forward. This thrust Benjamin considers a crucial part of engaging an audience. Angels are a critical presence. Familiar figures in Berlin, they watch over the city. The angels on stage march quickly back and forth over a thousand years, keeping us in the eternal present of the millennium. Katie Mitchell directs, as she did the original. Her frequent collaborator, Vicki Moritmer, provides the set. Most of the action takes place in the angels\u2019 work room and in the central room of The Protector\u2019s house, furnished alternately by a dining table and large bed. Lighting by Jon Clark moves us from room to room by beaming light and then cutting it. Opera lovers are rushing to hear this grizzly tale of a jealous husband who cuts the heart out of his wife\u2019s lover and makes her eat it. The hidden musical and dramatic art of composer and librettist holds us in its grip. Everyone wants to hear this work again.&#8221;<\/p>\n<p>&nbsp;<\/p>\n<hr \/>\n<p>&#8220;Unsere rasende Kritikerin Susan Hall war bei der deutschen Erstauff\u00fchrung von George Benjamins Oper Written on Skin. Hier ist ihr Bericht: Written on Skin erlebte seine Berliner Premiere an der Deutschen Oper. Das Werk von George Benjamin und Martin Crimp ist ein Hit. Niemand verl\u00e4sst das Opernhaus und pfeift die harmonischen Modulationen, aber sie sind von dem Rhythmus, der Dramatik, den Farben und der Textur bezaubert. Nicht alle zeitgen\u00f6ssischen Komponisten haben das Engagement des Publikums im Sinn. Mozart schon. Benjamins erster und wichtigster Mentor, Olivier Messaaen, nannte Benjamin &#8220;Mozart&#8221;. Benjamin spricht davon, das gro\u00dfe Ganze im Auge zu haben. Das Werk hat eine starke strukturelle Untermauerung. Eine kumulative Spannung baut sich auf, ein ununterbrochener Bogen von der ersten bis zur letzten Note. Benjamin beobachtet, wie ein Pfeil f\u00fcnfzehn Szenen durchschneidet. Neue Kl\u00e4nge \u00fcberraschen das Ohr und spiegeln das anhaltende Drama wider. Die Spannung wird aufrechterhalten und neue Erfindungen werden eingef\u00fchrt. Das Publikum h\u00f6rt und sp\u00fcrt Effekte, ohne genau zu wissen, worum es sich dabei handelt. Doch die Geschichte einer Dreiecksbeziehung ist klar. Nur nicht real oder normal. Der Besch\u00fctzer (Mark Stone), Eigent\u00fcmer und Besitzer von allem, was er sieht, sein ungebildetes und misshandeltes Kind\/Ehefrau Agnes (Georgia Jarman) und The Boy (Aryeh Nussbaum Cohen), ein Buchmaler, der vom Besch\u00fctzer angeheuert wird, um ein Buch zu erstellen, das den Reichtum seines Lebens beschreibt. F\u00fcr Benjamin h\u00f6rt zuerst das Ohr, dann interpretiert der Verstand und schlie\u00dflich sieht das Auge. Felix Mildenberger dirigiert in Berlin. Er bringt den Er\u00f6ffnungsl\u00e4rm, eine dissonante Melange aus Streichern, Blechbl\u00e4sern und Bl\u00e4sern, zum Klingen und l\u00e4sst sie, wie so oft in diesem Werk, in konventionelle Harmonien \u00fcbergehen. Das ungew\u00f6hnliche Kontrafagott brummt bedrohlich vor sich hin. Eine Glasharmonika ist dekorativ und erg\u00e4nzt den Regenbogen der Farben. Bevor er Written on Skin schrieb, hatte Benjamin nie ein Werk geschaffen, das l\u00e4nger als eine Stunde dauerte. Die verl\u00e4ngerte Zeit gab ihm die M\u00f6glichkeit, Noten und Figuren wieder aufleben zu lassen, die der H\u00f6rer vergessen hat. Sein Spiel mit dem hohen C fesselt. Das erste hohe C wird vom Orchester sanft gespielt. Es ist dann der erste Ton, den Agnes singt. Jarman hat ein herrliches hohes C. Am Ende des zweiten Aktes singt sie das hohe C erneut, in &#8220;Make him cry Blood&#8221;. Das letzte Wort des letzten Aktes ist &#8220;Mund&#8221;, gesungen auf dem hohen C. Im Epilog nehmen wir Abschied vom hohen C. Die Zuh\u00f6rer k\u00f6nnen sich an den Aha-C-Erkenntnissen erfreuen.<\/p>\n<p>F\u00fcr Benjamin ist die Gesangsstimme von gr\u00f6\u00dfter Bedeutung. Die Haupts\u00e4nger haben lange, sch\u00f6ne Vokale. Jarman kann tr\u00e4llern wie ein Messiaen-Vogel. Der Knabe erh\u00e4lt H\u00e4ndelsche Verzierungen, der Besch\u00fctzer ist in seiner M\u00e4nnlichkeit fast guttural. Doch Stone bringt seine weiche Seite in diese Rolle ein, und Agnes st\u00fcrzt sich in die H\u00e4sslichkeit des Schmerzes, wenn er sie ergreift. Der Librettist Martin Crimp schafft sowohl erz\u00e4hlerische als auch pers\u00f6nliche Dialoge. Zwei scheinbar getrennte Sichtweisen werden miteinander vermischt. Manchmal drehen sie sich umeinander, wie Agnes, die sich mit neu entdeckten erotischen Gef\u00fchlen in ihren Laken windet. Die zentrale Bedeutung von Worten ist klar. Agnes besteht darauf, dass der Junge ihre Aff\u00e4re ihrem Mann offenbart. Wenn The Boy auf Worte zur\u00fcckgreift, um ihre Geschichte zu erz\u00e4hlen, will sie ihre Formen sehen: Liebe, Mund, H\u00e4nde. Die \u00fcbergreifende Bewegung von Musik und Drama ist vorw\u00e4rts gerichtet. Diese Vorw\u00e4rtsbewegung ist f\u00fcr Benjamin ein entscheidender Faktor, um das Publikum zu fesseln. Engel sind eine entscheidende Pr\u00e4senz. Sie sind vertraute Figuren in Berlin und wachen \u00fcber die Stadt. Die Engel auf der B\u00fchne marschieren schnell \u00fcber tausend Jahre hin und her und halten uns in der ewigen Gegenwart des Jahrtausends. Katie Mitchell f\u00fchrt Regie, wie schon beim Original. Ihre h\u00e4ufige Mitarbeiterin Vicki Moritmer sorgt f\u00fcr das B\u00fchnenbild. Der Gro\u00dfteil der Handlung spielt sich im Arbeitsraum der Engel und im zentralen Raum des Hauses des Besch\u00fctzers ab, der abwechselnd mit einem Esstisch und einem gro\u00dfen Bett ausgestattet ist. Die Beleuchtung von Jon Clark bewegt uns von Raum zu Raum, indem sie das Licht einstrahlt und dann ausblendet. Opernliebhaber eilen herbei, um diese grausame Geschichte eines eifers\u00fcchtigen Ehemanns zu h\u00f6ren, der dem Geliebten seiner Frau das Herz herausschneidet und sie es essen l\u00e4sst. Die verborgene musikalische und dramatische Kunst von Komponist und Librettist h\u00e4lt uns in ihrem Bann. Jeder will dieses Werk noch einmal h\u00f6ren.&#8221;<\/p>\n<p>&nbsp;<\/p>\n\n                            Autor:in: Susan Hall\n                               <\/div>\n                               <div class=\"fm-button-wrapper\" style=\"display:inline-block;\">\n                    <a href=\"https:\/\/slippedisc.com\/2024\/02\/review-berlin-says-eat-your-heart-out\/\" class=\"elementor-button-link fm-button elementor-size-md\" role=\"button\" target='_blank' rel=\"noopener\">\n                        <span class=\"fm-button-content-wrapper\">\n                            \n                          <span class=\"fm-button-text\" style=\"text-transform:uppercase\"><\/span>\n                        <\/span>\n                    <\/a>\n                <\/div>\n                           \n                            <div class=\"modal-footer\">\n                                <button type=\"button\" class=\"btn btn-secondary\" data-dismiss=\"modal\">CLOSE<\/button> \n                            <\/div>\n                        <\/div>\n                    <\/div>\n                <\/div>\n            <\/div>\n          \n        <\/div>\n\n    <\/div>\n\n\n<\/div><\/div>\n\t\t<\/div>\n\t\t\n\t\t\n\t\t<div class=\"row \" style=\"background-color:#fff;\">\n\t\t\t<div class=\"col-md-12\"><div class=\"row termine\">\n    <div class=\"col-md-3 datum align-middle\">\n        <p>February, 2024<\/p>\n        <span class=\"spielstaette2\"><p style=\"text-align: left;\">nova.rs<\/p>\n<\/span>\n    <\/div>\n    <div class=\"col-md-8 konzertname\">\n        <h3 style=\"color:#000; font-weight:700\">&#8220;An exceptionally successful event&#8221;<\/h3>\n     \n      \t<div class=\"row\">\n            <div class=\"col-md-12\">\n               <p>Felix Mildenberger and the Belgrade Philharmonic Orchestra<\/p>\n               \n            <\/div>\n        <\/div>\n        <div class=\"row\" style=\"margin-top:20px;\">\n            <div class=\"col-md-12\">\n                <!-- Button trigger modal -->\n                <button type=\"button\" class=\"elementor-button-link fm-button elementor-size-md\" data-toggle=\"modal\" data-target=\"#an-exceptionally-successful-event\" style=\"display:inline-block; margin-right:20px;\">READ MORE\n                <\/button>\n              <div class=\"fm-button-wrapper\" style=\"display:inline-block;\">\n                    <a href=\"https:\/\/nova.rs\/kultura\/otkucaji-sata-iz-buducnosti-zorica-kojic-o-koncertu-beogradske-filharmonije\/?fbclid=IwAR3FIjYyjbM6NmLHBH6I8pXQrnGTzZdR3IH5cRcKsXfSJcwj0JhrZXLTqik\" class=\"elementor-button-link fm-button elementor-size-md\" role=\"button\" target='_blank' rel=\"noopener\">\n                        <span class=\"fm-button-content-wrapper\">\n                            \n                          <span class=\"fm-button-text\" style=\"text-transform:uppercase\"><\/span>\n                        <\/span>\n                    <\/a>\n                <\/div>\n\n                <!-- Modal -->\n                <div class=\"modal fade\" id=\"an-exceptionally-successful-event\" tabindex=\"-1\" role=\"dialog\"\n                    aria-labelledby=\"exampleModalCenterTitle\" aria-hidden=\"true\">\n                    <div class=\"modal-dialog modal-dialog-centered modal-lg\" role=\"document\">\n                        <div class=\"modal-content\">\n                            <div class=\"modal-header\">\n                                <h5 class=\"modal-title\" id=\"exampleModalLongTitle\">&#8220;An exceptionally successful event&#8221;<br\/><span style=\"font-style: italic; \"><p style=\"text-align: left;\">nova.rs<\/p><\/span><\/h5>\n                                <button type=\"button\" class=\"close\" data-dismiss=\"modal\" aria-label=\"Close\">\n                                    <span aria-hidden=\"true\">&times;<\/span>\n                                <\/button>\n                            <\/div>\n                            <div class=\"modal-body\">\n                            \n                              \n                              <p>&#8220;Das Ticken der Uhr aus der Zukunft: Zorica Koji\u0107 \u00fcber das Konzert der Belgrader Philharmonie<\/p>\n<p>Der junge Maestro Felix Mildenberger k\u00f6nnte sich in den kommenden Jahren als eine gro\u00dfe Bereicherung f\u00fcr die Belgrader Philharmoniker erweisen. Seine au\u00dferordentliche menschliche Freundlichkeit und kluge musikalische Neugier erhellten \u2013 im Verbund mit den scharfsinnigen Philharmonikern beim Konzert letzten Freitag \u2013 den Zuschauerraum im Gro\u00dfen Saal der Kolarac-Stiftung mit einem Licht, das wir schon lange nicht mehr erlebt hatten. Wir wurden Zeugen eines erstklassigen Dialogs (zwischen Dirigent und Orchester) und, wissen Sie was \u2013 der Klangetppich entfaltete sich unmittelbar vor unseren Augen, so wie der Faden der Ariadne, um uns sicher durch die Reize des Labyrinths zu f\u00fchren.<\/p>\n<p>Phantasmagorisches Jonglieren mit T\u00f6nen, ekstatische Rhythmen voller Hoffnung als mehr als freudige Wegweiser durch Epochen, Generationen und individuelle Lebensabschnitte, sowie viel Humor, der die Teile dieses strahlenden Ganzen wie ein Blutkreislauf verbindet \u2013 sie berauschten uns mit Sauerstoff von besonderer Qualit\u00e4t. Das war die Feuertaufe des Abends, nach der pl\u00f6tzlich alles m\u00f6glich schien. Die wunderbare Geste der Belgrader Philharmonie, ihren Kompositionsauftrag aus dem Jahr 2005 wiederzubeleben und einen lokalen Komponisten ins Rampenlicht eines Ereignisses von besonderer kreativer Bedeutung zu r\u00fccken, zeugt von einem seltenen Bewusstsein f\u00fcr eine pers\u00f6nliche Mission in den dynamischen patriotischen Auseinandersetzungen des Alltags.<\/p>\n<p>(&#8230;)<\/p>\n<p>Nach der R\u00fcckkehr aus der Pause wurden wir erneut Zeugen einer brillianten musikalischen Erz\u00e4hlung. Es scheint, dass Maestro Felix Mildenberger (*1990) erst hier dem Publikum die Gesamtheit seiner Sch\u00e4tze raffinierter Fantasie offenbarte, voller lieblicher Finesse, dabei jedoch nie oberfl\u00e4chlich gef\u00e4llig. Seine Kommunikation mit dem Orchester basierte nun noch st\u00e4rker auf emotionaler Subtilit\u00e4t und der Anregung jener Ideen, die in jedem Musiker individuell verborgen sind. Wir h\u00f6rten so hinrei\u00dfende Soli der Konzertmeisterin Tijana Milo\u0161evi\u0107 in \u201eDanse Macabre\u201c von Camille Saint-Sa\u00ebns, einer ergreifenden Erhebung der Mystik des Todes zu einem kontemplativen Verst\u00e4ndnis des Lebens in Gustav Mahlers bevorstehendem \u201eLast Farewell\u201c. Schon ein kleinster Blick der Augen des Maestros ergab ein magisches Detail auf dem Klangteppich.<\/p>\n<p>Doch auch wenn die Titel dieser beiden Werke den Uneingeweihten vielleicht davor zur\u00fcckschrecken lassen \u2013 das Ergebnis war tats\u00e4chlich ein sinnliches Zeugnis der Macht der ungez\u00fcgelten Vorstellungskraft. Die sch\u00f6pferische Begabung und Sensibilit\u00e4t des Geistes, der Einsatz aller im Orchester \u2013 Harfe, Fl\u00f6te, Schlagzeug, der Erfindungsreichtum der Blechbl\u00e4ser, die mit Milligrammgewichten gezielt eingesetzten Streicher, um den Weltrekord in der Subtilit\u00e4t innerer Dialoge zu erreichen \u2013 alles zusammen verwandelte sich im zweiten Teil des Abends in ein bezauberndes Ganzes. Von funkelnden Spielvorschl\u00e4gen an den Dirigenten und einer sofortigen Antwort, und das mit einer blitzartigen Freundlichkeit und einer mitrei\u00dfenden Begeisterung f\u00fcr neue L\u00f6sungen, die sofort in die Tat umgesetzt wurden.<\/p>\n<p>Tats\u00e4chlich war man sich im Laufe der Zeit nicht mehr bewusst, um welche Kompositionen es sich handelte, wessen sie waren oder wie sie hie\u00dfen \u2013 ab einem bestimmten Punkt war es nur noch wichtig, den elektrischen Strom zwischen den Musikern und dem jungen Dirigenten nicht einmal mit dem eigenen Atem zu unterbrechen, &#8211; der Dirigent, der l\u00e4chelnd mit dem Kopf nickt und mit seinem Stock einen spirituellen Kreis wesentlicher musikalischer Ideen zeichnet. Nichts war protzig oder pr\u00e4tenti\u00f6s, sondern mit so viel Lebensfreude, dass es bei allen Anwesenden Spuren hinterlassen hat. So klingt die Zukunft.<\/p>\n<p>Eine au\u00dferordentlich gelungene Veranstaltung.&#8221;<br \/>\n<!--\/data\/user\/0\/com.samsung.android.app.notes\/files\/clipdata\/clipdata_bodytext_240914_105232_920.sdocx--><\/p>\n<p>&nbsp;<\/p>\n<hr \/>\n<p>The Beats of the Future: Zorica Koji\u0107 on the Belgrade Philharmonic Concert<\/p>\n<p>Young maestro Felix Mildenberger could prove to be a significant asset to the Belgrade Philharmonic in the years to come. His extreme human kindness and acute musical curiosity\u2014combined with the sharpness of the &#8220;philharmonists&#8221; at last Friday&#8217;s concert\u2014lit up the audience in the Great Hall of the Kolarac Foundation with a radiance we haven&#8217;t seen in a long time. We were witnessing a conversation of a higher order, and, you know what? The tapestry of sounds was definitely unraveling before our eyes, akin to Ariadne&#8217;s thread, safely guiding us through the charms of the labyrinth.<\/p>\n<p>It began, judging at least by the titles of the pieces on the program, optimistically, but it was supposed to end pessimistically. The original sequence of compositions undoubtedly spoke of refined editorial taste and readiness to embark on concert risk-taking without any fear. Such content of the evening definitely does not belong to the realm of musical confectionery. Rest assured, this is only about high sonic fashion.<br \/>\nIn this regard, the orchestra&#8217;s lavish maneuvers already in the introductory part\u2014The Ticks of a Long-Forgotten Clock by composer Ivan Brklja\u010di\u0107 (b. 1977)\u2014testified from the very start to the magically charged atmosphere on stage and in the audience, especially after that proclamation read by the musicians of the Belgrade Philharmonic at the beginning.<br \/>\nPhantasmagorical juggling of tones, ecstatic rhythms full of hope as more than joyful signposts of epochs, generations, and individual life stages, and much humor that, like bloodstream, connects the parts of this brightly smiling whole\u2014intoxicated us with oxygen of special quality. This was a fiery baptism of the evening, after which everything suddenly seemed possible. The Belgrade Philharmonic&#8217;s wonderful gesture to revive its commission from 2005, bringing a domestic composer into the spotlight of an event of special creative significance, speaks of a rare awareness of personal mission in the dynamic patriotic clashes of everyday life.<br \/>\nThe attractiveness of violinist Sergey Krilov (b. 1970) on stage is widely known. Today, he represents an artist of extremely receptive energy, with a seemingly antiquated aura, but of completely modern aesthetics and the athleticism of muscles and nerves. His dedicated performing intuition awakens exciting memories of the practices of legendary virtuosos; his sound is reliably warm but also contains a certain dose of unprogrammed rebelliousness\u2014in short, here you hear a cocktail of perfect subtleties that easily captivate the attention of the aroused visitor.<br \/>\nListening to Krilov interpret Paganini&#8217;s Violin Concerto No. 1, Op. 6 in D major, you cannot escape the impression that everything is fatally ablaze\u2014almost expecting that at a certain note, at one of those endlessly high peaks of this fierce confrontation with the instrument, things will completely slip out of control and be consumed by fatal flames, both the violin and its player. But, Sergey Krilov wouldn&#8217;t be what he is if he didn&#8217;t master this authentic performance peril with strong reins of interpretative sagacity, which prevent him from slipping into the abyss. The result is the presence of all that diabolical and astonishing\u2014what we expect from a live interpretation of Niccol\u00f2 Paganini\u2014but alongside that, we also get brilliantly lubricated machinery of common sense as a listener&#8217;s support.<br \/>\nSergey Krilov is not calculated by a hair, of course. It&#8217;s just that his fervor in this piece never crosses the bounds of the abyss, and we feel safe and preserved from the ugly crash to the bottom of the abyss due to any inappropriate exaggeration. That&#8217;s why Krilov is a respectable artist with a heart, not a cheap showman.<br \/>\nUpon returning from the break, we were literally exposed to a lecture on music without remainder. It seems that it was only here that Maestro Felix Mildenberger (b. 1990) unfolded before the audience the entirety of his treasury of refined fantasy, full of lovely subtleties but not superficially pleasing. His communication with the orchestra now was even more deeply based on emotional sensitivity and the encouragement of ideas that are hidden in each musician individually. We heard such enchanting solos from concertmaster Tijana Milo\u0161evi\u0107 in Camille Saint-Sa\u00ebns&#8217;s Danse Macabre, the emotionally stirring elevation of the mystique of death to contemplative understanding of life in Gustav Mahler&#8217;s Adagietto from his Symphony No. 5. Even a fleeting glance from the maestro immediately resulted in a magical detail on the loom of sound.<br \/>\nBut, even if the titles of these two pieces might lead the uninitiated to be somewhat wary of them, the result was actually a sensory testimony to the powers of unbridled imagination. Creative gift and sensitivity of spirit, giving one&#8217;s all in the orchestra\u2014the harp, the flute, the percussionists, the inventiveness of the wind sections, the strings directed with milligram-measured weights towards achieving a world record in the subtlety of inner dialogues\u2014all together, during the second part of the evening, turned into a captivating beehive of sparkling player suggestions to the conductor and instant getting of answers, and that with a flash of kindness and exciting enthusiasm for new solutions, carried out on the spot.<br \/>\nIn fact, as time went by, you were no longer aware of compositions, whose they were, or what their names were\u2014from a certain moment, it became only important not to interrupt with your own breath that flowing whirlpool between each performer and their young conductor, who with a smile nods his head and with his baton draws a spiritual circle of essential musical ideas. Nothing was pretentious, but it left a mark on everyone present with so much life spirit. Truly the beats of the future.<br \/>\nAn exceptionally successful event.<\/p>\n<p>&nbsp;<\/p>\n\n                            Autor:in: Zorica Koji\u0107\n                               <\/div>\n                               <div class=\"fm-button-wrapper\" style=\"display:inline-block;\">\n                    <a href=\"https:\/\/nova.rs\/kultura\/otkucaji-sata-iz-buducnosti-zorica-kojic-o-koncertu-beogradske-filharmonije\/?fbclid=IwAR3FIjYyjbM6NmLHBH6I8pXQrnGTzZdR3IH5cRcKsXfSJcwj0JhrZXLTqik\" class=\"elementor-button-link fm-button elementor-size-md\" role=\"button\" target='_blank' rel=\"noopener\">\n                        <span class=\"fm-button-content-wrapper\">\n                            \n                          <span class=\"fm-button-text\" style=\"text-transform:uppercase\"><\/span>\n                        <\/span>\n                    <\/a>\n                <\/div>\n                           \n                            <div class=\"modal-footer\">\n                                <button type=\"button\" class=\"btn btn-secondary\" data-dismiss=\"modal\">CLOSE<\/button> \n                            <\/div>\n                        <\/div>\n                    <\/div>\n                <\/div>\n            <\/div>\n          \n        <\/div>\n\n    <\/div>\n\n\n<\/div><\/div>\n\t\t<\/div>\n\t\t\n\t\t\n\t\t<div class=\"row \" style=\"background-color:#fff;\">\n\t\t\t<div class=\"col-md-12\"><div class=\"row termine\">\n    <div class=\"col-md-3 datum align-middle\">\n        <p>February, 2024<\/p>\n        <span class=\"spielstaette2\"><p>Th\u00fcringische Landeszeitung<\/p>\n<\/span>\n    <\/div>\n    <div class=\"col-md-8 konzertname\">\n        <h3 style=\"color:#000; font-weight:700\">&#8220;Das Orchester zaubert ber\u00fchrende Klangwelten&#8221;<\/h3>\n     \n      \t<div class=\"row\">\n            <div class=\"col-md-12\">\n               <p>Felix Mildenberger und die Jenaer Philharmonie<\/p>\n               \n            <\/div>\n        <\/div>\n        <div class=\"row\" style=\"margin-top:20px;\">\n            <div class=\"col-md-12\">\n                <!-- Button trigger modal -->\n                <button type=\"button\" class=\"elementor-button-link fm-button elementor-size-md\" data-toggle=\"modal\" data-target=\"#das-orchester-zaubert-beruehrende-klangwelten\" style=\"display:inline-block; margin-right:20px;\">READ MORE\n                <\/button>\n              <div class=\"fm-button-wrapper\" style=\"display:inline-block;\">\n                    <a href=\"https:\/\/www.pressreader.com\/germany\/thuringische-landeszeitung-jena\/20240203\/281977497513637?srsltid=AfmBOop1TPBAMRe_DwGSs38hEm2MEbfRawFzU_Ou1x-PhVRHyvpMTLzt\" class=\"elementor-button-link fm-button elementor-size-md\" role=\"button\" target='_blank' rel=\"noopener\">\n                        <span class=\"fm-button-content-wrapper\">\n                            \n                          <span class=\"fm-button-text\" style=\"text-transform:uppercase\"><\/span>\n                        <\/span>\n                    <\/a>\n                <\/div>\n\n                <!-- Modal -->\n                <div class=\"modal fade\" id=\"das-orchester-zaubert-beruehrende-klangwelten\" tabindex=\"-1\" role=\"dialog\"\n                    aria-labelledby=\"exampleModalCenterTitle\" aria-hidden=\"true\">\n                    <div class=\"modal-dialog modal-dialog-centered modal-lg\" role=\"document\">\n                        <div class=\"modal-content\">\n                            <div class=\"modal-header\">\n                                <h5 class=\"modal-title\" id=\"exampleModalLongTitle\">&#8220;Das Orchester zaubert ber\u00fchrende Klangwelten&#8221;<br\/><span style=\"font-style: italic; \">Th\u00fcringische Landeszeitung<\/span><\/h5>\n                                <button type=\"button\" class=\"close\" data-dismiss=\"modal\" aria-label=\"Close\">\n                                    <span aria-hidden=\"true\">&times;<\/span>\n                                <\/button>\n                            <\/div>\n                            <div class=\"modal-body\">\n                            \n                              \n                              <header>\n<hgroup><\/hgroup>\n<p>&#8220;Als feierliche Klangwelten unter Leitung des jungen Meisterdirigenten Felix Mildenberger durch den Volkshaussaal schwebten, ahnte man bereits, dass eine bewegende Programmfolge zu erleben sein wird.&#8221;<\/p>\n<\/header>\n<div data-bind=\"foreach: articleBlocks\">\n<p data-bind=\"text: $data\">&#8220;Bravo f\u00fcr Solist, Dirigent und Orchester!&#8221;<\/p>\n<p data-bind=\"text: $data\">&#8220;Riesenbeifall gab es f\u00fcr Felix Mildenberger und die Philharmoniker f\u00fcr mehr als nur Orchestermusik, ein St\u00fcck bewegende Zeitgeschichte war zu erleben.&#8221;<\/p>\n<p data-bind=\"text: $data\">\n<\/div>\n<hr \/>\n<p>&#8220;As solemn worlds of sound floated through the Volkshaussaal under the direction of the young master conductor Felix Mildenberger, one could already sense that a moving programme was about to be experienced.&#8221;<\/p>\n<p>&#8220;Bravo for soloist, conductor and orchestra!&#8221;<\/p>\n<p>&#8220;There was huge applause for Felix Mildenberger and the Philharmoniker for more than just orchestral music, a piece of moving contemporary history was to be experienced.&#8221;<\/p>\n<div class=\"article-metadata\">\n<div class=\"metadata-table\" aria-label=\"Article Details\">\n<div class=\"mdt-item\"><\/div>\n<\/div>\n<\/div>\n\n                            Autor:in: Hans Lehmann\n                               <\/div>\n                               <div class=\"fm-button-wrapper\" style=\"display:inline-block;\">\n                    <a href=\"https:\/\/www.pressreader.com\/germany\/thuringische-landeszeitung-jena\/20240203\/281977497513637?srsltid=AfmBOop1TPBAMRe_DwGSs38hEm2MEbfRawFzU_Ou1x-PhVRHyvpMTLzt\" class=\"elementor-button-link fm-button elementor-size-md\" role=\"button\" target='_blank' rel=\"noopener\">\n                        <span class=\"fm-button-content-wrapper\">\n                            \n                          <span class=\"fm-button-text\" style=\"text-transform:uppercase\"><\/span>\n                        <\/span>\n                    <\/a>\n                <\/div>\n                           \n                            <div class=\"modal-footer\">\n                                <button type=\"button\" class=\"btn btn-secondary\" data-dismiss=\"modal\">CLOSE<\/button> \n                            <\/div>\n                        <\/div>\n                    <\/div>\n                <\/div>\n            <\/div>\n          \n        <\/div>\n\n    <\/div>\n\n\n<\/div><\/div>\n\t\t<\/div>\n\t\t\n\t\t\n\t\t<div class=\"row \" style=\"background-color:#fff;\">\n\t\t\t<div class=\"col-md-12\"><div class=\"row termine\">\n    <div class=\"col-md-3 datum align-middle\">\n        <p>October, 2023<\/p>\n        <span class=\"spielstaette2\"><p>Il Salice<\/p>\n<\/span>\n    <\/div>\n    <div class=\"col-md-8 konzertname\">\n        <h3 style=\"color:#000; font-weight:700\">Felix Mildenberger &#8211; musica dall&#8217;anima<\/h3>\n     \n      \t<div class=\"row\">\n            <div class=\"col-md-12\">\n               <p>Interview with Felix Mildenberger ahead of his concert with the Filarmonica TRT<\/p>\n               \n            <\/div>\n        <\/div>\n        <div class=\"row\" style=\"margin-top:20px;\">\n            <div class=\"col-md-12\">\n                <!-- Button trigger modal -->\n                <button type=\"button\" class=\"elementor-button-link fm-button elementor-size-md\" data-toggle=\"modal\" data-target=\"#felix-mildenberger-musica-dallanima\" style=\"display:inline-block; margin-right:20px;\">READ MORE\n                <\/button>\n              <div class=\"fm-button-wrapper\" style=\"display:inline-block;\">\n                    <a href=\"https:\/\/ilsaliceweb.liceovalsalice.it\/2023\/10\/24\/felix-mildenberger\/\" class=\"elementor-button-link fm-button elementor-size-md\" role=\"button\" target='_blank' rel=\"noopener\">\n                        <span class=\"fm-button-content-wrapper\">\n                            <span class=\"fm-button-text\">VISIT WEBSITE<\/span>\n                          \n                        <\/span>\n                    <\/a>\n                <\/div>\n\n                <!-- Modal -->\n                <div class=\"modal fade\" id=\"felix-mildenberger-musica-dallanima\" tabindex=\"-1\" role=\"dialog\"\n                    aria-labelledby=\"exampleModalCenterTitle\" aria-hidden=\"true\">\n                    <div class=\"modal-dialog modal-dialog-centered modal-lg\" role=\"document\">\n                        <div class=\"modal-content\">\n                            <div class=\"modal-header\">\n                                <h5 class=\"modal-title\" id=\"exampleModalLongTitle\">Felix Mildenberger &#8211; musica dall&#8217;anima<br\/><span style=\"font-style: italic; \">Il Salice<\/span><\/h5>\n                                <button type=\"button\" class=\"close\" data-dismiss=\"modal\" aria-label=\"Close\">\n                                    <span aria-hidden=\"true\">&times;<\/span>\n                                <\/button>\n                            <\/div>\n                            <div class=\"modal-body\">\n                            \n                              <img loading=\"lazy\" loading=\"lazy\" loading=\"lazy\" decoding=\"async\" width=\"300\" height=\"64\" src=\"https:\/\/felixmildenberger.com\/wp-content\/uploads\/2025\/02\/LogoSalice2-300x64.png\" class=\"attachment-medium alignleft\" alt=\"\" title=\"LogoSalice2\" style=\"\" srcset=\"https:\/\/felixmildenberger.com\/wp-content\/uploads\/2025\/02\/LogoSalice2-300x64.png 300w, https:\/\/felixmildenberger.com\/wp-content\/uploads\/2025\/02\/LogoSalice2-1024x218.png 1024w, https:\/\/felixmildenberger.com\/wp-content\/uploads\/2025\/02\/LogoSalice2-768x164.png 768w, https:\/\/felixmildenberger.com\/wp-content\/uploads\/2025\/02\/LogoSalice2-1536x327.png 1536w, https:\/\/felixmildenberger.com\/wp-content\/uploads\/2025\/02\/LogoSalice2.png 1774w\" sizes=\"auto, (max-width: 300px) 100vw, 300px\" \/>\n                              <h4><strong>Felix Mildenberger, Musik aus der Seele<\/strong><\/h4>\n<p>Am Montag, dem 23. Oktober, fand im Teatro Regio in Turin das erste Konzert der Musiksaison &#8220;I Concerti 2023-2024&#8221; der Filarmonica TRT statt, und zu den Kooperationen, die darauf abzielen, ein neues, junges Publikum anzusprechen, geh\u00f6rt auch die mit Valsalice.<\/p>\n<p>Felix Mildenberger, Erster Gastdirigent der Filarmonica TRT, dirigiert das Orchester bei der Auff\u00fchrung von &#8220;Appalachian Spring, Suite from the Ballet&#8221; des amerikanischen Komponisten Aaron Copland und Gustav Mahlers &#8220;Symphonie Nr. 4 in G-Dur in vier Takten f\u00fcr Orchester und Sopransolo&#8221;, ein lebhafter, vielseitiger und eleganter junger Maestro, das Gesicht der klassischen Musik von morgen. Wir hatten die Gelegenheit, ihn zu interviewen und einige seiner Geheimnisse zu erfahren.<\/p>\n<p>&nbsp;<\/p>\n<p><strong>Warum haben Sie sich f\u00fcr dieses Repertoire entschieden?<\/strong><\/p>\n<p>Die Zusammenarbeit mit der Filarmonica TRT begann vor f\u00fcnf Jahren, und von da an kam ich regelm\u00e4\u00dfig, etwa zweimal im Jahr. Der Grundgedanke war von Anfang an, so viele Facetten des Repertoires wie m\u00f6glich in jedes Konzert einzubringen, einschlie\u00dflich franz\u00f6sischer, englischer und deutscher Werke. Wir stellten fest, dass \u00a0Mahler noch fehlte, und ein wichtiger Anlass, seine Musik zu spielen; mit der Feier zum 20-j\u00e4hrigen Bestehen der Filarmonica TRT war die Wahl daher naheliegend. Ich w\u00fcrde Mahlers Musik als den H\u00f6hepunkt der Orchestermusik bezeichnen, denn es gibt zwei Aspekte, die sie auszeichnen: Erstens ist er ein so bewegender und emotionaler Komponist, dass es ihm gelingt, auch ein Publikum zu erreichen, das es nicht gewohnt ist, klassische Musik zu h\u00f6ren. Es ist, als ob Mahler eine universelle Sprache gefunden h\u00e4tte, die mit jedem, der ihm zuh\u00f6rt, kommunizieren kann; zweitens ist er aus der Sicht eines Dirigenten besonders interessant, da er selbst Dirigent war und eine au\u00dfergew\u00f6hnliche Pr\u00e4zision in der Art und Weise hat, wie er Partituren schreibt.\u00a0 Wenn ich andere Komponisten studiere, f\u00fclle ich die Partituren oft mit Fragezeichen, bei Mahler passiert das nicht, es ist, als ob er alle Zweifel oder Zweideutigkeiten vorausgesehen h\u00e4tte, so dass das Studium und Dirigieren bei ihm viel direkter und intuitiver ist.<\/p>\n<p>&nbsp;<\/p>\n<p><strong>Welche grundlegenden Qualit\u00e4ten sollte ein Dirigent haben?<\/strong><\/p>\n<p>Es gibt zwei grundlegende Aspekte dieser Art von Arbeit: der erste ist sehr theoretisch und erfordert nicht nur eine lange einsame Vorbereitung zu Hause, sondern auch eine gewisse Sensibilit\u00e4t des Geh\u00f6rs, eine Analyse und technische Kenntnis des aufzuf\u00fchrenden St\u00fccks und der Musik selbst; der zweite hingegen, der bei der Arbeit vor und mit dem Orchester wichtig ist, ist ein eher psychologischer und menschlicher Aspekt. Denn wie gut die Musiker auch vorbereitet sein m\u00f6gen und wie gut ich auch vorbereitet bin, ich muss ihnen meine Ideen nahe bringen und sie \u00fcberzeugen. Zu sagen &#8220;Ihr m\u00fcsst das so machen. Es muss so gespielt werden&#8217;, reicht nicht aus, man muss eine Verbindung schaffen. Wie bringt man eine Gruppe von sechzig, achtzig oder gar hundert Leuten dazu, einer einzigen Idee zu folgen? Indem man sie inspiriert, und das tut man, indem man Geschichten erz\u00e4hlt, Bilder kreiert und ihnen eine Vorstellung von dem Sound vermittelt, den man haben m\u00f6chte, weshalb Kommunikation so wichtig ist.<\/p>\n<p>&nbsp;<\/p>\n<p><strong>Welchen Weg sollte man einschlagen, um eine Karriere in diesem Bereich zu verfolgen?<\/strong><\/p>\n<p>Mein Rat ist, von klein auf Opernauff\u00fchrungen und Konzerte zu besuchen, damit der Zugang zur Musik nicht k\u00fcnstlich ist, sondern echt und Teil der eigenen DNA. Je fr\u00fcher man anf\u00e4ngt, sie zu h\u00f6ren und sich an sie zu gew\u00f6hnen, desto besser wird man die St\u00fccke verstehen, wenn man sie sp\u00e4ter selbst auff\u00fchrt; andererseits ergibt das Dirigieren eines Orchesters selbst erst ab einem bestimmten Alter Sinn. Man muss bedenken, dass man sich als Anf\u00fchrer einer Gruppe pr\u00e4sentiert, die teilweise aus Leuten besteht, die \u00e4lter und erfahrerer sind als man selbst.<\/p>\n<p>&nbsp;<\/p>\n<p><strong>Gibt es Pers\u00f6nlichkeiten in Ihrem Leben oder K\u00fcnstler, die Sie besonders inspiriert haben?<\/strong><\/p>\n<p>Es gibt viele Menschen, die mich inspiriert haben. Die ersten, die zu einer eher privaten Sph\u00e4re meines Lebens geh\u00f6ren, sind sicherlich meine ersten Meister, die Klavier- und Dirigiermeister; dann gibt es einige bekannte Pers\u00f6nlichkeiten wie Paavo J\u00e4rvi, der heute Chefdirigent des Tonhalle-Orchesters Z\u00fcrich ist. Ich habe bei ihm im Rahmen seiner Meisterkurse studiert, und er hat mir viel beigebracht, vor allem in der Art und Weise, wie er diesen Beruf lebt, d.h. dass er erkannt hat, dass die Musiker heute technisch immer versierter sind und der Dirigent nicht mehr so sehr eine Figur ist, die befiehlt, wie es vor Jahrzehnten der Fall war, sondern eine, die inspiriert. Darin hat er mich sehr inspiriert, auch in seinem Humor und in den Gesten, mit denen er dirigierte.<\/p>\n<p>&nbsp;<\/p>\n<p><strong>Glauben Sie, dass Musik wieder als Schulfach eingef\u00fchrt werden sollte?<\/strong><\/p>\n<p>Auf jeden Fall! Ich finde es schrecklich, dass Musik nach und nach aus dem Lehrplan gestrichen wird. Ich sage das nicht, weil ich Musiker bin oder weil ich denke, dass jeder das lieben sollte, was ich liebe, das Interesse ist eindeutig ein pers\u00f6nlicher Faktor, aber wenn man bedenkt, dass unser Gehirn aus zwei Hemisph\u00e4ren besteht, einer kreativen und einer analytischen, dann muss es ein Gleichgewicht zwischen ihnen geben, ein Gleichgewicht, das meiner Meinung nach in einer Zeit wie der heutigen nicht mehr gegeben ist, in der haupts\u00e4chlich F\u00e4cher wie Chemie, Physik, Mathematik und Wirtschaft studiert werden, die absolut grundlegend sind, aber alle die gleiche Art des Denkens erfordern. Das Studium der Musik ver\u00e4ndert den Menschen tiefgreifend: Ich wei\u00df, dass das ein wichtiger Satz ist, aber ich meine es wirklich so, und wenn das bei jemandem auch nur einen Funken ausl\u00f6st und ihn dazu bringt, in ein Orchester einzutreten, dann setzt das bestimmte F\u00e4higkeiten frei, die oft \u00fcbersehen werden. Das sind F\u00e4higkeiten, die vielleicht dadurch entstehen, dass man mit einem Kollegen den gleichen Notenst\u00e4nder teilt, dass man den Anweisungen des Dirigenten folgt, dass man die Pausen in der Partitur respektiert oder dass man die Instrumente der anderen h\u00f6rt und analysiert.<\/p>\n<p>&nbsp;<\/p>\n<hr \/>\n<p>&nbsp;<\/p>\n<h4><strong>Felix Mildenberger, music from the soul<\/strong><\/h4>\n<p>On Monday, 23 October, the first appointment of the musical season &#8216;I Concerti 2023-2024&#8217; of the Filarmonica TRT was held at the Teatro Regio in Turin, and among the collaborations aimed at involving new young audiences was the one with Valsalice.<\/p>\n<p>Conducting the orchestra in the performance of American composer Aaron Copland&#8217;s &#8216;Appalachian Spring, Suite from the Ballet&#8217; and Gustav Mahler&#8217;s &#8216;Symphony No. 4 in G Major Mouvements for Orchestra and Soprano Solo&#8217; is Felix Mildenberger, Principal Guest Conductor of the Filarmonica TRT, a lively, versatile and elegant young maestro, the face of tomorrow&#8217;s classical music. We had the opportunity to interview him and learn some of his secrets.<\/p>\n<p>&nbsp;<\/p>\n<p><strong>What is the reason for choosing this repertoire?<\/strong><\/p>\n<p>The collaboration with the Filarmonica TRT began five years ago and from there I started coming regularly, about twice a year. From the beginning, the main idea was to bring as many facets of repertoire as possible, including French, English and German, to each concert. We realised that we still lacked Mahler and an important occasion on which to play him; with the 20th anniversary celebration of the Filarmonica TRT, the choice was therefore immediate. I would define Mahler&#8217;s music as the pinnacle of orchestral music, there are these two aspects that distinguish it: the first is that he is such a moving and emotional composer that he manages to reach even audiences who are not used to listening to classical music. It is as if Mahler had found a universal language that can communicate with anyone who listens to him; the second is that from the point of view of a conductor he is particularly interesting, having been a conductor himself he has an extraordinary precision in the way he writes scores.\u00a0 When I study other composers I often fill the scores with question marks, with Mahler&#8217;s this does not happen, it is as if he foresaw any doubts or ambiguities, so studying and conducting him is much more direct and intuitive.<\/p>\n<p>&nbsp;<\/p>\n<p><strong>What are the fundamental qualities a conductor should have?<\/strong><\/p>\n<p>There are two fundamental aspects of this type of work: the first is very theoretical, requiring not only a long solitary preparation at home but also a certain sensitivity of the ear, an analysis and technical knowledge of the piece to be performed and of the music itself; the second, on the other hand, which is important in the work in front of and with the orchestra, is a more psychological and human aspect. In fact, however prepared the musicians may be and however prepared I may be, I need to bring my ideas to them and convince them. Simply saying &#8216;You have to do it like this. You have to play it like this&#8217; is not enough, you have to create a bond. How do you get a group of sixty, eighty or even a hundred people to follow a single idea? By inspiring them, and you do that by telling stories, creating images and giving them an idea of the sound you want to have, which is why good communication is crucial.<\/p>\n<p>&nbsp;<\/p>\n<p><strong>What kind of path should one follow to pursue a career in this field?<\/strong><\/p>\n<p>My advice is to start attending opera performances and concerts as you grow up, so that your approach to music is not artificial, but genuine and part of your DNA. The earlier one starts listening to it and getting used to it, the better one will be able to understand the pieces once one has the chance to perform them; on the other hand, conducting the orchestra itself does not really make sense before a certain age. You have to consider that you are presenting yourself as a &#8216;guide&#8217; to a group normally made up of people who are older and more experienced than yourself, so knowing how to conduct musicians with years of experience more than you is fundamental.<\/p>\n<p>&nbsp;<\/p>\n<p><strong>Have there been any figures in your life or artists who have particularly inspired you?<\/strong><\/p>\n<p>There are many people who have inspired me. The first ones, who belong to a more private sphere of my life, are definitely my first teachers, the piano and conducting teachers and mentors; then there are a couple of well-known ones like Paavo J\u00e4rvi, who is now the principal conductor of the Zurich Tonhalle orchestra. I studied with him during his masterclasses and he taught me a lot, especially in the way he lives this profession, i.e. realising that musicians are nowadays more and more technically proficient and the conductor is no longer so much a figure who commands, as he was decades ago, but one who inspires. In this he inspired me a lot, both in his humour and in the very gestures with which he conducted.<\/p>\n<p>&nbsp;<\/p>\n<p><strong>Do you think music should be reintroduced as a school subject?<\/strong><\/p>\n<p>Absolutely, I am terrified that they are gradually removing it from the school curriculum. Clearly it has to be done well to make sense, music education has to have value and I&#8217;m not saying this because I&#8217;m a musician or because I think everyone should love what I love, interest is clearly a personal factor, but given that our brain is said to be made up of two hemispheres, one creative and the other analytical, there has to be balance between them, a balance that I notice is no longer there at a time like the present when subjects like chemistry, physics, mathematics and economics are mainly studied, which are absolutely fundamental but all require the same way of thinking. Studying music changes you profoundly as a human being: I know that&#8217;s an important sentence to say, but I really mean it, and if this can even set off a spark in someone and lead them to join an orchestra, it unlocks certain capacities that are often overlooked. These are abilities that can arise perhaps from sharing the same music stand with a colleague, from following a conductor&#8217;s instructions, from respecting the pause bars of one&#8217;s score or from listening to and analysing each other&#8217;s instruments.<\/p>\n<p>&nbsp;<\/p>\n\n                            Autor:in: Serena Xu\n                               <\/div>\n                               <div class=\"fm-button-wrapper\" style=\"display:inline-block;\">\n                    <a href=\"https:\/\/ilsaliceweb.liceovalsalice.it\/2023\/10\/24\/felix-mildenberger\/\" class=\"elementor-button-link fm-button elementor-size-md\" role=\"button\" target='_blank' rel=\"noopener\">\n                        <span class=\"fm-button-content-wrapper\">\n                            <span class=\"fm-button-text\">VISIT WEBSITE<\/span>\n                          \n                        <\/span>\n                    <\/a>\n                <\/div>\n                           \n                            <div class=\"modal-footer\">\n                                <button type=\"button\" class=\"btn btn-secondary\" data-dismiss=\"modal\">CLOSE<\/button> \n                            <\/div>\n                        <\/div>\n                    <\/div>\n                <\/div>\n            <\/div>\n          \n        <\/div>\n\n    <\/div>\n\n\n<\/div><\/div>\n\t\t<\/div>\n\t\t\n\t\t\n\t\t<div class=\"row \" style=\"background-color:#fff;\">\n\t\t\t<div class=\"col-md-12\"><div class=\"row termine\">\n    <div class=\"col-md-3 datum align-middle\">\n        <p>October, 2023<\/p>\n        <span class=\"spielstaette2\"><p>Darmst\u00e4dter Echo<\/p>\n<\/span>\n    <\/div>\n    <div class=\"col-md-8 konzertname\">\n        <h3 style=\"color:#000; font-weight:700\">&#8220;Ewig flirrt der Naturton&#8221;<\/h3>\n     \n      \t<div class=\"row\">\n            <div class=\"col-md-12\">\n               <p>Felix Mildenberger und die Deutsche Philharmonie Merck in Darmstadt<\/p>\n               \n            <\/div>\n        <\/div>\n        <div class=\"row\" style=\"margin-top:20px;\">\n            <div class=\"col-md-12\">\n                <!-- Button trigger modal -->\n                <button type=\"button\" class=\"elementor-button-link fm-button elementor-size-md\" data-toggle=\"modal\" data-target=\"#ewig-flirrt-der-naturton\" style=\"display:inline-block; margin-right:20px;\">READ MORE\n                <\/button>\n              \n\n                <!-- Modal -->\n                <div class=\"modal fade\" id=\"ewig-flirrt-der-naturton\" tabindex=\"-1\" role=\"dialog\"\n                    aria-labelledby=\"exampleModalCenterTitle\" aria-hidden=\"true\">\n                    <div class=\"modal-dialog modal-dialog-centered modal-lg\" role=\"document\">\n                        <div class=\"modal-content\">\n                            <div class=\"modal-header\">\n                                <h5 class=\"modal-title\" id=\"exampleModalLongTitle\">&#8220;Ewig flirrt der Naturton&#8221;<br\/><span style=\"font-style: italic; \">Darmst\u00e4dter Echo<\/span><\/h5>\n                                <button type=\"button\" class=\"close\" data-dismiss=\"modal\" aria-label=\"Close\">\n                                    <span aria-hidden=\"true\">&times;<\/span>\n                                <\/button>\n                            <\/div>\n                            <div class=\"modal-body\">\n                            \n                              \n                              <p>&#8220;Ein magisches Konzert besitze immer dann &#8220;etwas Geheimnisvolles, Unerkl\u00e4rliches, wenn alle gemeinsam atmen, den gleichen musikalischen Schwerpunkt empfinden, die gleiche Schwingung&#8221;. Das hat der junge Dirigent Felix Mildenberger einmal gesagt, der jetzt im Staatstheater Darmstadt von sich h\u00f6ren lie\u00df. Er, der bereits bei Simon Rattle und Paavo J\u00e4rvi assistierte und viele gro\u00dfe Orchester dirigierte, ist kein Exzentriker am Pult. Er agiert einf\u00fchlsam-geschmeidig, holt mit den Armen weit aus, um in Kreisbewegungen die Streicher mitzunehmen, wenn sie ein sich wiederholendes Motiv spannungsreich an- und abschwellend lassen, zugleich setzt er mit dem Taktstock feine Akzente Richtung Bl\u00e4ser. Es gibt Fl\u00f6tent\u00f6ne und Vogelzwitschern &#8211; insgesamt ein eigent\u00fcmlich-unheimliches Klangbild. Und doch f\u00fcgt sich alles zu einem orchestralen Ganzen. Dies ist nur ein spannender Moment in Gustav Mahlers erster Sinfonie, die der Komponist als junger Mann nach Jean Pauls vierb\u00e4ndigem Werk &#8220;Titan&#8221; benannte.&#8221;<\/p>\n<p>&#8220;Die Deutsche Philharmonie spielt im gro\u00dfen Saal des Staatstheaters dieses vielschichtige Werk zwischen Freude und Merck Schmerz, Lebendigkeit und Todessehnsucht so facettenreich und sprunghaft, wie es gemeint war. Die flie\u00dfend-melodischen Motive aus Mahlers eigenem Zyklus &#8220;Lieder eines fahrenden Gesellen&#8221; kommen zu ihrem Recht wie auch das bekannteste in der Sinfonie verarbeitete Thema, &#8220;Bruder Jakob&#8221;.<\/p>\n<p>&#8220;F\u00fcr den Abend gibt es lange anhaltenden Applaus.&#8221;<\/p>\n<p>&nbsp;<\/p>\n<hr \/>\n<p>&nbsp;<\/p>\n<p>&#8220;A magical concert always has &#8220;something mysterious, inexplicable, when everyone breathes together, feels the same musical centre of gravity, the same vibration&#8221;. This was once said by the young conductor Felix Mildenberger, who has now made a name for himself at the Staatstheater Darmstadt. He, who has already assisted Simon Rattle and Paavo J\u00e4rvi and conducted many large orchestras, is no eccentric on the podium. He acts sensitively and smoothly, reaching out with his arms to take the strings with him in circular movements when they let a repeated motif swell and ebb with tension, while at the same time he uses the baton to set subtle accents towards the winds. There are flute notes and birdsong &#8211; all in all a peculiarly eerie sound. And yet everything comes together to form an orchestral whole. This is just one exciting moment in Gustav Mahler&#8217;s first symphony, which the composer named after Jean Paul&#8217;s four-volume work &#8220;Titan&#8221; when he was a young man.&#8221;<\/p>\n<p>&#8220;The Deutsche Philharmonie performs this multi-layered work between joy and Merck pain, liveliness and longing for death in the large hall of the Staatstheater as multifaceted and erratic as it was intended. The flowing, melodic motifs from Mahler&#8217;s own cycle &#8220;Lieder eines fahrenden Gesellen&#8221; come into their own, as does the most famous theme in the symphony, &#8220;Bruder Jakob&#8221;.<\/p>\n<p>&#8220;The evening was greeted with long applause.&#8221;<\/p>\n\n                            Autor:in: Bettina Bergstedt\n                               <\/div>\n                               \n                           \n                            <div class=\"modal-footer\">\n                                <button type=\"button\" class=\"btn btn-secondary\" data-dismiss=\"modal\">CLOSE<\/button> \n                            <\/div>\n                        <\/div>\n                    <\/div>\n                <\/div>\n            <\/div>\n          \n        <\/div>\n\n    <\/div>\n\n\n<\/div><\/div>\n\t\t<\/div>\n\t\t\n\t\t\n\t\t<div class=\"row \" style=\"background-color:#fff;\">\n\t\t\t<div class=\"col-md-12\"><div class=\"row termine\">\n    <div class=\"col-md-3 datum align-middle\">\n        <p>June, 2023<\/p>\n        <span class=\"spielstaette2\"><p>bachtrack.com<\/p>\n<\/span>\n    <\/div>\n    <div class=\"col-md-8 konzertname\">\n        <h3 style=\"color:#000; font-weight:700\">&#8220;El valor de la juventud&#8221;<\/h3>\n     \n      \t<div class=\"row\">\n            <div class=\"col-md-12\">\n               <p>Felix Mildenberger dirigiert das Orquesta Sinf\u00f3nica de Tenerife<\/p>\n               \n            <\/div>\n        <\/div>\n        <div class=\"row\" style=\"margin-top:20px;\">\n            <div class=\"col-md-12\">\n                <!-- Button trigger modal -->\n                <button type=\"button\" class=\"elementor-button-link fm-button elementor-size-md\" data-toggle=\"modal\" data-target=\"#el-valor-de-la-juventud\" style=\"display:inline-block; margin-right:20px;\">READ MORE\n                <\/button>\n              <div class=\"fm-button-wrapper\" style=\"display:inline-block;\">\n                    <a href=\"https:\/\/bachtrack.com\/es_ES\/critica-tenerife-auditorio-orquesta-sinfonica-tenerife-mildenberger-gegechkori-chaikovski-dvorak-junio-2023\" class=\"elementor-button-link fm-button elementor-size-md\" role=\"button\" target='_blank' rel=\"noopener\">\n                        <span class=\"fm-button-content-wrapper\">\n                            \n                          <span class=\"fm-button-text\" style=\"text-transform:uppercase\"><\/span>\n                        <\/span>\n                    <\/a>\n                <\/div>\n\n                <!-- Modal -->\n                <div class=\"modal fade\" id=\"el-valor-de-la-juventud\" tabindex=\"-1\" role=\"dialog\"\n                    aria-labelledby=\"exampleModalCenterTitle\" aria-hidden=\"true\">\n                    <div class=\"modal-dialog modal-dialog-centered modal-lg\" role=\"document\">\n                        <div class=\"modal-content\">\n                            <div class=\"modal-header\">\n                                <h5 class=\"modal-title\" id=\"exampleModalLongTitle\">&#8220;El valor de la juventud&#8221;<br\/><span style=\"font-style: italic; \">bachtrack.com<\/span><\/h5>\n                                <button type=\"button\" class=\"close\" data-dismiss=\"modal\" aria-label=\"Close\">\n                                    <span aria-hidden=\"true\">&times;<\/span>\n                                <\/button>\n                            <\/div>\n                            <div class=\"modal-body\">\n                            \n                              \n                              <p>&#8220;Mildenberger und das Orchester arbeiteten hervorragend zusammen, wobei sie den melodischen und koloristischen Aspekten gro\u00dfe Aufmerksamkeit schenkten, und der Dirigent erreichte einen ganz eigenen Orchesterklang, der sich bereits in seiner pers\u00f6nlichen Version des bekannten ersten Teils zeigte.<\/p>\n<p>Anton\u00edn Dvo\u0159\u00e1ks Symphonie Nr. 6 in D-Dur geh\u00f6rt nicht zu den bekanntesten Werken des Komponisten, und angesichts dessen, was wir an diesem Abend h\u00f6rten, ist es schwer zu verstehen, warum das so ist, denn sie ist gro\u00dfartig: sch\u00f6ne Themen, gro\u00dfe rhythmische Energie, mit einem eigenartigen Gebrauch von Synkopen und Hemiolen, und eine brillante Orchestrierung. Mildenberger sorgte mit einer ausgefeilten Technik und klaren Ideen daf\u00fcr, dass das Interesse nie nachlie\u00df, und zwar durch einen sorgf\u00e4ltigen, transparenten Klang, \u00fcberzeugende Phrasierung und beispielhafte Planung. Alle S\u00e4tze funktionierten sehr gut, beginnend mit dem ersten (Allegro non tanto), der voller interessanter Ideen ist, und dem zweiten (Adagio), der in einem flie\u00dfenden Tempo, aber mit exquisiter Aufmerksamkeit f\u00fcr Details gespielt wird. Das dritte (Scherzo: &#8216;Furiant: Presto&#8217;) war in jeder Hinsicht gro\u00dfartig, und das letzte (Finale: Allegro con spirito) war kontrolliert, gut gesungen und brillant.<br \/>\nEin gelungener Abend, der die erfolgreiche Zusammenarbeit zwischen der Sinf\u00f3nica de Tenerife, der Fundaci\u00f3n Jes\u00fas Serra und dem Wettbewerb Maria Canals best\u00e4tigte, bei dem zwei hervorragende junge K\u00fcnstler und ein gut aufgelegtes Orchester ein gro\u00dfes Publikum begeisterten.&#8221;<\/p>\n<p>&nbsp;<\/p>\n<hr \/>\n<p>&nbsp;<\/p>\n<p>&#8220;Mildenberger and the orchestra were excellent collaborators, taking great care with the melodic and colouristic aspects, and the conductor achieved an orchestral sound all his own, already shown in his personal version of the well-known opening section.&#8221;<\/p>\n<p>&#8220;Anton\u00edn Dvo\u0159\u00e1k&#8217;s Symphony No. 6 in D major is not one of the composer&#8217;s best-known works, and in the light of what we heard on this evening, it is hard to understand why, for it is magnificent: beautiful themes, great rhythmic energy, with a peculiar use of syncopations and hemiolas, and brilliant orchestration. Mildenberger, with a refined technique and clarity of ideas throughout, ensured that interest never waned, through careful, transparent sound, convincing phrasing and exemplary planning. All the movements worked very well, beginning with a first (Allegro non tanto), full of interesting ideas, and a second (Adagio) played at a fluid tempo, but with exquisite attention to detail. The third (Scherzo: &#8216;Furiant: Presto&#8217;) was splendid by any standards; and the last (Finale: Allegro con spirito) was controlled, well sung and brilliant.<br \/>\nA satisfying evening, confirming the successful collaboration between the Sinf\u00f3nica de Tenerife, the Fundaci\u00f3n Jes\u00fas Serra and the Maria Canals Competition, in which two fine young artists, and an orchestra in good form, delighted a large audience.<\/p>\n\n                            Autor:in: Francisco Mart\u00ednez Ramos\n                               <\/div>\n                               <div class=\"fm-button-wrapper\" style=\"display:inline-block;\">\n                    <a href=\"https:\/\/bachtrack.com\/es_ES\/critica-tenerife-auditorio-orquesta-sinfonica-tenerife-mildenberger-gegechkori-chaikovski-dvorak-junio-2023\" class=\"elementor-button-link fm-button elementor-size-md\" role=\"button\" target='_blank' rel=\"noopener\">\n                        <span class=\"fm-button-content-wrapper\">\n                            \n                          <span class=\"fm-button-text\" style=\"text-transform:uppercase\"><\/span>\n                        <\/span>\n                    <\/a>\n                <\/div>\n                           \n                            <div class=\"modal-footer\">\n                                <button type=\"button\" class=\"btn btn-secondary\" data-dismiss=\"modal\">CLOSE<\/button> \n                            <\/div>\n                        <\/div>\n                    <\/div>\n                <\/div>\n            <\/div>\n          \n        <\/div>\n\n    <\/div>\n\n\n<\/div><\/div>\n\t\t<\/div>\n\t\t\n\t\t\n\t\t<div class=\"row \" style=\"background-color:#fff;\">\n\t\t\t<div class=\"col-md-12\"><div class=\"row termine\">\n    <div class=\"col-md-3 datum align-middle\">\n        <p>January, 2023<\/p>\n        <span class=\"spielstaette2\"><p>FAZ &#8211; Frankfurter Allgemeine<\/p>\n<\/span>\n    <\/div>\n    <div class=\"col-md-8 konzertname\">\n        <h3 style=\"color:#000; font-weight:700\">&#8220;Italienische Inspiration&#8221;<\/h3>\n     \n      \t<div class=\"row\">\n            <div class=\"col-md-12\">\n               <p>Felix Mildenberger dirigiert das hr-Sinfonieorchester<\/p>\n               \n            <\/div>\n        <\/div>\n        <div class=\"row\" style=\"margin-top:20px;\">\n            <div class=\"col-md-12\">\n                <!-- Button trigger modal -->\n                <button type=\"button\" class=\"elementor-button-link fm-button elementor-size-md\" data-toggle=\"modal\" data-target=\"#italienische-inspiration-felix\" style=\"display:inline-block; margin-right:20px;\">READ MORE\n                <\/button>\n              <div class=\"fm-button-wrapper\" style=\"display:inline-block;\">\n                    <a href=\"https:\/\/www.faz.net\/aktuell\/rhein-main\/kultur\/neujahrskonzert-des-hr-sinfonieorchesters-in-wiesbaden-italienische-inspiration-18574751.html\" class=\"elementor-button-link fm-button elementor-size-md\" role=\"button\" target='_blank' rel=\"noopener\">\n                        <span class=\"fm-button-content-wrapper\">\n                            \n                          <span class=\"fm-button-text\" style=\"text-transform:uppercase\"><\/span>\n                        <\/span>\n                    <\/a>\n                <\/div>\n\n                <!-- Modal -->\n                <div class=\"modal fade\" id=\"italienische-inspiration-felix\" tabindex=\"-1\" role=\"dialog\"\n                    aria-labelledby=\"exampleModalCenterTitle\" aria-hidden=\"true\">\n                    <div class=\"modal-dialog modal-dialog-centered modal-lg\" role=\"document\">\n                        <div class=\"modal-content\">\n                            <div class=\"modal-header\">\n                                <h5 class=\"modal-title\" id=\"exampleModalLongTitle\">&#8220;Italienische Inspiration&#8221;<br\/><span style=\"font-style: italic; \">FAZ - Frankfurter Allgemeine<\/span><\/h5>\n                                <button type=\"button\" class=\"close\" data-dismiss=\"modal\" aria-label=\"Close\">\n                                    <span aria-hidden=\"true\">&times;<\/span>\n                                <\/button>\n                            <\/div>\n                            <div class=\"modal-body\">\n                            \n                              <img loading=\"lazy\" loading=\"lazy\" loading=\"lazy\" decoding=\"async\" width=\"300\" height=\"221\" src=\"https:\/\/felixmildenberger.com\/wp-content\/uploads\/2024\/07\/csm_FAZ_Logo__570x420__9eae9b7144-300x221.png\" class=\"attachment-medium alignleft\" alt=\"\" title=\"csm_FAZ_Logo__570x420__9eae9b7144\" style=\"\" srcset=\"https:\/\/felixmildenberger.com\/wp-content\/uploads\/2024\/07\/csm_FAZ_Logo__570x420__9eae9b7144-300x221.png 300w, https:\/\/felixmildenberger.com\/wp-content\/uploads\/2024\/07\/csm_FAZ_Logo__570x420__9eae9b7144-1024x755.png 1024w, https:\/\/felixmildenberger.com\/wp-content\/uploads\/2024\/07\/csm_FAZ_Logo__570x420__9eae9b7144-768x566.png 768w, https:\/\/felixmildenberger.com\/wp-content\/uploads\/2024\/07\/csm_FAZ_Logo__570x420__9eae9b7144.png 1200w\" sizes=\"auto, (max-width: 300px) 100vw, 300px\" \/>\n                              <p>&#8220;Rossinis Ouvert\u00fcre zur Oper \u201eDer Barbier von Sevilla\u201c ist ein passendes Initial gewesen f\u00fcr das italienisch inspirierte und klug zusammengestellte Programm des hr-Sinfonieorchesters beim traditionellen Neujahrskonzert im Wiesbadener Kurhaus.&#8221;<\/p>\n<p>&#8220;Unter der Leichtigkeit und Italianit\u00e0 war der doppelte Boden sofort zu sp\u00fcren: Es klang so, als k\u00f6nne in Rossinis Ouvert\u00fcre zur Oper \u201eDer Barbier von Sevilla\u201c jederzeit etwas Unerwartetes passieren. Auf diese Weise setzte Felix Mildenberger, der als Erster Gastdirigent der Filarmonica Teatro Regio di Torino italienerfahren ist, als Leiter des traditionellen Neujahrskonzerts mit dem hr-Sinfonieorchester in der Reihe der Meisterkonzerte Wiesbaden im voll besetzten Kurhaus gleich ein passendes Initial mit viel Wirkung: Er steuerte die Tempi geschickt und hatte f\u00fcr die packende Stretta am Ende noch enorme Steigerungsm\u00f6glichkeiten. Das Thema Italien zog sich dann wie ein roter Faden durch das Programm.&#8221;<\/p>\n<p>&#8220;Auf einen interessanten Gedanken f\u00fchrte die Orchestersuite aus dem Ballett \u201eLes Biches\u201c von Francis Poulenc im Programm-Kontext: dass n\u00e4mlich der franz\u00f6sische Neoklassizismus in dieser Art der Musik Rossinis und Offenbachs geistesverwandt ist. Augenzwinkernd, geistreich unterhaltend, im Ausdruck einfach und ohne Schwulst vermittelte sich das im ebenso konzipierten Programm schwungvoll. Die von Poulenc buntscheckig gehaltene Orchestrierung nach Art einer popul\u00e4r aufspielenden Kapelle war samt den frech schnatternden Trompeten bestens getroffen.&#8221;<\/p>\n<p>&#8220;Mendelssohns Sinfonie Nr. 4 A-Dur op. 90, die w\u00e4hrend seiner Italienreise entstandene \u201eItalienische\u201c, bebte im ersten Satz geradezu: wie vor Neugier und Vorfreude auf das Land der Sehnsucht. Alles bekam eine satz\u00fcbergreifende Dramaturgie, wobei ganz klar wurde, dass das im Grunde urdeutsche Musik ist, in der Tradition von Bach bis Beethoven stehend, in Form und Inhalt handwerklich perfekt gemacht. Die entlegene Zugabe stammte von dem Schweden Hugo Alfv\u00e9n: der \u201eTanz des Hirtenm\u00e4dchens\u201c aus dem Ballett \u201eDer Bergk\u00f6nig\u201c.&#8221;<\/p>\n<p>&nbsp;<\/p>\n<hr \/>\n<p>&nbsp;<\/p>\n<p>&#8220;Rossini&#8217;s overture to the opera &#8220;The Barber of Seville&#8221; was a fitting initial for the Italian-inspired and cleverly put together programme of the hr Symphony Orchestra at the traditional New Year&#8217;s concert in Wiesbaden&#8217;s Kurhaus.&#8221;<\/p>\n<p>&#8220;Beneath the lightness and Italianit\u00e0, the double bottom was immediately noticeable: it sounded as if something unexpected could happen at any time in Rossini&#8217;s overture to the opera &#8220;The Barber of Seville&#8221;. In this way, Felix Mildenberger, who is experienced in Italy as Principal Guest Conductor of the Filarmonica Teatro Regio di Torino, created a fitting opening with great effect as conductor of the traditional New Year&#8217;s concert with the hr Symphony Orchestra in the series of Wiesbaden Master Concerts in the packed Kurhaus: he skilfully controlled the tempi and still had enormous scope to increase the tempo for the gripping stretta at the end. The theme of Italy then ran like a red thread through the programme.&#8221;<\/p>\n<p>&#8220;The orchestral suite from the ballet &#8220;Les Biches&#8221; by Francis Poulenc led to an interesting thought in the context of the programme: namely that French neoclassicism is in this way akin to the music of Rossini and Offenbach. With a twinkle in the eye, witty and entertaining, simple in expression and without bombast, this was conveyed with verve in the similarly conceived programme. Poulenc&#8217;s colourful orchestration in the style of a popular orchestra was perfectly suited, including the cheekily chattering trumpets.&#8221;<\/p>\n<p>&#8220;Mendelssohn&#8217;s Symphony No. 4 in A major op. 90, the &#8220;Italian&#8221;, composed during his trip to Italy, virtually trembled in the first movement: as if with curiosity and anticipation of the land of longing. Everything took on a dramaturgy across the movements, whereby it became quite clear that this is basically original German music, in the tradition of Bach to Beethoven, perfectly crafted in form and content. The remote encore was by the Swede Hugo Alfv\u00e9n: the &#8220;Dance of the Shepherd Girl&#8221; from the ballet &#8220;The Mountain King&#8221;.&#8221;<\/p>\n\n                            Autor:in: Guido Holze\n                               <\/div>\n                               <div class=\"fm-button-wrapper\" style=\"display:inline-block;\">\n                    <a href=\"https:\/\/www.faz.net\/aktuell\/rhein-main\/kultur\/neujahrskonzert-des-hr-sinfonieorchesters-in-wiesbaden-italienische-inspiration-18574751.html\" class=\"elementor-button-link fm-button elementor-size-md\" role=\"button\" target='_blank' rel=\"noopener\">\n                        <span class=\"fm-button-content-wrapper\">\n                            \n                          <span class=\"fm-button-text\" style=\"text-transform:uppercase\"><\/span>\n                        <\/span>\n                    <\/a>\n                <\/div>\n                           \n                            <div class=\"modal-footer\">\n                                <button type=\"button\" class=\"btn btn-secondary\" data-dismiss=\"modal\">CLOSE<\/button> \n                            <\/div>\n                        <\/div>\n                    <\/div>\n                <\/div>\n            <\/div>\n          \n        <\/div>\n\n    <\/div>\n\n\n<\/div><\/div>\n\t\t<\/div>\n\t\t\n\t\t\n\t\t<div class=\"row \" style=\"background-color:#fff;\">\n\t\t\t<div class=\"col-md-12\"><div class=\"row termine\">\n    <div class=\"col-md-3 datum align-middle\">\n        <p>January, 2023<\/p>\n        <span class=\"spielstaette2\"><p>hr2-Kultur<\/p>\n<p>&nbsp;<\/p>\n<p>&nbsp;<\/p>\n<p>&nbsp;<\/p>\n<\/span>\n    <\/div>\n    <div class=\"col-md-8 konzertname\">\n        <h3 style=\"color:#000; font-weight:700\">Neujahrskonzert 2023 in Wiesbaden mit dem hr-Sinfonieorchester<\/h3>\n     \n      \t<div class=\"row\">\n            <div class=\"col-md-12\">\n               <p>In einem Interview mit hr2-kultur erz\u00e4hlt er, wie er schon mit 17 Jahren seine Leidenschaft f\u00fcr das Dirigieren entdeckte und welches Programm er beim Neujahrskonzert pr\u00e4sentieren wird.<\/p>\n               \n            <\/div>\n        <\/div>\n        <div class=\"row\" style=\"margin-top:20px;\">\n            <div class=\"col-md-12\">\n                <!-- Button trigger modal -->\n                <button type=\"button\" class=\"elementor-button-link fm-button elementor-size-md\" data-toggle=\"modal\" data-target=\"#bachtrack-belgrade-philharmonic-orchestra-maerz-2020-copy\" style=\"display:inline-block; margin-right:20px;\">READ MORE\n                <\/button>\n              <div class=\"fm-button-wrapper\" style=\"display:inline-block;\">\n                    <a href=\"https:\/\/www.hr2.de\/podcasts\/felix-mildenberger-dirigiert-das-neujahrskonzert-wiesbaden,audio-76226.html\" class=\"elementor-button-link fm-button elementor-size-md\" role=\"button\" target='_blank' rel=\"noopener\">\n                        <span class=\"fm-button-content-wrapper\">\n                            \n                          <span class=\"fm-button-text\" style=\"text-transform:uppercase\"><\/span>\n                        <\/span>\n                    <\/a>\n                <\/div>\n\n                <!-- Modal -->\n                <div class=\"modal fade\" id=\"bachtrack-belgrade-philharmonic-orchestra-maerz-2020-copy\" tabindex=\"-1\" role=\"dialog\"\n                    aria-labelledby=\"exampleModalCenterTitle\" aria-hidden=\"true\">\n                    <div class=\"modal-dialog modal-dialog-centered modal-lg\" role=\"document\">\n                        <div class=\"modal-content\">\n                            <div class=\"modal-header\">\n                                <h5 class=\"modal-title\" id=\"exampleModalLongTitle\">Neujahrskonzert 2023 in Wiesbaden mit dem hr-Sinfonieorchester<br\/><span style=\"font-style: italic; \">hr2-Kultur\r\n\r\n&nbsp;\r\n\r\n&nbsp;\r\n\r\n&nbsp;<\/span><\/h5>\n                                <button type=\"button\" class=\"close\" data-dismiss=\"modal\" aria-label=\"Close\">\n                                    <span aria-hidden=\"true\">&times;<\/span>\n                                <\/button>\n                            <\/div>\n                            <div class=\"modal-body\">\n                            \n                              <img loading=\"lazy\" loading=\"lazy\" loading=\"lazy\" decoding=\"async\" width=\"281\" height=\"300\" src=\"https:\/\/felixmildenberger.com\/wp-content\/uploads\/2023\/07\/Hr2-Logo_2015.svg_-281x300.png\" class=\"attachment-medium alignleft\" alt=\"\" title=\"Hr2-Logo_2015.svg\" style=\"\" srcset=\"https:\/\/felixmildenberger.com\/wp-content\/uploads\/2023\/07\/Hr2-Logo_2015.svg_-281x300.png 281w, https:\/\/felixmildenberger.com\/wp-content\/uploads\/2023\/07\/Hr2-Logo_2015.svg_-961x1024.png 961w, https:\/\/felixmildenberger.com\/wp-content\/uploads\/2023\/07\/Hr2-Logo_2015.svg_-768x819.png 768w, https:\/\/felixmildenberger.com\/wp-content\/uploads\/2023\/07\/Hr2-Logo_2015.svg_-1441x1536.png 1441w, https:\/\/felixmildenberger.com\/wp-content\/uploads\/2023\/07\/Hr2-Logo_2015.svg_.png 1921w\" sizes=\"auto, (max-width: 281px) 100vw, 281px\" \/>\n                              <p>Traditionell begr\u00fc\u00dft das hr-Sinfonieorchester das neue Jahr mit einem besonderen Konzert. Im Kurhaus Wiesbaden erklingt heute Nachmittag Musik von Gioachino Rossini, Jacques Offenbach, Francis Poulenc und Felix Mendelssohn Bartholdy. Solistin ist die Cellistin Raphaela Gromes \u2013 und am Pult steht Felix Mildenberger. Ein \u2013 mit Anfang 30 noch junger Dirigent &#8211; hat er schon einige Preise gewonnen und mit namhaften Orchestern zusammengearbeitet. Wie es kam, dass er schon mit 17 Jahren wusste, dass er Dirigent werden will und was er f\u00fcr ein Programm beim Neujahrskonzert des hr-Sinfonieorchesters pr\u00e4sentiert, dar\u00fcber erz\u00e4hlt Felix Mildenberger in hr2-kultur.<\/p>\n\n                            Autor:in: Ria Raphael\n                               <\/div>\n                               <div class=\"fm-button-wrapper\" style=\"display:inline-block;\">\n                    <a href=\"https:\/\/www.hr2.de\/podcasts\/felix-mildenberger-dirigiert-das-neujahrskonzert-wiesbaden,audio-76226.html\" class=\"elementor-button-link fm-button elementor-size-md\" role=\"button\" target='_blank' rel=\"noopener\">\n                        <span class=\"fm-button-content-wrapper\">\n                            \n                          <span class=\"fm-button-text\" style=\"text-transform:uppercase\"><\/span>\n                        <\/span>\n                    <\/a>\n                <\/div>\n                           \n                            <div class=\"modal-footer\">\n                                <button type=\"button\" class=\"btn btn-secondary\" data-dismiss=\"modal\">CLOSE<\/button> \n                            <\/div>\n                        <\/div>\n                    <\/div>\n                <\/div>\n            <\/div>\n          \n        <\/div>\n\n    <\/div>\n\n\n<\/div><\/div>\n\t\t<\/div>\n\t\t\n\t\t\n\t\t<div class=\"row \" style=\"background-color:#fff;\">\n\t\t\t<div class=\"col-md-12\"><div class=\"row termine\">\n    <div class=\"col-md-3 datum align-middle\">\n        <p>March, 2022<\/p>\n        <span class=\"spielstaette2\"><p>Pizzicato &#8211; Remy Franck&#8217;s Journal<\/p>\n<p>&nbsp;<\/p>\n<p>&nbsp;<\/p>\n<\/span>\n    <\/div>\n    <div class=\"col-md-8 konzertname\">\n        <h3 style=\"color:#000; font-weight:700\">Dirigent Felix Mildenberger: &#8220;Vertrauen muss man sich verdienen\u201c<\/h3>\n     \n      \t<div class=\"row\">\n            <div class=\"col-md-12\">\n               <p>Felix Mildenberger begann seine musikalische Ausbildung in Violine, Viola und Klavier. Er studierte Orchesterleitung in Freiburg, Wien und am Aspen Music Festival. Mildenberger ist bereits mit vielen Orchestern national und international t\u00e4tig und wird ab 2022 Erster Gastdirigent der Filarmonica Teatro Regio di Torino sein. Alain Steffen interviewte ihn.<\/p>\n               \n            <\/div>\n        <\/div>\n        <div class=\"row\" style=\"margin-top:20px;\">\n            <div class=\"col-md-12\">\n                <!-- Button trigger modal -->\n                <button type=\"button\" class=\"elementor-button-link fm-button elementor-size-md\" data-toggle=\"modal\" data-target=\"#bachtrack-belgrade-philharmonic-orchestra-maerz-2020-copy-2\" style=\"display:inline-block; margin-right:20px;\">READ MORE\n                <\/button>\n              <div class=\"fm-button-wrapper\" style=\"display:inline-block;\">\n                    <a href=\"https:\/\/www.pizzicato.lu\/dirigent-felix-mildenberger-vertrauen-muss-man-sich-verdienen\/#:~:text=Nat\u00fcrlich%20muss%20man%20sich%20Vertrauen,Anfang%20seiner%20Karriere%20durchlaufen%20muss\" class=\"elementor-button-link fm-button elementor-size-md\" role=\"button\" target='_blank' rel=\"noopener\">\n                        <span class=\"fm-button-content-wrapper\">\n                            \n                          <span class=\"fm-button-text\" style=\"text-transform:uppercase\"><\/span>\n                        <\/span>\n                    <\/a>\n                <\/div>\n\n                <!-- Modal -->\n                <div class=\"modal fade\" id=\"bachtrack-belgrade-philharmonic-orchestra-maerz-2020-copy-2\" tabindex=\"-1\" role=\"dialog\"\n                    aria-labelledby=\"exampleModalCenterTitle\" aria-hidden=\"true\">\n                    <div class=\"modal-dialog modal-dialog-centered modal-lg\" role=\"document\">\n                        <div class=\"modal-content\">\n                            <div class=\"modal-header\">\n                                <h5 class=\"modal-title\" id=\"exampleModalLongTitle\">Dirigent Felix Mildenberger: &#8220;Vertrauen muss man sich verdienen\u201c<br\/><span style=\"font-style: italic; \">Pizzicato - Remy Franck's Journal\r\n\r\n&nbsp;\r\n\r\n&nbsp;<\/span><\/h5>\n                                <button type=\"button\" class=\"close\" data-dismiss=\"modal\" aria-label=\"Close\">\n                                    <span aria-hidden=\"true\">&times;<\/span>\n                                <\/button>\n                            <\/div>\n                            <div class=\"modal-body\">\n                            \n                              <img loading=\"lazy\" loading=\"lazy\" loading=\"lazy\" decoding=\"async\" width=\"300\" height=\"73\" src=\"https:\/\/felixmildenberger.com\/wp-content\/uploads\/2023\/07\/logo-pizzicato-300x73.png\" class=\"attachment-medium alignleft\" alt=\"\" title=\"logo-pizzicato\" style=\"\" srcset=\"https:\/\/felixmildenberger.com\/wp-content\/uploads\/2023\/07\/logo-pizzicato-300x73.png 300w, https:\/\/felixmildenberger.com\/wp-content\/uploads\/2023\/07\/logo-pizzicato.png 491w\" sizes=\"auto, (max-width: 300px) 100vw, 300px\" \/>\n                              <p>Der heute 32-j\u00e4hrige Felix Mildenberger begann seine musikalische Ausbildung in den F\u00e4chern Violine, Viola und Klavier und studierte Orchesterleitung in Freiburg und Wien sowie beim\u00a0Aspen Music Festival. Von 2015 bis 2017 lehrte er als Dozent f\u00fcr Orchesterleitung an der Hochschule f\u00fcr Musik Freiburg und leitete w\u00e4hrend der Mozartwoche 2020 einen Meisterkurs f\u00fcr junge Dirigenten an der Universit\u00e4t Mozarteum Salzburg. Schon jetzt arbeitet Mildenberger mit vielen Orchestern auf nationaler und internationaler Ebene.\u00a0 Felix Mildenberger ist Erster Gastdirigent der Filarmonica Teatro Regio di Torino und f\u00fchrt damit ab 2022 seine bereits regelm\u00e4\u00dfige Arbeit mit dem Orchester fort. Alain Steffen hat sich mit dem Dirigenten unterhalten.<\/p>\n\n                            Autor:in: Alain Steffen\n                               <\/div>\n                               <div class=\"fm-button-wrapper\" style=\"display:inline-block;\">\n                    <a href=\"https:\/\/www.pizzicato.lu\/dirigent-felix-mildenberger-vertrauen-muss-man-sich-verdienen\/#:~:text=Nat\u00fcrlich%20muss%20man%20sich%20Vertrauen,Anfang%20seiner%20Karriere%20durchlaufen%20muss\" class=\"elementor-button-link fm-button elementor-size-md\" role=\"button\" target='_blank' rel=\"noopener\">\n                        <span class=\"fm-button-content-wrapper\">\n                            \n                          <span class=\"fm-button-text\" style=\"text-transform:uppercase\"><\/span>\n                        <\/span>\n                    <\/a>\n                <\/div>\n                           \n                            <div class=\"modal-footer\">\n                                <button type=\"button\" class=\"btn btn-secondary\" data-dismiss=\"modal\">CLOSE<\/button> \n                            <\/div>\n                        <\/div>\n                    <\/div>\n                <\/div>\n            <\/div>\n          \n        <\/div>\n\n    <\/div>\n\n\n<\/div><\/div>\n\t\t<\/div>\n\t\t\n\t\t\n\t\t<div class=\"row \" style=\"background-color:#fff;\">\n\t\t\t<div class=\"col-md-12\"><div class=\"row termine\">\n    <div class=\"col-md-3 datum align-middle\">\n        <p>July, 2021<\/p>\n        <span class=\"spielstaette2\"><p>L&#8217;Ape musicale<\/p>\n<\/span>\n    <\/div>\n    <div class=\"col-md-8 konzertname\">\n        <h3 style=\"color:#000; font-weight:700\">&#8220;Enigmi e ricordi&#8221;<\/h3>\n     \n      \t<div class=\"row\">\n            <div class=\"col-md-12\">\n               <p>Felix Mildenberger and the Filarmonica Teatro Regio di Torino<\/p>\n               \n            <\/div>\n        <\/div>\n        <div class=\"row\" style=\"margin-top:20px;\">\n            <div class=\"col-md-12\">\n                <!-- Button trigger modal -->\n                <button type=\"button\" class=\"elementor-button-link fm-button elementor-size-md\" data-toggle=\"modal\" data-target=\"#enigmi-e-ricordi\" style=\"display:inline-block; margin-right:20px;\">READ MORE\n                <\/button>\n              <div class=\"fm-button-wrapper\" style=\"display:inline-block;\">\n                    <a href=\"https:\/\/www.apemusicale.it\/joomla\/it\/recensioni\/59-concerti-2021\/12116-torino-concerto-mildenberger-filarmonica-trt-15-07-2021\" class=\"elementor-button-link fm-button elementor-size-md\" role=\"button\" target='_blank' rel=\"noopener\">\n                        <span class=\"fm-button-content-wrapper\">\n                            \n                          <span class=\"fm-button-text\" style=\"text-transform:uppercase\"><\/span>\n                        <\/span>\n                    <\/a>\n                <\/div>\n\n                <!-- Modal -->\n                <div class=\"modal fade\" id=\"enigmi-e-ricordi\" tabindex=\"-1\" role=\"dialog\"\n                    aria-labelledby=\"exampleModalCenterTitle\" aria-hidden=\"true\">\n                    <div class=\"modal-dialog modal-dialog-centered modal-lg\" role=\"document\">\n                        <div class=\"modal-content\">\n                            <div class=\"modal-header\">\n                                <h5 class=\"modal-title\" id=\"exampleModalLongTitle\">&#8220;Enigmi e ricordi&#8221;<br\/><span style=\"font-style: italic; \">L'Ape musicale<\/span><\/h5>\n                                <button type=\"button\" class=\"close\" data-dismiss=\"modal\" aria-label=\"Close\">\n                                    <span aria-hidden=\"true\">&times;<\/span>\n                                <\/button>\n                            <\/div>\n                            <div class=\"modal-body\">\n                            \n                              \n                              <p>\u201eAuf dem Podium sticht Mildenbergers anschauliches Dirigat hervor, begeistert und begeisternd zugleich, zum einen durch seine lebendige musikalische Vielsprachigkeit, seine stilsichere Pr\u00e4zision und die F\u00e4higkeit, jede musikalische Referenz an ihren Platz zu r\u00fccken, ohne dass die eine die andere \u00fcberlagert; zum anderen aber auch durch seine erstklassige Dirigiertechnik, die in einem Werk voller Wendungen eine hervorragende Stabilit\u00e4t des Ensembles gew\u00e4hrleistet.\u201c [F. Poulenc: Suite \u201eLes biches\u201c]<\/p>\n<p>\u201eMan muss dem sehr jungen deutschen Dirigenten eine feinf\u00fchlige und raffinierte Interpretation bescheinigen, selbst in den Passagen mit hohem sentimentalen Gehalt, weit entfernt von Affektiertheit und Schmeichelei, stets in der Lage, Momente bewegender Dramatik mit Momenten unbeschwerter Gem\u00fctlichkeit abzuwechseln. [E. Elgar: Enigma Variations]<\/p>\n<p>\u201eFelix Mildenberger bietet eine Lesart der ber\u00fchmten symphonischen Dichtung Die Moldau, die auf dem Bogen eines klangvollen und emotionalen Crescendos aufgebaut ist, (\u2026) auf einer klar differenzierten Phrasierung (\u2026) und akribischen Arbeit an Farben und Dynamik, die durch die Pr\u00e4zision und Klangf\u00fclle der Filarmonica TRT h\u00f6chst mitrei\u00dfend ist.\u201c<\/p>\n<p>\u201eViel Applaus und sehr verdiente Standing Ovations.\u201c<\/p>\n<p>&nbsp;<\/p>\n<hr \/>\n<p>&nbsp;<\/p>\n<p>&#8220;On the podium, Mildenberger&#8217;s vivid conducting stands out, inspired and inspiring at the same time, on the one hand through his lively musical multilingualism, his stylistic precision and the ability to put each musical reference in its place without one overshadowing the other; on the other hand, however, also through his first-class conducting technique, which ensures excellent stability of the ensemble in a work full of twists and turns.&#8221; [F. Poulenc: Suite &#8220;Les biches&#8221;]<\/p>\n<p>&#8220;The young German conductor must be credited with a sensitive and refined interpretation, even in the passages with high sentimental content, far removed from affectation and flattery, always able to alternate moments of moving drama with moments of light-hearted cosiness.&#8221; [E. Elgar: Enigma, &#8220;Les biches&#8221;]. [E. Elgar: Enigma Variations]<\/p>\n<p>&#8220;Felix Mildenberger offers a reading of the famous symphonic poem Die Moldau that is built on the arc of a sonorous and emotional crescendo, (&#8230;) on clearly differentiated phrasing (&#8230;) and meticulous work on colours and dynamics, which is highly captivating thanks to the precision and sonority of the Filarmonica TRT.&#8221;<\/p>\n<p>&#8220;Much applause and well-deserved standing ovations.&#8221;<\/p>\n\n                            Autor:in: Antonino Trotta\n                               <\/div>\n                               <div class=\"fm-button-wrapper\" style=\"display:inline-block;\">\n                    <a href=\"https:\/\/www.apemusicale.it\/joomla\/it\/recensioni\/59-concerti-2021\/12116-torino-concerto-mildenberger-filarmonica-trt-15-07-2021\" class=\"elementor-button-link fm-button elementor-size-md\" role=\"button\" target='_blank' rel=\"noopener\">\n                        <span class=\"fm-button-content-wrapper\">\n                            \n                          <span class=\"fm-button-text\" style=\"text-transform:uppercase\"><\/span>\n                        <\/span>\n                    <\/a>\n                <\/div>\n                           \n                            <div class=\"modal-footer\">\n                                <button type=\"button\" class=\"btn btn-secondary\" data-dismiss=\"modal\">CLOSE<\/button> \n                            <\/div>\n                        <\/div>\n                    <\/div>\n                <\/div>\n            <\/div>\n          \n        <\/div>\n\n    <\/div>\n\n\n<\/div><\/div>\n\t\t<\/div>\n\t\t\n\t\t\n\t\t<div class=\"row \" style=\"background-color:#fff;\">\n\t\t\t<div class=\"col-md-12\"><div class=\"row termine\">\n    <div class=\"col-md-3 datum align-middle\">\n        <p>September, 2020<\/p>\n        <span class=\"spielstaette2\"><p>Neckar-Chronik<\/p>\n<\/span>\n    <\/div>\n    <div class=\"col-md-8 konzertname\">\n        <h3 style=\"color:#000; font-weight:700\">&#8220;Stehender Applaus f\u00fcr einen wunderbaren Konzertabend&#8221;<\/h3>\n     \n      \t<div class=\"row\">\n            <div class=\"col-md-12\">\n               <p>Felix Mildenberger deb\u00fctiert bei den Stuttgarter Philharmonikern<\/p>\n               \n            <\/div>\n        <\/div>\n        <div class=\"row\" style=\"margin-top:20px;\">\n            <div class=\"col-md-12\">\n                <!-- Button trigger modal -->\n                <button type=\"button\" class=\"elementor-button-link fm-button elementor-size-md\" data-toggle=\"modal\" data-target=\"#stehender-applaus-fuer-einen-wunderbaren-konzertabend\" style=\"display:inline-block; margin-right:20px;\">READ MORE\n                <\/button>\n              <div class=\"fm-button-wrapper\" style=\"display:inline-block;\">\n                    <a href=\"https:\/\/www.neckar-chronik.de\/Nachrichten\/Dirigenteneinsatz-zu-Ehren-Gottes-laesst-Publikum-jubeln-472342.html\" class=\"elementor-button-link fm-button elementor-size-md\" role=\"button\" target='_blank' rel=\"noopener\">\n                        <span class=\"fm-button-content-wrapper\">\n                            \n                          <span class=\"fm-button-text\" style=\"text-transform:uppercase\"><\/span>\n                        <\/span>\n                    <\/a>\n                <\/div>\n\n                <!-- Modal -->\n                <div class=\"modal fade\" id=\"stehender-applaus-fuer-einen-wunderbaren-konzertabend\" tabindex=\"-1\" role=\"dialog\"\n                    aria-labelledby=\"exampleModalCenterTitle\" aria-hidden=\"true\">\n                    <div class=\"modal-dialog modal-dialog-centered modal-lg\" role=\"document\">\n                        <div class=\"modal-content\">\n                            <div class=\"modal-header\">\n                                <h5 class=\"modal-title\" id=\"exampleModalLongTitle\">&#8220;Stehender Applaus f\u00fcr einen wunderbaren Konzertabend&#8221;<br\/><span style=\"font-style: italic; \">Neckar-Chronik<\/span><\/h5>\n                                <button type=\"button\" class=\"close\" data-dismiss=\"modal\" aria-label=\"Close\">\n                                    <span aria-hidden=\"true\">&times;<\/span>\n                                <\/button>\n                            <\/div>\n                            <div class=\"modal-body\">\n                            \n                              \n                              <p>\u201eFelix Mildenberger hatte seinen Einstand bei den Stuttgarter Philharmonikern und gab eine gl\u00e4nzende Visitenkarte seines K\u00f6nnens ab.\u201c<\/p>\n<p>\u201eEs war schon erstaunlich, welch satte und gro\u00dfartige Klangwirkung die Musiker unter ihrem \u00fcberaus engagierten Dirigenten entwickelten. Das Publikum dankte mit minutenlangem, begeistertem Applaus.\u201c<\/p>\n<p>\u201eFelix Mildenberger dirigierte das Werk auswendig, souver\u00e4n und mit viel Ausstrahlung. So konnte er nicht nur seine Musiker mitrei\u00dfen und zu einer gro\u00dfartigen Leistung motivieren, sondern auch das Publikum begeistern, das bereits hier schon spontanen Beifall gab.\u201c<\/p>\n<p>\u201eDer junge Felix Mildenberger stand vor dem Orchester, als h\u00e4tte er von Kindheit an nie etwas anderes getan. In jeder seiner Gesten schien das Ergebnis einer entschlossenen Gewissenhaftigkeit zu liegen. Zudem beeindruckte sein souver\u00e4nes Auftreten. Die Musiker bedankten sich bei bei ihrem Dirigenten mit sichtlicher Spielfreude und einer begeisternden Interpretation (\u2026). Das Publikum reagierte impulsiv, minutenlanger stehender Applaus war der Lohn f\u00fcr einen wunderbaren Konzertabend.\u201c<\/p>\n<p>&nbsp;<\/p>\n<hr \/>\n<p>&nbsp;<\/p>\n<p>&#8220;Felix Mildenberger made his debut with the Stuttgart Philharmonic and gave a brilliant showcase of his skills.&#8221;<\/p>\n<p>&#8220;It was astonishing what a rich and magnificent sound effect the musicians developed under their extremely committed conductor. The audience thanked him with minutes of enthusiastic applause.&#8221;<\/p>\n<p>&#8220;Felix Mildenberger conducted the work from memory, confidently and with great charisma. He was not only able to inspire his musicians and motivate them to give a great performance, but also the audience, who already gave spontaneous applause.&#8221;<\/p>\n<p>&#8220;The young Felix Mildenberger stood in front of the orchestra as if he had never done anything else since childhood. Every gesture he made seemed to be the result of a determined conscientiousness. His confident demeanour was also impressive. The musicians thanked their conductor with visible enthusiasm and an inspiring interpretation (&#8230;). The audience responded impulsively, and minutes of standing applause were the reward for a wonderful concert evening.&#8221;<\/p>\n<p>&nbsp;<\/p>\n\n                            Autor:in: Petra Haubold\n                               <\/div>\n                               <div class=\"fm-button-wrapper\" style=\"display:inline-block;\">\n                    <a href=\"https:\/\/www.neckar-chronik.de\/Nachrichten\/Dirigenteneinsatz-zu-Ehren-Gottes-laesst-Publikum-jubeln-472342.html\" class=\"elementor-button-link fm-button elementor-size-md\" role=\"button\" target='_blank' rel=\"noopener\">\n                        <span class=\"fm-button-content-wrapper\">\n                            \n                          <span class=\"fm-button-text\" style=\"text-transform:uppercase\"><\/span>\n                        <\/span>\n                    <\/a>\n                <\/div>\n                           \n                            <div class=\"modal-footer\">\n                                <button type=\"button\" class=\"btn btn-secondary\" data-dismiss=\"modal\">CLOSE<\/button> \n                            <\/div>\n                        <\/div>\n                    <\/div>\n                <\/div>\n            <\/div>\n          \n        <\/div>\n\n    <\/div>\n\n\n<\/div><\/div>\n\t\t<\/div>\n\t\t\n\t\t\n\t\t<div class=\"row \" style=\"background-color:#fff;\">\n\t\t\t<div class=\"col-md-12\"><div class=\"row termine\">\n    <div class=\"col-md-3 datum align-middle\">\n        <p>September, 2020<\/p>\n        <span class=\"spielstaette2\"><p>Schwarzw\u00e4lder Bote<\/p>\n<\/span>\n    <\/div>\n    <div class=\"col-md-8 konzertname\">\n        <h3 style=\"color:#000; font-weight:700\">&#8220;Tonfolgen von unglaublicher Zartheit&#8221;<\/h3>\n     \n      \t<div class=\"row\">\n            <div class=\"col-md-12\">\n               <p>Felix Mildenberger mit den Stuttgarter Philharmonikern<\/p>\n               \n            <\/div>\n        <\/div>\n        <div class=\"row\" style=\"margin-top:20px;\">\n            <div class=\"col-md-12\">\n                <!-- Button trigger modal -->\n                <button type=\"button\" class=\"elementor-button-link fm-button elementor-size-md\" data-toggle=\"modal\" data-target=\"#tonfolgen-von-unglaublicher-zartheit\" style=\"display:inline-block; margin-right:20px;\">READ MORE\n                <\/button>\n              <div class=\"fm-button-wrapper\" style=\"display:inline-block;\">\n                    <a href=\"https:\/\/www.schwarzwaelder-bote.de\/inhalt.alpirsbach-tonfolgen-von-unglaublicher-zartheit.0007e288-6044-4ac0-beda-8fee7f013a50.html\" class=\"elementor-button-link fm-button elementor-size-md\" role=\"button\" target='_blank' rel=\"noopener\">\n                        <span class=\"fm-button-content-wrapper\">\n                            \n                          <span class=\"fm-button-text\" style=\"text-transform:uppercase\"><\/span>\n                        <\/span>\n                    <\/a>\n                <\/div>\n\n                <!-- Modal -->\n                <div class=\"modal fade\" id=\"tonfolgen-von-unglaublicher-zartheit\" tabindex=\"-1\" role=\"dialog\"\n                    aria-labelledby=\"exampleModalCenterTitle\" aria-hidden=\"true\">\n                    <div class=\"modal-dialog modal-dialog-centered modal-lg\" role=\"document\">\n                        <div class=\"modal-content\">\n                            <div class=\"modal-header\">\n                                <h5 class=\"modal-title\" id=\"exampleModalLongTitle\">&#8220;Tonfolgen von unglaublicher Zartheit&#8221;<br\/><span style=\"font-style: italic; \">Schwarzw\u00e4lder Bote<\/span><\/h5>\n                                <button type=\"button\" class=\"close\" data-dismiss=\"modal\" aria-label=\"Close\">\n                                    <span aria-hidden=\"true\">&times;<\/span>\n                                <\/button>\n                            <\/div>\n                            <div class=\"modal-body\">\n                            \n                              \n                              <p>\u201eSein hohes K\u00f6nnen bewies der junge Dirigent in diesem Konzert eindrucksvoll. Zudem<br \/>\nbewies er eindr\u00fccklich, dass sich Jugend und Ernsthaftigkeit im Umgang mit klassischer<br \/>\nMusik sowie mit dem notwendigen Fingerspitzengef\u00fchl beim F\u00fchren eines so renommierten<br \/>\nOrchesters keinesfalls ausschlie\u00dfen.\u201c<\/p>\n<p>\u201eUnter dem Dirigat des weltweit hochgelobten Mildenberger pr\u00e4sentierten die [Stuttgarter] Philharmoniker ein gl\u00e4nzend einstudiertes und ausgezeichnet interpretiertes hochrangiges Programm und bescherten ihrem erwartungsfrohen Publikum damit einen musikalischen Hochgenuss.\u201c<\/p>\n<p>\u201eBereits von Anfang an gefiel das Orchester durch seinen absolut harmonischen und einheitlichen Klangk\u00f6rper, durch Tonfolgen von unglaublicher Zartheit, durch schnelle und zugleich m\u00fchelos und leicht wirkende Passagen. Vom ersten Satz an deutlich wurde vor allem aber auch die meisterliche<br \/>\nInterpretation des jungen Dirigenten Mildenberger. Denn was Dynamik, Tempo und<br \/>\nMelodieb\u00f6gen anbelangt, gelang Mildenberger von Anfang an das Kunstst\u00fcck, die<br \/>\nMusikst\u00fccke im Sinne des Komponisten zu interpretieren. Auch gelang es ihm, durch die<br \/>\nlangen Phrasierungsb\u00f6gen die Spannung durchgehend bis zum Konzertende<br \/>\naufrechtzuerhalten, im wohltuenden Gegensatz zu der sonst bei vielen jungen Dirigenten zu<br \/>\nbeklagenden &#8220;Hauptsache anders, denn bei mir muss irgendwas Besonderes dabei<br \/>\nrauskommen&#8221;-Haltung.\u201c<\/p>\n<p>&nbsp;<\/p>\n<hr \/>\n<p>&nbsp;<\/p>\n<p>&#8220;The young conductor impressively demonstrated his high level of ability in this concert. He also impressively demonstrated that youth and seriousness in dealing with classical music and the necessary sensitivity when leading such a renowned orchestra are by no means mutually exclusive.&#8221;<\/p>\n<p>&#8220;Under the baton of the internationally acclaimed Mildenberger, the [Stuttgart] Philharmonic Orchestra presented a brilliantly rehearsed and excellently interpreted high-ranking programme, providing its expectant audience with a musical treat.&#8221;<\/p>\n<p>&#8220;From the very beginning, the orchestra impressed with its absolutely harmonious and unified sound, with tone sequences of incredible delicacy, with fast and at the same time effortless and light passages. From the very first movement, however, the masterful interpretation of the young conductor Mildenberger was particularly evident. In terms of dynamics, tempo and melodic arcs, Mildenberger succeeded right from the start in interpreting the music in the spirit of the composer.<br \/>\nHe also managed to maintain the tension right through to the end of the concert thanks to the long phrasing arcs, in pleasant contrast to the &#8220;the main thing is to be different, because I have to come up with something special&#8221; attitude that many young conductors otherwise deplore.&#8221;<\/p>\n<p>&nbsp;<\/p>\n\n                            Autor:in: Waltraud G\u00fcnther\n                               <\/div>\n                               <div class=\"fm-button-wrapper\" style=\"display:inline-block;\">\n                    <a href=\"https:\/\/www.schwarzwaelder-bote.de\/inhalt.alpirsbach-tonfolgen-von-unglaublicher-zartheit.0007e288-6044-4ac0-beda-8fee7f013a50.html\" class=\"elementor-button-link fm-button elementor-size-md\" role=\"button\" target='_blank' rel=\"noopener\">\n                        <span class=\"fm-button-content-wrapper\">\n                            \n                          <span class=\"fm-button-text\" style=\"text-transform:uppercase\"><\/span>\n                        <\/span>\n                    <\/a>\n                <\/div>\n                           \n                            <div class=\"modal-footer\">\n                                <button type=\"button\" class=\"btn btn-secondary\" data-dismiss=\"modal\">CLOSE<\/button> \n                            <\/div>\n                        <\/div>\n                    <\/div>\n                <\/div>\n            <\/div>\n          \n        <\/div>\n\n    <\/div>\n\n\n<\/div><\/div>\n\t\t<\/div>\n\t\t\n\t\t\n\t\t<div class=\"row \" style=\"background-color:#fff;\">\n\t\t\t<div class=\"col-md-12\"><div class=\"row termine\">\n    <div class=\"col-md-3 datum align-middle\">\n        <p>March, 2020<\/p>\n        <span class=\"spielstaette2\"><p>Bachtrack \/ bachtrack.com<\/p>\n<p>&nbsp;<\/p>\n<p>&nbsp;<\/p>\n<p>&nbsp;<\/p>\n<\/span>\n    <\/div>\n    <div class=\"col-md-8 konzertname\">\n        <h3 style=\"color:#000; font-weight:700\">Bachtrack \u2013 Belgrade Philharmonic Orchestra, March 2020\u00a0<\/h3>\n     \n      \t<div class=\"row\">\n            <div class=\"col-md-12\">\n               <p>\u201eMildenberger shaped a performance that was full of energy and drive, stormy and turbulent where necessary as in the first movement, relaxed and good-humoured at other times as in the third. Changes in dynamics and tempo contributed to an exciting account. (&#8230;) The grand melody in the finale brought us to an exciting conclusion of a fine concert.\u201c [J. Brahms: Sinfonie Nr. 1, c-Moll]<\/p>\n               \n            <\/div>\n        <\/div>\n        <div class=\"row\" style=\"margin-top:20px;\">\n            <div class=\"col-md-12\">\n                <!-- Button trigger modal -->\n                <button type=\"button\" class=\"elementor-button-link fm-button elementor-size-md\" data-toggle=\"modal\" data-target=\"#bachtrack-belgrade-philharmonic-orchestra-march-2020\" style=\"display:inline-block; margin-right:20px;\">READ MORE\n                <\/button>\n              <div class=\"fm-button-wrapper\" style=\"display:inline-block;\">\n                    <a href=\"https:\/\/bachtrack.com\/de_DE\/review-stamitz-sokolovic-brahms-belgrade-philharmonic-march-2020\" class=\"elementor-button-link fm-button elementor-size-md\" role=\"button\" target='_blank' rel=\"noopener\">\n                        <span class=\"fm-button-content-wrapper\">\n                            \n                          <span class=\"fm-button-text\" style=\"text-transform:uppercase\"><\/span>\n                        <\/span>\n                    <\/a>\n                <\/div>\n\n                <!-- Modal -->\n                <div class=\"modal fade\" id=\"bachtrack-belgrade-philharmonic-orchestra-march-2020\" tabindex=\"-1\" role=\"dialog\"\n                    aria-labelledby=\"exampleModalCenterTitle\" aria-hidden=\"true\">\n                    <div class=\"modal-dialog modal-dialog-centered modal-lg\" role=\"document\">\n                        <div class=\"modal-content\">\n                            <div class=\"modal-header\">\n                                <h5 class=\"modal-title\" id=\"exampleModalLongTitle\">Bachtrack \u2013 Belgrade Philharmonic Orchestra, March 2020\u00a0<br\/><span style=\"font-style: italic; \">Bachtrack \/ bachtrack.com\r\n\r\n&nbsp;\r\n\r\n&nbsp;\r\n\r\n&nbsp;<\/span><\/h5>\n                                <button type=\"button\" class=\"close\" data-dismiss=\"modal\" aria-label=\"Close\">\n                                    <span aria-hidden=\"true\">&times;<\/span>\n                                <\/button>\n                            <\/div>\n                            <div class=\"modal-body\">\n                            \n                              \n                              <p>&nbsp;<\/p>\n<p>\u201eMildenberger shaped a performance that was full of energy and drive, stormy and turbulent where necessary as in the first movement, relaxed and good-humoured at other times as in the third. Changes in dynamics and tempo contributed to an exciting account. (&#8230;) The grand melody in the finale brought us to an exciting conclusion of a fine concert.\u201c [J. Brahms: Sinfonie Nr. 1, c-Moll]<\/p>\n<p>\u201eRemarkably, the orchestra and conductor Felix Mildenberger gave such a fluent, nuanced performance that one would have imagined that it was a core piece of their repertoire.\u201c [Ana Sokolova: Concerto for orchestra]<\/p>\n<p>\u201eMeanwhile Mildenberger kept a light touch in the orchestra, providing a restrained support to the soloists. The humour of the concerto was evident throughout (\u2026) to bring a smile to the faces of audience and orchestra alike.\u201c [C. Stamitz: Concerto for Clarinet, Bassoon and Orchestra]<\/p>\n<p>&nbsp;<\/p>\n<p>&nbsp;<\/p>\n<p>&nbsp;<\/p>\n\n                            Autor:in: Peter Connors, \u201eBelgrade boys star in an unusual Carl Stamitz concerto\u201c, in: bachtrack, 08.03.20\n                               <\/div>\n                               <div class=\"fm-button-wrapper\" style=\"display:inline-block;\">\n                    <a href=\"https:\/\/bachtrack.com\/de_DE\/review-stamitz-sokolovic-brahms-belgrade-philharmonic-march-2020\" class=\"elementor-button-link fm-button elementor-size-md\" role=\"button\" target='_blank' rel=\"noopener\">\n                        <span class=\"fm-button-content-wrapper\">\n                            \n                          <span class=\"fm-button-text\" style=\"text-transform:uppercase\"><\/span>\n                        <\/span>\n                    <\/a>\n                <\/div>\n                           \n                            <div class=\"modal-footer\">\n                                <button type=\"button\" class=\"btn btn-secondary\" data-dismiss=\"modal\">CLOSE<\/button> \n                            <\/div>\n                        <\/div>\n                    <\/div>\n                <\/div>\n            <\/div>\n          \n        <\/div>\n\n    <\/div>\n\n\n<\/div><\/div>\n\t\t<\/div>\n\t\t\n\t\t\n\t\t<div class=\"row \" style=\"background-color:#fff;\">\n\t\t\t<div class=\"col-md-12\"><div class=\"row termine\">\n    <div class=\"col-md-3 datum align-middle\">\n        <p>September, 2018<\/p>\n        <span class=\"spielstaette2\"><p>Ongaku-no Tomo<\/p>\n<\/span>\n    <\/div>\n    <div class=\"col-md-8 konzertname\">\n        <h3 style=\"color:#000; font-weight:700\">Debut in Japan<\/h3>\n     \n      \t<div class=\"row\">\n            <div class=\"col-md-12\">\n               <p>Felix Mildenberger stepping in on short notice with the Kansai Philharmonic Orchestra in Osaka<\/p>\n               \n            <\/div>\n        <\/div>\n        <div class=\"row\" style=\"margin-top:20px;\">\n            <div class=\"col-md-12\">\n                <!-- Button trigger modal -->\n                <button type=\"button\" class=\"elementor-button-link fm-button elementor-size-md\" data-toggle=\"modal\" data-target=\"#debut-in-japan\" style=\"display:inline-block; margin-right:20px;\">READ MORE\n                <\/button>\n              \n\n                <!-- Modal -->\n                <div class=\"modal fade\" id=\"debut-in-japan\" tabindex=\"-1\" role=\"dialog\"\n                    aria-labelledby=\"exampleModalCenterTitle\" aria-hidden=\"true\">\n                    <div class=\"modal-dialog modal-dialog-centered modal-lg\" role=\"document\">\n                        <div class=\"modal-content\">\n                            <div class=\"modal-header\">\n                                <h5 class=\"modal-title\" id=\"exampleModalLongTitle\">Debut in Japan<br\/><span style=\"font-style: italic; \">Ongaku-no Tomo<\/span><\/h5>\n                                <button type=\"button\" class=\"close\" data-dismiss=\"modal\" aria-label=\"Close\">\n                                    <span aria-hidden=\"true\">&times;<\/span>\n                                <\/button>\n                            <\/div>\n                            <div class=\"modal-body\">\n                            \n                              \n                              <p>&#8220;Das fl\u00fcsternd weiche Spiel der Streicher und Bl\u00e4ser st\u00fcrmte bald zu dynamischem Klang. In der &#8220;Nacht auf dem kahlen Berge&#8221; f\u00fchrte Mildenberger das Orchester auf wahrhaft dramatische Weise. Gekonnt stellte er durch schnelle Wechsel zwischen Forte und Piano die Unheimlichkeit und Komik des Zusammentreffens b\u00f6ser Geister von Bergen und Fl\u00fcssen dar.&#8221;<\/p>\n<p>&#8220;Dramatisch war auch &#8220;Bilder einer Ausstellung&#8221; in der zweiten H\u00e4lfte. Mildenberger stellte die russischen Gemeinden hinter den Bildern von Hartmann dar und brachte dies mit seinen Bewegungen zum Ausdruck. Statt schillernder Farben und \u00f6liger Leinw\u00e4nde pr\u00e4sentierte er Tafeln in kalten Farben, durch die von Zeit zu Zeit ein k\u00fchler Wind wehte. In &#8220;Bydlo&#8221;, der Szene, in der ein Ochsenkarren wegrollt, w\u00e4hrend er gepeitscht wird, in &#8220;Samuel Goldenberg und Schmuyle&#8221;, die ihre Wut begraben, und im abschlie\u00dfenden &#8220;Gro\u00dfen Tor von Kiew&#8221;, das eher wie ein Zeuge der Geschichte klang, der sich von einem Trauerzug verabschiedet, als wie ein gro\u00dfes Stadttor &#8211; in dem allgemein dynamischen Klang schwebte ein Gef\u00fchl tiefer Trauer. Die eingef\u00fcgten Promenaden waren angemessen und verbanden die Geschichten wirkungsvoll. Ich freue mich auf die Zukunft dieses jungen Dirigenten.&#8221;<\/p>\n<p>&nbsp;<\/p>\n<hr \/>\n<p>&nbsp;<\/p>\n<p>&#8220;The whisperingly soft playing of orderly strings and winds soon stormed into dynamic sound. Mildenberger led the orchestra in a truly dramatic way in \u201cNight on the Bare Mountain.\u201d He skillfully represented the eeriness and humorousness of the meeting of evil spirits of mountains and rivers through quick changes between forte and piano.<\/p>\n<p>&#8220;&#8221;Pictures at an Exhibition\u201d in the second half was also dramatic. Mildenberger depicted the Russian communities behind the pictures of Hartmann, bringing this out with his movements. He presented tablets in cold colors in which a chilly wind blew through from time to time, instead of dazzling colors and oily canvases. In \u201cBydlo,\u201dthe scene of an oxcart rolling away as it is being whipped; \u201cSamuel Goldenberg and Schmuyle\u201d burying their anger; and the final \u201cGreat Gate of Kiev,\u201d which sounded like a witness of history seeing off a funeral procession rather than a grand city gate\u2014within the generally dynamic sound, a feeling of deep sorrow floated. The inserted promenades were appropriate and linked the stories effectively. I look forward to the future of this young conductor.&#8221;<\/p>\n\n                            Autor:in: Kunio Shimada\n                               <\/div>\n                               \n                           \n                            <div class=\"modal-footer\">\n                                <button type=\"button\" class=\"btn btn-secondary\" data-dismiss=\"modal\">CLOSE<\/button> \n                            <\/div>\n                        <\/div>\n                    <\/div>\n                <\/div>\n            <\/div>\n          \n        <\/div>\n\n    <\/div>\n\n\n<\/div><\/div>\n\t\t<\/div>\n\t\t\n\t\n\t\n\t\n<\/div>\n\t\t\t\t<\/div>\n\t\t\t\t<\/div>\n\t\t\t\t\t<\/div>\n\t\t<\/div>\n\t\t\t\t\t<\/div>\n\t\t<\/section>\n\t\t\t\t<section class=\"elementor-section elementor-top-section elementor-element elementor-element-8012d41 elementor-section-boxed elementor-section-height-default elementor-section-height-default\" data-id=\"8012d41\" data-element_type=\"section\" id=\"media\" data-settings=\"{&quot;background_background&quot;:&quot;classic&quot;}\">\n\t\t\t\t\t\t<div class=\"elementor-container elementor-column-gap-default\">\n\t\t\t\t\t<div class=\"elementor-column elementor-col-100 elementor-top-column elementor-element elementor-element-4df63f7\" data-id=\"4df63f7\" data-element_type=\"column\">\n\t\t\t<div class=\"elementor-widget-wrap elementor-element-populated\">\n\t\t\t\t\t\t<div class=\"elementor-element elementor-element-25149fd elementor-widget elementor-widget-spacer\" data-id=\"25149fd\" data-element_type=\"widget\" data-widget_type=\"spacer.default\">\n\t\t\t\t<div class=\"elementor-widget-container\">\n\t\t\t\t\t\t\t<div class=\"elementor-spacer\">\n\t\t\t<div class=\"elementor-spacer-inner\"><\/div>\n\t\t<\/div>\n\t\t\t\t\t\t<\/div>\n\t\t\t\t<\/div>\n\t\t\t\t<div class=\"elementor-element elementor-element-f1ffa53 elementor-widget elementor-widget-heading\" data-id=\"f1ffa53\" data-element_type=\"widget\" data-widget_type=\"heading.default\">\n\t\t\t\t<div class=\"elementor-widget-container\">\n\t\t\t\t\t<h2 class=\"elementor-heading-title elementor-size-default\">MEDIA<\/h2>\t\t\t\t<\/div>\n\t\t\t\t<\/div>\n\t\t\t\t<div class=\"elementor-element elementor-element-48c2ed3 elementor-widget-divider--view-line elementor-widget elementor-widget-divider\" data-id=\"48c2ed3\" data-element_type=\"widget\" data-widget_type=\"divider.default\">\n\t\t\t\t<div class=\"elementor-widget-container\">\n\t\t\t\t\t\t\t<div class=\"elementor-divider\">\n\t\t\t<span class=\"elementor-divider-separator\">\n\t\t\t\t\t\t<\/span>\n\t\t<\/div>\n\t\t\t\t\t\t<\/div>\n\t\t\t\t<\/div>\n\t\t\t\t<div class=\"elementor-element elementor-element-cb9564e elementor-skin-slideshow elementor-widget__width-inherit elementor-arrows-yes elementor-widget elementor-widget-media-carousel\" data-id=\"cb9564e\" data-element_type=\"widget\" data-settings=\"{&quot;skin&quot;:&quot;slideshow&quot;,&quot;slideshow_slides_per_view&quot;:&quot;4&quot;,&quot;centered_slides&quot;:&quot;yes&quot;,&quot;speed&quot;:2500,&quot;space_between&quot;:{&quot;unit&quot;:&quot;px&quot;,&quot;size&quot;:20,&quot;sizes&quot;:[]},&quot;effect&quot;:&quot;slide&quot;,&quot;show_arrows&quot;:&quot;yes&quot;,&quot;loop&quot;:&quot;yes&quot;,&quot;space_between_tablet&quot;:{&quot;unit&quot;:&quot;px&quot;,&quot;size&quot;:10,&quot;sizes&quot;:[]},&quot;space_between_mobile&quot;:{&quot;unit&quot;:&quot;px&quot;,&quot;size&quot;:10,&quot;sizes&quot;:[]}}\" data-widget_type=\"media-carousel.default\">\n\t\t\t\t<div class=\"elementor-widget-container\">\n\t\t\t\t\t\t\t\t\t<div class=\"elementor-swiper\">\n\t\t\t\t\t<div class=\"elementor-main-swiper swiper\" role=\"region\" aria-roledescription=\"carousel\" aria-label=\"Slider\">\n\t\t\t\t<div class=\"swiper-wrapper\">\n\t\t\t\t\t\t\t\t\t\t\t<div class=\"swiper-slide\" role=\"group\" aria-roledescription=\"slide\">\n\t\t\t\t\t\t\t<a href=\"https:\/\/felixmildenberger.com\/wp-content\/uploads\/2024\/06\/Mahler-Symphony-No-2-excerpt-Felix-Mildenberger-Sinfonieorchester-Crescendo-Freiburg.jpg\" data-elementor-open-lightbox=\"yes\" data-elementor-lightbox-slideshow=\"cb9564e\" data-elementor-lightbox-title=\"Mahler-Symphony-No-2-excerpt-Felix-Mildenberger-Sinfonieorchester-Crescendo-Freiburg\" data-e-action-hash=\"#elementor-action%3Aaction%3Dlightbox%26settings%3DeyJpZCI6NDEyNiwidXJsIjoiaHR0cHM6XC9cL2ZlbGl4bWlsZGVuYmVyZ2VyLmNvbVwvd3AtY29udGVudFwvdXBsb2Fkc1wvMjAyNFwvMDZcL01haGxlci1TeW1waG9ueS1Oby0yLWV4Y2VycHQtRmVsaXgtTWlsZGVuYmVyZ2VyLVNpbmZvbmllb3JjaGVzdGVyLUNyZXNjZW5kby1GcmVpYnVyZy5qcGciLCJzbGlkZXNob3ciOiJjYjk1NjRlIn0%3D\" data-elementor-lightbox-video=\"https:\/\/www.youtube.com\/embed\/mDa5UE82bKY?feature=oembed&amp;autoplay=1&amp;rel=0&amp;controls=0\">\t\t<div class=\"elementor-carousel-image\" role=\"img\" aria-label=\"Mahler-Symphony-No-2-excerpt-Felix-Mildenberger-Sinfonieorchester-Crescendo-Freiburg\" style=\"background-image: url(&#039;https:\/\/felixmildenberger.com\/wp-content\/uploads\/2024\/06\/Mahler-Symphony-No-2-excerpt-Felix-Mildenberger-Sinfonieorchester-Crescendo-Freiburg.jpg&#039;)\">\n\n\t\t\t\n\t\t\t\t\t\t\t<div class=\"elementor-custom-embed-play\">\n\t\t\t\t\t<i aria-hidden=\"true\" class=\"eicon-play\"><\/i>\t\t\t\t\t<span class=\"elementor-screen-only\">Play<\/span>\n\t\t\t\t<\/div>\n\t\t\t\t\t<\/div>\n\t\t<\/a>\t\t\t\t\t\t<\/div>\n\t\t\t\t\t\t\t\t\t\t\t<div class=\"swiper-slide\" role=\"group\" aria-roledescription=\"slide\">\n\t\t\t\t\t\t\t<a href=\"https:\/\/felixmildenberger.com\/wp-content\/uploads\/2024\/06\/Mildenberger-Mendelssohn-Symphony-No-5-Reformation-Nordwestdeutsche-Philharmonie.jpg\" data-elementor-open-lightbox=\"yes\" data-elementor-lightbox-slideshow=\"cb9564e\" data-elementor-lightbox-title=\"Mildenberger-Mendelssohn-Symphony-No-5-Reformation-Nordwestdeutsche-Philharmonie\" data-e-action-hash=\"#elementor-action%3Aaction%3Dlightbox%26settings%3DeyJpZCI6NDExNSwidXJsIjoiaHR0cHM6XC9cL2ZlbGl4bWlsZGVuYmVyZ2VyLmNvbVwvd3AtY29udGVudFwvdXBsb2Fkc1wvMjAyNFwvMDZcL01pbGRlbmJlcmdlci1NZW5kZWxzc29obi1TeW1waG9ueS1Oby01LVJlZm9ybWF0aW9uLU5vcmR3ZXN0ZGV1dHNjaGUtUGhpbGhhcm1vbmllLmpwZyIsInNsaWRlc2hvdyI6ImNiOTU2NGUifQ%3D%3D\" data-elementor-lightbox-video=\"https:\/\/www.youtube.com\/embed\/Pu6UJvLWneM?feature=oembed&amp;autoplay=1&amp;rel=0&amp;controls=0\">\t\t<div class=\"elementor-carousel-image\" role=\"img\" aria-label=\"Mildenberger-Mendelssohn-Symphony-No-5-Reformation-Nordwestdeutsche-Philharmonie\" style=\"background-image: url(&#039;https:\/\/felixmildenberger.com\/wp-content\/uploads\/2024\/06\/Mildenberger-Mendelssohn-Symphony-No-5-Reformation-Nordwestdeutsche-Philharmonie.jpg&#039;)\">\n\n\t\t\t\n\t\t\t\t\t\t\t<div class=\"elementor-custom-embed-play\">\n\t\t\t\t\t<i aria-hidden=\"true\" class=\"eicon-play\"><\/i>\t\t\t\t\t<span class=\"elementor-screen-only\">Play<\/span>\n\t\t\t\t<\/div>\n\t\t\t\t\t<\/div>\n\t\t<\/a>\t\t\t\t\t\t<\/div>\n\t\t\t\t\t\t\t\t\t\t\t<div class=\"swiper-slide\" role=\"group\" aria-roledescription=\"slide\">\n\t\t\t\t\t\t\t<a href=\"https:\/\/felixmildenberger.com\/wp-content\/uploads\/2024\/06\/Mildenberger-Mozart-Piano-Concerto-No-20-K-466-Martin-James-Bartlett-Nordwestdeutsche-Philharmonie.jpg\" data-elementor-open-lightbox=\"yes\" data-elementor-lightbox-slideshow=\"cb9564e\" data-elementor-lightbox-title=\"Mildenberger-Mozart-Piano-Concerto-No-20-K-466-Martin-James-Bartlett-Nordwestdeutsche-Philharmonie\" data-e-action-hash=\"#elementor-action%3Aaction%3Dlightbox%26settings%3DeyJpZCI6NDExOCwidXJsIjoiaHR0cHM6XC9cL2ZlbGl4bWlsZGVuYmVyZ2VyLmNvbVwvd3AtY29udGVudFwvdXBsb2Fkc1wvMjAyNFwvMDZcL01pbGRlbmJlcmdlci1Nb3phcnQtUGlhbm8tQ29uY2VydG8tTm8tMjAtSy00NjYtTWFydGluLUphbWVzLUJhcnRsZXR0LU5vcmR3ZXN0ZGV1dHNjaGUtUGhpbGhhcm1vbmllLmpwZyIsInNsaWRlc2hvdyI6ImNiOTU2NGUifQ%3D%3D\" data-elementor-lightbox-video=\"https:\/\/www.youtube.com\/embed\/GayIrxuYn0c?feature=oembed&amp;autoplay=1&amp;rel=0&amp;controls=0\">\t\t<div class=\"elementor-carousel-image\" role=\"img\" aria-label=\"Mildenberger-Mozart-Piano-Concerto-No-20-K-466-Martin-James-Bartlett-Nordwestdeutsche-Philharmonie\" style=\"background-image: url(&#039;https:\/\/felixmildenberger.com\/wp-content\/uploads\/2024\/06\/Mildenberger-Mozart-Piano-Concerto-No-20-K-466-Martin-James-Bartlett-Nordwestdeutsche-Philharmonie.jpg&#039;)\">\n\n\t\t\t\n\t\t\t\t\t\t\t<div class=\"elementor-custom-embed-play\">\n\t\t\t\t\t<i aria-hidden=\"true\" class=\"eicon-play\"><\/i>\t\t\t\t\t<span class=\"elementor-screen-only\">Play<\/span>\n\t\t\t\t<\/div>\n\t\t\t\t\t<\/div>\n\t\t<\/a>\t\t\t\t\t\t<\/div>\n\t\t\t\t\t\t\t\t\t\t\t<div class=\"swiper-slide\" role=\"group\" aria-roledescription=\"slide\">\n\t\t\t\t\t\t\t<a href=\"https:\/\/felixmildenberger.com\/wp-content\/uploads\/2021\/06\/F.-Mendelssohn-Symphony-No.-4-4th-mvt-Deutsche-Kammerphilharmonie-Bremen-Felix-Mildenberger.jpg\" data-elementor-open-lightbox=\"yes\" data-elementor-lightbox-slideshow=\"cb9564e\" data-elementor-lightbox-title=\"F. Mendelssohn Symphony No. 4, 4th mvt - Deutsche Kammerphilharmonie Bremen, Felix Mildenberger\" data-e-action-hash=\"#elementor-action%3Aaction%3Dlightbox%26settings%3DeyJpZCI6Mjc0MiwidXJsIjoiaHR0cHM6XC9cL2ZlbGl4bWlsZGVuYmVyZ2VyLmNvbVwvd3AtY29udGVudFwvdXBsb2Fkc1wvMjAyMVwvMDZcL0YuLU1lbmRlbHNzb2huLVN5bXBob255LU5vLi00LTR0aC1tdnQtRGV1dHNjaGUtS2FtbWVycGhpbGhhcm1vbmllLUJyZW1lbi1GZWxpeC1NaWxkZW5iZXJnZXIuanBnIiwic2xpZGVzaG93IjoiY2I5NTY0ZSJ9\" data-elementor-lightbox-video=\"https:\/\/www.youtube.com\/embed\/Z6QfsNzQQWE?feature=oembed&amp;autoplay=1&amp;rel=0&amp;controls=0\">\t\t<div class=\"elementor-carousel-image\" role=\"img\" aria-label=\"F. Mendelssohn Symphony No. 4, 4th mvt - Deutsche Kammerphilharmonie Bremen, Felix Mildenberger\" style=\"background-image: url(&#039;https:\/\/felixmildenberger.com\/wp-content\/uploads\/2021\/06\/F.-Mendelssohn-Symphony-No.-4-4th-mvt-Deutsche-Kammerphilharmonie-Bremen-Felix-Mildenberger.jpg&#039;)\">\n\n\t\t\t\n\t\t\t\t\t\t\t<div class=\"elementor-custom-embed-play\">\n\t\t\t\t\t<i aria-hidden=\"true\" class=\"eicon-play\"><\/i>\t\t\t\t\t<span class=\"elementor-screen-only\">Play<\/span>\n\t\t\t\t<\/div>\n\t\t\t\t\t<\/div>\n\t\t<\/a>\t\t\t\t\t\t<\/div>\n\t\t\t\t\t\t\t\t\t\t\t<div class=\"swiper-slide\" role=\"group\" aria-roledescription=\"slide\">\n\t\t\t\t\t\t\t<a href=\"https:\/\/felixmildenberger.com\/wp-content\/uploads\/2021\/06\/L.-v.-Beethoven-Romance-No.-2-in-F-Julia-Fischer-Kammerphilharmonie-Bremen-Felix-Mildenberger.jpg\" data-elementor-open-lightbox=\"yes\" data-elementor-lightbox-slideshow=\"cb9564e\" data-elementor-lightbox-title=\"L. v. Beethoven Romance No. 2 in F -Julia Fischer, Kammerphilharmonie Bremen, Felix Mildenberger\" data-e-action-hash=\"#elementor-action%3Aaction%3Dlightbox%26settings%3DeyJpZCI6Mjc0NCwidXJsIjoiaHR0cHM6XC9cL2ZlbGl4bWlsZGVuYmVyZ2VyLmNvbVwvd3AtY29udGVudFwvdXBsb2Fkc1wvMjAyMVwvMDZcL0wuLXYuLUJlZXRob3Zlbi1Sb21hbmNlLU5vLi0yLWluLUYtSnVsaWEtRmlzY2hlci1LYW1tZXJwaGlsaGFybW9uaWUtQnJlbWVuLUZlbGl4LU1pbGRlbmJlcmdlci5qcGciLCJzbGlkZXNob3ciOiJjYjk1NjRlIn0%3D\" data-elementor-lightbox-video=\"https:\/\/www.youtube.com\/embed\/N2rblR3Tmkc?feature=oembed&amp;autoplay=1&amp;rel=0&amp;controls=0\">\t\t<div class=\"elementor-carousel-image\" role=\"img\" aria-label=\"L. v. Beethoven Romance No. 2 in F -Julia Fischer, Kammerphilharmonie Bremen, Felix Mildenberger\" style=\"background-image: url(&#039;https:\/\/felixmildenberger.com\/wp-content\/uploads\/2021\/06\/L.-v.-Beethoven-Romance-No.-2-in-F-Julia-Fischer-Kammerphilharmonie-Bremen-Felix-Mildenberger.jpg&#039;)\">\n\n\t\t\t\n\t\t\t\t\t\t\t<div class=\"elementor-custom-embed-play\">\n\t\t\t\t\t<i aria-hidden=\"true\" class=\"eicon-play\"><\/i>\t\t\t\t\t<span class=\"elementor-screen-only\">Play<\/span>\n\t\t\t\t<\/div>\n\t\t\t\t\t<\/div>\n\t\t<\/a>\t\t\t\t\t\t<\/div>\n\t\t\t\t\t\t\t\t\t\t\t<div class=\"swiper-slide\" role=\"group\" aria-roledescription=\"slide\">\n\t\t\t\t\t\t\t<a href=\"https:\/\/felixmildenberger.com\/wp-content\/uploads\/2021\/06\/J.-Haydn-Symphony-No.-44-1st-mvt..jpg\" data-elementor-open-lightbox=\"yes\" data-elementor-lightbox-slideshow=\"cb9564e\" data-elementor-lightbox-title=\"J. Haydn Symphony No. 44 - 1st mvt.\" data-e-action-hash=\"#elementor-action%3Aaction%3Dlightbox%26settings%3DeyJpZCI6Mjc0NywidXJsIjoiaHR0cHM6XC9cL2ZlbGl4bWlsZGVuYmVyZ2VyLmNvbVwvd3AtY29udGVudFwvdXBsb2Fkc1wvMjAyMVwvMDZcL0ouLUhheWRuLVN5bXBob255LU5vLi00NC0xc3QtbXZ0Li5qcGciLCJzbGlkZXNob3ciOiJjYjk1NjRlIn0%3D\" data-elementor-lightbox-video=\"https:\/\/www.youtube.com\/embed\/qw3XA9OJnag?feature=oembed&amp;autoplay=1&amp;rel=0&amp;controls=0\">\t\t<div class=\"elementor-carousel-image\" role=\"img\" aria-label=\"J. Haydn Symphony No. 44 - 1st mvt.\" style=\"background-image: url(&#039;https:\/\/felixmildenberger.com\/wp-content\/uploads\/2021\/06\/J.-Haydn-Symphony-No.-44-1st-mvt..jpg&#039;)\">\n\n\t\t\t\n\t\t\t\t\t\t\t<div class=\"elementor-custom-embed-play\">\n\t\t\t\t\t<i aria-hidden=\"true\" class=\"eicon-play\"><\/i>\t\t\t\t\t<span class=\"elementor-screen-only\">Play<\/span>\n\t\t\t\t<\/div>\n\t\t\t\t\t<\/div>\n\t\t<\/a>\t\t\t\t\t\t<\/div>\n\t\t\t\t\t\t\t\t\t\t\t<div class=\"swiper-slide\" role=\"group\" aria-roledescription=\"slide\">\n\t\t\t\t\t\t\t<a href=\"https:\/\/felixmildenberger.com\/wp-content\/uploads\/2021\/06\/J.-Haydn-Symphony-No.-44-2nd-mvt.jpg\" data-elementor-open-lightbox=\"yes\" data-elementor-lightbox-slideshow=\"cb9564e\" data-elementor-lightbox-title=\"J. Haydn Symphony No. 44 - 2nd mvt\" data-e-action-hash=\"#elementor-action%3Aaction%3Dlightbox%26settings%3DeyJpZCI6Mjc0NiwidXJsIjoiaHR0cHM6XC9cL2ZlbGl4bWlsZGVuYmVyZ2VyLmNvbVwvd3AtY29udGVudFwvdXBsb2Fkc1wvMjAyMVwvMDZcL0ouLUhheWRuLVN5bXBob255LU5vLi00NC0ybmQtbXZ0LmpwZyIsInNsaWRlc2hvdyI6ImNiOTU2NGUifQ%3D%3D\" data-elementor-lightbox-video=\"https:\/\/www.youtube.com\/embed\/jdyhDRc2MXg?feature=oembed&amp;autoplay=1&amp;rel=0&amp;controls=0\">\t\t<div class=\"elementor-carousel-image\" role=\"img\" aria-label=\"J. Haydn Symphony No. 44 - 2nd mvt\" style=\"background-image: url(&#039;https:\/\/felixmildenberger.com\/wp-content\/uploads\/2021\/06\/J.-Haydn-Symphony-No.-44-2nd-mvt.jpg&#039;)\">\n\n\t\t\t\n\t\t\t\t\t\t\t<div class=\"elementor-custom-embed-play\">\n\t\t\t\t\t<i aria-hidden=\"true\" class=\"eicon-play\"><\/i>\t\t\t\t\t<span class=\"elementor-screen-only\">Play<\/span>\n\t\t\t\t<\/div>\n\t\t\t\t\t<\/div>\n\t\t<\/a>\t\t\t\t\t\t<\/div>\n\t\t\t\t\t\t\t\t\t\t\t<div class=\"swiper-slide\" role=\"group\" aria-roledescription=\"slide\">\n\t\t\t\t\t\t\t<a href=\"https:\/\/felixmildenberger.com\/wp-content\/uploads\/2023\/01\/Screenshot_20230115_230218_YouTube-scaled.jpg\" data-elementor-open-lightbox=\"yes\" data-elementor-lightbox-slideshow=\"cb9564e\" data-elementor-lightbox-title=\"Screenshot_20230115_230218_YouTube\" data-e-action-hash=\"#elementor-action%3Aaction%3Dlightbox%26settings%3DeyJpZCI6Mzg4OCwidXJsIjoiaHR0cHM6XC9cL2ZlbGl4bWlsZGVuYmVyZ2VyLmNvbVwvd3AtY29udGVudFwvdXBsb2Fkc1wvMjAyM1wvMDFcL1NjcmVlbnNob3RfMjAyMzAxMTVfMjMwMjE4X1lvdVR1YmUtc2NhbGVkLmpwZyIsInNsaWRlc2hvdyI6ImNiOTU2NGUifQ%3D%3D\" data-elementor-lightbox-video=\"https:\/\/www.youtube.com\/embed\/AWalGkLR3dM?feature=oembed&amp;autoplay=1&amp;rel=0&amp;controls=0\">\t\t<div class=\"elementor-carousel-image\" role=\"img\" aria-label=\"Screenshot_20230115_230218_YouTube\" style=\"background-image: url(&#039;https:\/\/felixmildenberger.com\/wp-content\/uploads\/2023\/01\/Screenshot_20230115_230218_YouTube-scaled.jpg&#039;)\">\n\n\t\t\t\n\t\t\t\t\t\t\t<div class=\"elementor-custom-embed-play\">\n\t\t\t\t\t<i aria-hidden=\"true\" class=\"eicon-play\"><\/i>\t\t\t\t\t<span class=\"elementor-screen-only\">Play<\/span>\n\t\t\t\t<\/div>\n\t\t\t\t\t<\/div>\n\t\t<\/a>\t\t\t\t\t\t<\/div>\n\t\t\t\t\t\t\t\t\t\t\t<div class=\"swiper-slide\" role=\"group\" aria-roledescription=\"slide\">\n\t\t\t\t\t\t\t<a href=\"https:\/\/felixmildenberger.com\/wp-content\/uploads\/2021\/06\/W.A.Mozart-Symphony-No.-41-Jupiter-rehearsal.jpg\" data-elementor-open-lightbox=\"yes\" data-elementor-lightbox-slideshow=\"cb9564e\" data-elementor-lightbox-title=\"W.A.Mozart Symphony No. 41 Jupiter - rehearsal\" data-e-action-hash=\"#elementor-action%3Aaction%3Dlightbox%26settings%3DeyJpZCI6Mjc0OSwidXJsIjoiaHR0cHM6XC9cL2ZlbGl4bWlsZGVuYmVyZ2VyLmNvbVwvd3AtY29udGVudFwvdXBsb2Fkc1wvMjAyMVwvMDZcL1cuQS5Nb3phcnQtU3ltcGhvbnktTm8uLTQxLUp1cGl0ZXItcmVoZWFyc2FsLmpwZyIsInNsaWRlc2hvdyI6ImNiOTU2NGUifQ%3D%3D\" data-elementor-lightbox-video=\"https:\/\/www.youtube.com\/embed\/yIHpnsNNQtI?feature=oembed&amp;autoplay=1&amp;rel=0&amp;controls=0\">\t\t<div class=\"elementor-carousel-image\" role=\"img\" aria-label=\"W.A.Mozart Symphony No. 41 Jupiter - rehearsal\" style=\"background-image: url(&#039;https:\/\/felixmildenberger.com\/wp-content\/uploads\/2021\/06\/W.A.Mozart-Symphony-No.-41-Jupiter-rehearsal.jpg&#039;)\">\n\n\t\t\t\n\t\t\t\t\t\t\t<div class=\"elementor-custom-embed-play\">\n\t\t\t\t\t<i aria-hidden=\"true\" class=\"eicon-play\"><\/i>\t\t\t\t\t<span class=\"elementor-screen-only\">Play<\/span>\n\t\t\t\t<\/div>\n\t\t\t\t\t<\/div>\n\t\t<\/a>\t\t\t\t\t\t<\/div>\n\t\t\t\t\t\t\t\t\t\t\t<div class=\"swiper-slide\" role=\"group\" aria-roledescription=\"slide\">\n\t\t\t\t\t\t\t<a href=\"https:\/\/felixmildenberger.com\/wp-content\/uploads\/2023\/01\/Screenshot_20230115_225042_YouTube-scaled.jpg\" data-elementor-open-lightbox=\"yes\" data-elementor-lightbox-slideshow=\"cb9564e\" data-elementor-lightbox-title=\"Screenshot_20230115_225042_YouTube\" data-e-action-hash=\"#elementor-action%3Aaction%3Dlightbox%26settings%3DeyJpZCI6Mzg3OSwidXJsIjoiaHR0cHM6XC9cL2ZlbGl4bWlsZGVuYmVyZ2VyLmNvbVwvd3AtY29udGVudFwvdXBsb2Fkc1wvMjAyM1wvMDFcL1NjcmVlbnNob3RfMjAyMzAxMTVfMjI1MDQyX1lvdVR1YmUtc2NhbGVkLmpwZyIsInNsaWRlc2hvdyI6ImNiOTU2NGUifQ%3D%3D\" data-elementor-lightbox-video=\"https:\/\/www.youtube.com\/embed\/r1kS4tj6W-Q?feature=oembed&amp;autoplay=1&amp;rel=0&amp;controls=0\">\t\t<div class=\"elementor-carousel-image\" role=\"img\" aria-label=\"Screenshot_20230115_225042_YouTube\" style=\"background-image: url(&#039;https:\/\/felixmildenberger.com\/wp-content\/uploads\/2023\/01\/Screenshot_20230115_225042_YouTube-scaled.jpg&#039;)\">\n\n\t\t\t\n\t\t\t\t\t\t\t<div class=\"elementor-custom-embed-play\">\n\t\t\t\t\t<i aria-hidden=\"true\" class=\"eicon-play\"><\/i>\t\t\t\t\t<span class=\"elementor-screen-only\">Play<\/span>\n\t\t\t\t<\/div>\n\t\t\t\t\t<\/div>\n\t\t<\/a>\t\t\t\t\t\t<\/div>\n\t\t\t\t\t\t\t\t\t\t\t<div class=\"swiper-slide\" role=\"group\" aria-roledescription=\"slide\">\n\t\t\t\t\t\t\t<a href=\"https:\/\/felixmildenberger.com\/wp-content\/uploads\/2023\/01\/Screenshot_20230115_225344_YouTube-scaled.jpg\" data-elementor-open-lightbox=\"yes\" data-elementor-lightbox-slideshow=\"cb9564e\" data-elementor-lightbox-title=\"Screenshot_20230115_225344_YouTube\" data-e-action-hash=\"#elementor-action%3Aaction%3Dlightbox%26settings%3DeyJpZCI6Mzg4MSwidXJsIjoiaHR0cHM6XC9cL2ZlbGl4bWlsZGVuYmVyZ2VyLmNvbVwvd3AtY29udGVudFwvdXBsb2Fkc1wvMjAyM1wvMDFcL1NjcmVlbnNob3RfMjAyMzAxMTVfMjI1MzQ0X1lvdVR1YmUtc2NhbGVkLmpwZyIsInNsaWRlc2hvdyI6ImNiOTU2NGUifQ%3D%3D\" data-elementor-lightbox-video=\"https:\/\/www.youtube.com\/embed\/FfQXjnK-3xQ?feature=oembed&amp;autoplay=1&amp;rel=0&amp;controls=0\">\t\t<div class=\"elementor-carousel-image\" role=\"img\" aria-label=\"Screenshot_20230115_225344_YouTube\" style=\"background-image: url(&#039;https:\/\/felixmildenberger.com\/wp-content\/uploads\/2023\/01\/Screenshot_20230115_225344_YouTube-scaled.jpg&#039;)\">\n\n\t\t\t\n\t\t\t\t\t\t\t<div class=\"elementor-custom-embed-play\">\n\t\t\t\t\t<i aria-hidden=\"true\" class=\"eicon-play\"><\/i>\t\t\t\t\t<span class=\"elementor-screen-only\">Play<\/span>\n\t\t\t\t<\/div>\n\t\t\t\t\t<\/div>\n\t\t<\/a>\t\t\t\t\t\t<\/div>\n\t\t\t\t\t\t\t\t\t<\/div>\n\t\t\t\t\t\t\t\t\t\t\t\t\t\t\t<div class=\"elementor-swiper-button elementor-swiper-button-prev\" role=\"button\" tabindex=\"0\" aria-label=\"Previous\">\n\t\t\t\t\t\t\t<i aria-hidden=\"true\" class=\"eicon-chevron-left\"><\/i>\t\t\t\t\t\t<\/div>\n\t\t\t\t\t\t<div class=\"elementor-swiper-button elementor-swiper-button-next\" role=\"button\" tabindex=\"0\" aria-label=\"Next\">\n\t\t\t\t\t\t\t<i aria-hidden=\"true\" class=\"eicon-chevron-right\"><\/i>\t\t\t\t\t\t<\/div>\n\t\t\t\t\t\t\t\t\t\t\t\t\t\t\t\t\t<\/div>\n\t\t\t\t<\/div>\n\t\t\t\t\t\t\t\t<div class=\"elementor-swiper\">\n\t\t\t\t\t<div class=\"elementor-main-swiper swiper elementor-thumbnails-swiper swiper\" role=\"region region\" aria-roledescription=\"carousel carousel\" aria-label=\"Slider Slider\">\n\t\t\t\t<div class=\"swiper-wrapper\">\n\t\t\t\t\t\t\t\t\t\t\t<div class=\"swiper-slide\" role=\"group\" aria-roledescription=\"slide\">\n\t\t\t\t\t\t\t\t\t<div class=\"elementor-carousel-image\" role=\"img\" aria-label=\"Mahler-Symphony-No-2-excerpt-Felix-Mildenberger-Sinfonieorchester-Crescendo-Freiburg\" style=\"background-image: url(&#039;https:\/\/felixmildenberger.com\/wp-content\/uploads\/2024\/06\/Mahler-Symphony-No-2-excerpt-Felix-Mildenberger-Sinfonieorchester-Crescendo-Freiburg.jpg&#039;)\">\n\n\t\t\t\n\t\t\t\t\t<\/div>\n\t\t<\/a>\t\t\t\t\t\t<\/div>\n\t\t\t\t\t\t\t\t\t\t\t<div class=\"swiper-slide\" role=\"group\" aria-roledescription=\"slide\">\n\t\t\t\t\t\t\t\t\t<div class=\"elementor-carousel-image\" role=\"img\" aria-label=\"Mildenberger-Mendelssohn-Symphony-No-5-Reformation-Nordwestdeutsche-Philharmonie\" style=\"background-image: url(&#039;https:\/\/felixmildenberger.com\/wp-content\/uploads\/2024\/06\/Mildenberger-Mendelssohn-Symphony-No-5-Reformation-Nordwestdeutsche-Philharmonie.jpg&#039;)\">\n\n\t\t\t\n\t\t\t\t\t<\/div>\n\t\t<\/a>\t\t\t\t\t\t<\/div>\n\t\t\t\t\t\t\t\t\t\t\t<div class=\"swiper-slide\" role=\"group\" aria-roledescription=\"slide\">\n\t\t\t\t\t\t\t\t\t<div class=\"elementor-carousel-image\" role=\"img\" aria-label=\"Mildenberger-Mozart-Piano-Concerto-No-20-K-466-Martin-James-Bartlett-Nordwestdeutsche-Philharmonie\" style=\"background-image: url(&#039;https:\/\/felixmildenberger.com\/wp-content\/uploads\/2024\/06\/Mildenberger-Mozart-Piano-Concerto-No-20-K-466-Martin-James-Bartlett-Nordwestdeutsche-Philharmonie.jpg&#039;)\">\n\n\t\t\t\n\t\t\t\t\t<\/div>\n\t\t<\/a>\t\t\t\t\t\t<\/div>\n\t\t\t\t\t\t\t\t\t\t\t<div class=\"swiper-slide\" role=\"group\" aria-roledescription=\"slide\">\n\t\t\t\t\t\t\t\t\t<div class=\"elementor-carousel-image\" role=\"img\" aria-label=\"F. Mendelssohn Symphony No. 4, 4th mvt - Deutsche Kammerphilharmonie Bremen, Felix Mildenberger\" style=\"background-image: url(&#039;https:\/\/felixmildenberger.com\/wp-content\/uploads\/2021\/06\/F.-Mendelssohn-Symphony-No.-4-4th-mvt-Deutsche-Kammerphilharmonie-Bremen-Felix-Mildenberger.jpg&#039;)\">\n\n\t\t\t\n\t\t\t\t\t<\/div>\n\t\t<\/a>\t\t\t\t\t\t<\/div>\n\t\t\t\t\t\t\t\t\t\t\t<div class=\"swiper-slide\" role=\"group\" aria-roledescription=\"slide\">\n\t\t\t\t\t\t\t\t\t<div class=\"elementor-carousel-image\" role=\"img\" aria-label=\"L. v. Beethoven Romance No. 2 in F -Julia Fischer, Kammerphilharmonie Bremen, Felix Mildenberger\" style=\"background-image: url(&#039;https:\/\/felixmildenberger.com\/wp-content\/uploads\/2021\/06\/L.-v.-Beethoven-Romance-No.-2-in-F-Julia-Fischer-Kammerphilharmonie-Bremen-Felix-Mildenberger.jpg&#039;)\">\n\n\t\t\t\n\t\t\t\t\t<\/div>\n\t\t<\/a>\t\t\t\t\t\t<\/div>\n\t\t\t\t\t\t\t\t\t\t\t<div class=\"swiper-slide\" role=\"group\" aria-roledescription=\"slide\">\n\t\t\t\t\t\t\t\t\t<div class=\"elementor-carousel-image\" role=\"img\" aria-label=\"J. Haydn Symphony No. 44 - 1st mvt.\" style=\"background-image: url(&#039;https:\/\/felixmildenberger.com\/wp-content\/uploads\/2021\/06\/J.-Haydn-Symphony-No.-44-1st-mvt..jpg&#039;)\">\n\n\t\t\t\n\t\t\t\t\t<\/div>\n\t\t<\/a>\t\t\t\t\t\t<\/div>\n\t\t\t\t\t\t\t\t\t\t\t<div class=\"swiper-slide\" role=\"group\" aria-roledescription=\"slide\">\n\t\t\t\t\t\t\t\t\t<div class=\"elementor-carousel-image\" role=\"img\" aria-label=\"J. Haydn Symphony No. 44 - 2nd mvt\" style=\"background-image: url(&#039;https:\/\/felixmildenberger.com\/wp-content\/uploads\/2021\/06\/J.-Haydn-Symphony-No.-44-2nd-mvt.jpg&#039;)\">\n\n\t\t\t\n\t\t\t\t\t<\/div>\n\t\t<\/a>\t\t\t\t\t\t<\/div>\n\t\t\t\t\t\t\t\t\t\t\t<div class=\"swiper-slide\" role=\"group\" aria-roledescription=\"slide\">\n\t\t\t\t\t\t\t\t\t<div class=\"elementor-carousel-image\" role=\"img\" aria-label=\"Screenshot_20230115_230218_YouTube\" style=\"background-image: url(&#039;https:\/\/felixmildenberger.com\/wp-content\/uploads\/2023\/01\/Screenshot_20230115_230218_YouTube-scaled.jpg&#039;)\">\n\n\t\t\t\n\t\t\t\t\t<\/div>\n\t\t<\/a>\t\t\t\t\t\t<\/div>\n\t\t\t\t\t\t\t\t\t\t\t<div class=\"swiper-slide\" role=\"group\" aria-roledescription=\"slide\">\n\t\t\t\t\t\t\t\t\t<div class=\"elementor-carousel-image\" role=\"img\" aria-label=\"W.A.Mozart Symphony No. 41 Jupiter - rehearsal\" style=\"background-image: url(&#039;https:\/\/felixmildenberger.com\/wp-content\/uploads\/2021\/06\/W.A.Mozart-Symphony-No.-41-Jupiter-rehearsal.jpg&#039;)\">\n\n\t\t\t\n\t\t\t\t\t<\/div>\n\t\t<\/a>\t\t\t\t\t\t<\/div>\n\t\t\t\t\t\t\t\t\t\t\t<div class=\"swiper-slide\" role=\"group\" aria-roledescription=\"slide\">\n\t\t\t\t\t\t\t\t\t<div class=\"elementor-carousel-image\" role=\"img\" aria-label=\"Screenshot_20230115_225042_YouTube\" style=\"background-image: url(&#039;https:\/\/felixmildenberger.com\/wp-content\/uploads\/2023\/01\/Screenshot_20230115_225042_YouTube-scaled.jpg&#039;)\">\n\n\t\t\t\n\t\t\t\t\t<\/div>\n\t\t<\/a>\t\t\t\t\t\t<\/div>\n\t\t\t\t\t\t\t\t\t\t\t<div class=\"swiper-slide\" role=\"group\" aria-roledescription=\"slide\">\n\t\t\t\t\t\t\t\t\t<div class=\"elementor-carousel-image\" role=\"img\" aria-label=\"Screenshot_20230115_225344_YouTube\" style=\"background-image: url(&#039;https:\/\/felixmildenberger.com\/wp-content\/uploads\/2023\/01\/Screenshot_20230115_225344_YouTube-scaled.jpg&#039;)\">\n\n\t\t\t\n\t\t\t\t\t<\/div>\n\t\t<\/a>\t\t\t\t\t\t<\/div>\n\t\t\t\t\t\t\t\t\t<\/div>\n\t\t\t\t\t\t\t\t\t\t\t\t\t\t\t\t\t\t\t\t\t<\/div>\n\t\t\t\t<\/div>\n\t\t\t\t\t\t\t\t<\/div>\n\t\t\t\t<\/div>\n\t\t\t\t<div class=\"elementor-element elementor-element-97b1782 elementor-widget elementor-widget-spacer\" data-id=\"97b1782\" data-element_type=\"widget\" data-widget_type=\"spacer.default\">\n\t\t\t\t<div class=\"elementor-widget-container\">\n\t\t\t\t\t\t\t<div class=\"elementor-spacer\">\n\t\t\t<div class=\"elementor-spacer-inner\"><\/div>\n\t\t<\/div>\n\t\t\t\t\t\t<\/div>\n\t\t\t\t<\/div>\n\t\t\t\t<div class=\"elementor-element elementor-element-c93ea32 elementor-shape-rounded elementor-grid-0 e-grid-align-center elementor-widget elementor-widget-social-icons\" data-id=\"c93ea32\" data-element_type=\"widget\" data-widget_type=\"social-icons.default\">\n\t\t\t\t<div class=\"elementor-widget-container\">\n\t\t\t\t\t\t\t<div class=\"elementor-social-icons-wrapper elementor-grid\" role=\"list\">\n\t\t\t\t\t\t\t<span class=\"elementor-grid-item\" role=\"listitem\">\n\t\t\t\t\t<a class=\"elementor-icon elementor-social-icon elementor-social-icon-facebook elementor-repeater-item-d8bddb5\" href=\"https:\/\/www.facebook.com\/felixmildenbergerconductor\/\" target=\"_blank\">\n\t\t\t\t\t\t<span class=\"elementor-screen-only\">Facebook<\/span>\n\t\t\t\t\t\t<i aria-hidden=\"true\" class=\"fab fa-facebook\"><\/i>\t\t\t\t\t<\/a>\n\t\t\t\t<\/span>\n\t\t\t\t\t\t\t<span class=\"elementor-grid-item\" role=\"listitem\">\n\t\t\t\t\t<a class=\"elementor-icon elementor-social-icon elementor-social-icon-instagram elementor-repeater-item-62d09e8\" href=\"https:\/\/www.instagram.com\/felixmildenberger_conductor\/\" target=\"_blank\">\n\t\t\t\t\t\t<span class=\"elementor-screen-only\">Instagram<\/span>\n\t\t\t\t\t\t<i aria-hidden=\"true\" class=\"fab fa-instagram\"><\/i>\t\t\t\t\t<\/a>\n\t\t\t\t<\/span>\n\t\t\t\t\t\t\t<span class=\"elementor-grid-item\" role=\"listitem\">\n\t\t\t\t\t<a class=\"elementor-icon elementor-social-icon elementor-social-icon-youtube elementor-repeater-item-2bbd84c\" href=\"https:\/\/www.youtube.com\/user\/Moosician21\/videos\" target=\"_blank\">\n\t\t\t\t\t\t<span class=\"elementor-screen-only\">Youtube<\/span>\n\t\t\t\t\t\t<i aria-hidden=\"true\" class=\"fab fa-youtube\"><\/i>\t\t\t\t\t<\/a>\n\t\t\t\t<\/span>\n\t\t\t\t\t<\/div>\n\t\t\t\t\t\t<\/div>\n\t\t\t\t<\/div>\n\t\t\t\t<div class=\"elementor-element elementor-element-40f95c3 elementor-widget elementor-widget-spacer\" data-id=\"40f95c3\" data-element_type=\"widget\" data-widget_type=\"spacer.default\">\n\t\t\t\t<div class=\"elementor-widget-container\">\n\t\t\t\t\t\t\t<div class=\"elementor-spacer\">\n\t\t\t<div class=\"elementor-spacer-inner\"><\/div>\n\t\t<\/div>\n\t\t\t\t\t\t<\/div>\n\t\t\t\t<\/div>\n\t\t\t\t\t<\/div>\n\t\t<\/div>\n\t\t\t\t\t<\/div>\n\t\t<\/section>\n\t\t\t\t<section class=\"elementor-section elementor-top-section elementor-element elementor-element-6d23bf8 elementor-section-boxed elementor-section-height-default elementor-section-height-default\" data-id=\"6d23bf8\" data-element_type=\"section\" data-settings=\"{&quot;background_background&quot;:&quot;classic&quot;}\">\n\t\t\t\t\t\t<div class=\"elementor-container elementor-column-gap-default\">\n\t\t\t\t\t<div class=\"elementor-column elementor-col-100 elementor-top-column elementor-element elementor-element-0cb7a82\" data-id=\"0cb7a82\" data-element_type=\"column\">\n\t\t\t<div class=\"elementor-widget-wrap elementor-element-populated\">\n\t\t\t\t\t\t<div class=\"elementor-element elementor-element-9de863f elementor-blockquote--skin-quotation elementor-blockquote--align-center elementor-widget elementor-widget-blockquote\" data-id=\"9de863f\" data-element_type=\"widget\" data-widget_type=\"blockquote.default\">\n\t\t\t\t<div class=\"elementor-widget-container\">\n\t\t\t\t\t\t\t<blockquote class=\"elementor-blockquote\">\n\t\t\t<p class=\"elementor-blockquote__content\">\n\t\t\t\tFelix is a very gifted young conductor. He combines great technical skills and an excellent ear with extraordinary musicality and stunning professional attitude.\t\t\t<\/p>\n\t\t\t\t\t\t\t<div class=\"e-q-footer\">\n\t\t\t\t\t\t\t\t\t\t\t<cite class=\"elementor-blockquote__author\">Gerhard Markson<\/cite>\n\t\t\t\t\t\t\t\t\t\t\t\t\t\t<\/div>\n\t\t\t\t\t<\/blockquote>\n\t\t\t\t\t\t<\/div>\n\t\t\t\t<\/div>\n\t\t\t\t\t<\/div>\n\t\t<\/div>\n\t\t\t\t\t<\/div>\n\t\t<\/section>\n\t\t\t\t<section class=\"elementor-section elementor-top-section elementor-element elementor-element-6d64f6f elementor-section-boxed elementor-section-height-default elementor-section-height-default\" data-id=\"6d64f6f\" data-element_type=\"section\" id=\"gallery\" data-settings=\"{&quot;background_background&quot;:&quot;classic&quot;}\">\n\t\t\t\t\t\t<div class=\"elementor-container elementor-column-gap-default\">\n\t\t\t\t\t<div class=\"elementor-column elementor-col-100 elementor-top-column elementor-element elementor-element-13d22be\" data-id=\"13d22be\" data-element_type=\"column\">\n\t\t\t<div class=\"elementor-widget-wrap elementor-element-populated\">\n\t\t\t\t\t\t<div class=\"elementor-element elementor-element-a9d747a elementor-widget elementor-widget-spacer\" data-id=\"a9d747a\" data-element_type=\"widget\" data-widget_type=\"spacer.default\">\n\t\t\t\t<div class=\"elementor-widget-container\">\n\t\t\t\t\t\t\t<div class=\"elementor-spacer\">\n\t\t\t<div class=\"elementor-spacer-inner\"><\/div>\n\t\t<\/div>\n\t\t\t\t\t\t<\/div>\n\t\t\t\t<\/div>\n\t\t\t\t<div class=\"elementor-element elementor-element-28579b2 elementor-widget elementor-widget-heading\" data-id=\"28579b2\" data-element_type=\"widget\" data-widget_type=\"heading.default\">\n\t\t\t\t<div class=\"elementor-widget-container\">\n\t\t\t\t\t<h2 class=\"elementor-heading-title elementor-size-default\">GALLERY<\/h2>\t\t\t\t<\/div>\n\t\t\t\t<\/div>\n\t\t\t\t<div class=\"elementor-element elementor-element-c62eb08 elementor-widget-divider--view-line elementor-widget elementor-widget-divider\" data-id=\"c62eb08\" data-element_type=\"widget\" data-widget_type=\"divider.default\">\n\t\t\t\t<div class=\"elementor-widget-container\">\n\t\t\t\t\t\t\t<div class=\"elementor-divider\">\n\t\t\t<span class=\"elementor-divider-separator\">\n\t\t\t\t\t\t<\/span>\n\t\t<\/div>\n\t\t\t\t\t\t<\/div>\n\t\t\t\t<\/div>\n\t\t\t\t<div class=\"elementor-element elementor-element-2d14a58 elementor-widget elementor-widget-gallery\" data-id=\"2d14a58\" data-element_type=\"widget\" data-settings=\"{&quot;gallery_layout&quot;:&quot;justified&quot;,&quot;gap&quot;:{&quot;unit&quot;:&quot;px&quot;,&quot;size&quot;:12,&quot;sizes&quot;:[]},&quot;image_hover_animation&quot;:&quot;grow&quot;,&quot;background_overlay_hover_animation&quot;:&quot;exit-zoom-in&quot;,&quot;content_hover_animation&quot;:&quot;grow&quot;,&quot;lazyload&quot;:&quot;yes&quot;,&quot;ideal_row_height&quot;:{&quot;unit&quot;:&quot;px&quot;,&quot;size&quot;:200,&quot;sizes&quot;:[]},&quot;ideal_row_height_tablet&quot;:{&quot;unit&quot;:&quot;px&quot;,&quot;size&quot;:150,&quot;sizes&quot;:[]},&quot;ideal_row_height_mobile&quot;:{&quot;unit&quot;:&quot;px&quot;,&quot;size&quot;:150,&quot;sizes&quot;:[]},&quot;gap_tablet&quot;:{&quot;unit&quot;:&quot;px&quot;,&quot;size&quot;:10,&quot;sizes&quot;:[]},&quot;gap_mobile&quot;:{&quot;unit&quot;:&quot;px&quot;,&quot;size&quot;:10,&quot;sizes&quot;:[]},&quot;link_to&quot;:&quot;file&quot;,&quot;overlay_background&quot;:&quot;yes&quot;}\" data-widget_type=\"gallery.default\">\n\t\t\t\t<div class=\"elementor-widget-container\">\n\t\t\t\t\t\t\t<div class=\"elementor-gallery__container\">\n\t\t\t\t\t\t\t<a class=\"e-gallery-item elementor-gallery-item elementor-animated-content\" href=\"https:\/\/felixmildenberger.com\/wp-content\/uploads\/2024\/10\/000_7810-copy1-scaled.jpg\" data-elementor-open-lightbox=\"yes\" data-elementor-lightbox-slideshow=\"2d14a58\" data-elementor-lightbox-title=\"Felix Mildenberger 1 \u00a9Neda Navaee\" data-e-action-hash=\"#elementor-action%3Aaction%3Dlightbox%26settings%3DeyJpZCI6NDE4NSwidXJsIjoiaHR0cHM6XC9cL2ZlbGl4bWlsZGVuYmVyZ2VyLmNvbVwvd3AtY29udGVudFwvdXBsb2Fkc1wvMjAyNFwvMTBcLzAwMF83ODEwLWNvcHkxLXNjYWxlZC5qcGciLCJzbGlkZXNob3ciOiIyZDE0YTU4In0%3D\">\n\t\t\t\t\t<div class=\"e-gallery-image elementor-gallery-item__image\" data-thumbnail=\"https:\/\/felixmildenberger.com\/wp-content\/uploads\/2024\/10\/000_7810-copy1-300x200.jpg\" data-width=\"300\" data-height=\"200\" aria-label=\"\" role=\"img\" ><\/div>\n\t\t\t\t\t\t\t\t\t\t\t<div class=\"elementor-gallery-item__overlay\"><\/div>\n\t\t\t\t\t\t\t\t\t\t\t\t\t\t<\/a>\n\t\t\t\t\t\t\t<a class=\"e-gallery-item elementor-gallery-item elementor-animated-content\" href=\"https:\/\/felixmildenberger.com\/wp-content\/uploads\/2024\/10\/000_7895-copy-3-scaled.jpg\" data-elementor-open-lightbox=\"yes\" data-elementor-lightbox-slideshow=\"2d14a58\" data-elementor-lightbox-title=\"Felix Mildenberger 2 \u00a9Neda Navaee\" data-e-action-hash=\"#elementor-action%3Aaction%3Dlightbox%26settings%3DeyJpZCI6NDE5MSwidXJsIjoiaHR0cHM6XC9cL2ZlbGl4bWlsZGVuYmVyZ2VyLmNvbVwvd3AtY29udGVudFwvdXBsb2Fkc1wvMjAyNFwvMTBcLzAwMF83ODk1LWNvcHktMy1zY2FsZWQuanBnIiwic2xpZGVzaG93IjoiMmQxNGE1OCJ9\">\n\t\t\t\t\t<div class=\"e-gallery-image elementor-gallery-item__image\" data-thumbnail=\"https:\/\/felixmildenberger.com\/wp-content\/uploads\/2024\/10\/000_7895-copy-3-200x300.jpg\" data-width=\"200\" data-height=\"300\" aria-label=\"\" role=\"img\" ><\/div>\n\t\t\t\t\t\t\t\t\t\t\t<div class=\"elementor-gallery-item__overlay\"><\/div>\n\t\t\t\t\t\t\t\t\t\t\t\t\t\t<\/a>\n\t\t\t\t\t\t\t<a class=\"e-gallery-item elementor-gallery-item elementor-animated-content\" href=\"https:\/\/felixmildenberger.com\/wp-content\/uploads\/2022\/11\/Felix-Mildenberger_06@Yaltah-Worlitzsch-2-scaled.jpg\" data-elementor-open-lightbox=\"yes\" data-elementor-lightbox-slideshow=\"2d14a58\" data-elementor-lightbox-title=\"Felix Mildenberger 3 \u00a9Yaltah Worlitzsch\" data-e-action-hash=\"#elementor-action%3Aaction%3Dlightbox%26settings%3DeyJpZCI6MzgyOCwidXJsIjoiaHR0cHM6XC9cL2ZlbGl4bWlsZGVuYmVyZ2VyLmNvbVwvd3AtY29udGVudFwvdXBsb2Fkc1wvMjAyMlwvMTFcL0ZlbGl4LU1pbGRlbmJlcmdlcl8wNkBZYWx0YWgtV29ybGl0enNjaC0yLXNjYWxlZC5qcGciLCJzbGlkZXNob3ciOiIyZDE0YTU4In0%3D\">\n\t\t\t\t\t<div class=\"e-gallery-image elementor-gallery-item__image\" data-thumbnail=\"https:\/\/felixmildenberger.com\/wp-content\/uploads\/2022\/11\/Felix-Mildenberger_06@Yaltah-Worlitzsch-2-200x300.jpg\" data-width=\"200\" data-height=\"300\" aria-label=\"\" role=\"img\" ><\/div>\n\t\t\t\t\t\t\t\t\t\t\t<div class=\"elementor-gallery-item__overlay\"><\/div>\n\t\t\t\t\t\t\t\t\t\t\t\t\t\t<\/a>\n\t\t\t\t\t\t\t<a class=\"e-gallery-item elementor-gallery-item elementor-animated-content\" href=\"https:\/\/felixmildenberger.com\/wp-content\/uploads\/2022\/11\/\u00a9\ufe0f-Camilla_Pietrarelli-Orchestra_Leonore5-scaled.jpg\" data-elementor-open-lightbox=\"yes\" data-elementor-lightbox-slideshow=\"2d14a58\" data-elementor-lightbox-title=\"Felix Mildenberger 9 \u00a9Camilla Pietrarelli-Orchestra\" data-e-action-hash=\"#elementor-action%3Aaction%3Dlightbox%26settings%3DeyJpZCI6MzgyNCwidXJsIjoiaHR0cHM6XC9cL2ZlbGl4bWlsZGVuYmVyZ2VyLmNvbVwvd3AtY29udGVudFwvdXBsb2Fkc1wvMjAyMlwvMTFcL1x1MDBhOVx1ZmUwZi1DYW1pbGxhX1BpZXRyYXJlbGxpLU9yY2hlc3RyYV9MZW9ub3JlNS1zY2FsZWQuanBnIiwic2xpZGVzaG93IjoiMmQxNGE1OCJ9\">\n\t\t\t\t\t<div class=\"e-gallery-image elementor-gallery-item__image\" data-thumbnail=\"https:\/\/felixmildenberger.com\/wp-content\/uploads\/2022\/11\/\u00a9\ufe0f-Camilla_Pietrarelli-Orchestra_Leonore5-300x200.jpg\" data-width=\"300\" data-height=\"200\" aria-label=\"\" role=\"img\" ><\/div>\n\t\t\t\t\t\t\t\t\t\t\t<div class=\"elementor-gallery-item__overlay\"><\/div>\n\t\t\t\t\t\t\t\t\t\t\t\t\t\t<\/a>\n\t\t\t\t\t\t\t<a class=\"e-gallery-item elementor-gallery-item elementor-animated-content\" href=\"https:\/\/felixmildenberger.com\/wp-content\/uploads\/2016\/11\/DSC_0040.jpg\" data-elementor-open-lightbox=\"yes\" data-elementor-lightbox-slideshow=\"2d14a58\" data-elementor-lightbox-title=\"Felix Mildenberger 4 \u00a9Nagoya Philharmonic Orchestra\" data-e-action-hash=\"#elementor-action%3Aaction%3Dlightbox%26settings%3DeyJpZCI6MTAwMywidXJsIjoiaHR0cHM6XC9cL2ZlbGl4bWlsZGVuYmVyZ2VyLmNvbVwvd3AtY29udGVudFwvdXBsb2Fkc1wvMjAxNlwvMTFcL0RTQ18wMDQwLmpwZyIsInNsaWRlc2hvdyI6IjJkMTRhNTgifQ%3D%3D\">\n\t\t\t\t\t<div class=\"e-gallery-image elementor-gallery-item__image\" data-thumbnail=\"https:\/\/felixmildenberger.com\/wp-content\/uploads\/2016\/11\/DSC_0040-300x262.jpg\" data-width=\"300\" data-height=\"262\" aria-label=\"\" role=\"img\" ><\/div>\n\t\t\t\t\t\t\t\t\t\t\t<div class=\"elementor-gallery-item__overlay\"><\/div>\n\t\t\t\t\t\t\t\t\t\t\t\t\t\t<\/a>\n\t\t\t\t\t\t\t<a class=\"e-gallery-item elementor-gallery-item elementor-animated-content\" href=\"https:\/\/felixmildenberger.com\/wp-content\/uploads\/2019\/04\/LSODonatellaFlickOvers_557.jpg\" data-elementor-open-lightbox=\"yes\" data-elementor-lightbox-slideshow=\"2d14a58\" data-elementor-lightbox-title=\"Felix Mildenberger 5 \u00a9Doug Peters\" data-e-action-hash=\"#elementor-action%3Aaction%3Dlightbox%26settings%3DeyJpZCI6MTUyMCwidXJsIjoiaHR0cHM6XC9cL2ZlbGl4bWlsZGVuYmVyZ2VyLmNvbVwvd3AtY29udGVudFwvdXBsb2Fkc1wvMjAxOVwvMDRcL0xTT0RvbmF0ZWxsYUZsaWNrT3ZlcnNfNTU3LmpwZyIsInNsaWRlc2hvdyI6IjJkMTRhNTgifQ%3D%3D\">\n\t\t\t\t\t<div class=\"e-gallery-image elementor-gallery-item__image\" data-thumbnail=\"https:\/\/felixmildenberger.com\/wp-content\/uploads\/2019\/04\/LSODonatellaFlickOvers_557-300x200.jpg\" data-width=\"300\" data-height=\"200\" aria-label=\"\" role=\"img\" ><\/div>\n\t\t\t\t\t\t\t\t\t\t\t<div class=\"elementor-gallery-item__overlay\"><\/div>\n\t\t\t\t\t\t\t\t\t\t\t\t\t\t<\/a>\n\t\t\t\t\t\t\t<a class=\"e-gallery-item elementor-gallery-item elementor-animated-content\" href=\"https:\/\/felixmildenberger.com\/wp-content\/uploads\/2019\/04\/LSODonatellaFlickOvers_556.jpg\" data-elementor-open-lightbox=\"yes\" data-elementor-lightbox-slideshow=\"2d14a58\" data-elementor-lightbox-title=\"Felix Mildenberger 6 \u00a9Doug Peters\" data-e-action-hash=\"#elementor-action%3Aaction%3Dlightbox%26settings%3DeyJpZCI6MTUxOSwidXJsIjoiaHR0cHM6XC9cL2ZlbGl4bWlsZGVuYmVyZ2VyLmNvbVwvd3AtY29udGVudFwvdXBsb2Fkc1wvMjAxOVwvMDRcL0xTT0RvbmF0ZWxsYUZsaWNrT3ZlcnNfNTU2LmpwZyIsInNsaWRlc2hvdyI6IjJkMTRhNTgifQ%3D%3D\">\n\t\t\t\t\t<div class=\"e-gallery-image elementor-gallery-item__image\" data-thumbnail=\"https:\/\/felixmildenberger.com\/wp-content\/uploads\/2019\/04\/LSODonatellaFlickOvers_556-300x200.jpg\" data-width=\"300\" data-height=\"200\" aria-label=\"\" role=\"img\" ><\/div>\n\t\t\t\t\t\t\t\t\t\t\t<div class=\"elementor-gallery-item__overlay\"><\/div>\n\t\t\t\t\t\t\t\t\t\t\t\t\t\t<\/a>\n\t\t\t\t\t\t\t<a class=\"e-gallery-item elementor-gallery-item elementor-animated-content\" href=\"https:\/\/felixmildenberger.com\/wp-content\/uploads\/2024\/10\/000_8042-copy3-scaled.jpg\" data-elementor-open-lightbox=\"yes\" data-elementor-lightbox-slideshow=\"2d14a58\" data-elementor-lightbox-title=\"Felix Mildenberger 7 \u00a9Neda Navaee\" data-e-action-hash=\"#elementor-action%3Aaction%3Dlightbox%26settings%3DeyJpZCI6NDIwNywidXJsIjoiaHR0cHM6XC9cL2ZlbGl4bWlsZGVuYmVyZ2VyLmNvbVwvd3AtY29udGVudFwvdXBsb2Fkc1wvMjAyNFwvMTBcLzAwMF84MDQyLWNvcHkzLXNjYWxlZC5qcGciLCJzbGlkZXNob3ciOiIyZDE0YTU4In0%3D\">\n\t\t\t\t\t<div class=\"e-gallery-image elementor-gallery-item__image\" data-thumbnail=\"https:\/\/felixmildenberger.com\/wp-content\/uploads\/2024\/10\/000_8042-copy3-300x200.jpg\" data-width=\"300\" data-height=\"200\" aria-label=\"\" role=\"img\" ><\/div>\n\t\t\t\t\t\t\t\t\t\t\t<div class=\"elementor-gallery-item__overlay\"><\/div>\n\t\t\t\t\t\t\t\t\t\t\t\t\t\t<\/a>\n\t\t\t\t\t\t\t<a class=\"e-gallery-item elementor-gallery-item elementor-animated-content\" href=\"https:\/\/felixmildenberger.com\/wp-content\/uploads\/2024\/10\/000_8010-copy2-scaled.jpg\" data-elementor-open-lightbox=\"yes\" data-elementor-lightbox-slideshow=\"2d14a58\" data-elementor-lightbox-title=\"Felix Mildenberger 8 \u00a9Neda Navaee\" data-e-action-hash=\"#elementor-action%3Aaction%3Dlightbox%26settings%3DeyJpZCI6NDE5NywidXJsIjoiaHR0cHM6XC9cL2ZlbGl4bWlsZGVuYmVyZ2VyLmNvbVwvd3AtY29udGVudFwvdXBsb2Fkc1wvMjAyNFwvMTBcLzAwMF84MDEwLWNvcHkyLXNjYWxlZC5qcGciLCJzbGlkZXNob3ciOiIyZDE0YTU4In0%3D\">\n\t\t\t\t\t<div class=\"e-gallery-image elementor-gallery-item__image\" data-thumbnail=\"https:\/\/felixmildenberger.com\/wp-content\/uploads\/2024\/10\/000_8010-copy2-300x200.jpg\" data-width=\"300\" data-height=\"200\" aria-label=\"\" role=\"img\" ><\/div>\n\t\t\t\t\t\t\t\t\t\t\t<div class=\"elementor-gallery-item__overlay\"><\/div>\n\t\t\t\t\t\t\t\t\t\t\t\t\t\t<\/a>\n\t\t\t\t\t<\/div>\n\t\t\t\t\t<\/div>\n\t\t\t\t<\/div>\n\t\t\t\t<div class=\"elementor-element elementor-element-f544463 elementor-widget elementor-widget-spacer\" data-id=\"f544463\" data-element_type=\"widget\" data-widget_type=\"spacer.default\">\n\t\t\t\t<div class=\"elementor-widget-container\">\n\t\t\t\t\t\t\t<div class=\"elementor-spacer\">\n\t\t\t<div class=\"elementor-spacer-inner\"><\/div>\n\t\t<\/div>\n\t\t\t\t\t\t<\/div>\n\t\t\t\t<\/div>\n\t\t\t\t\t<\/div>\n\t\t<\/div>\n\t\t\t\t\t<\/div>\n\t\t<\/section>\n\t\t\t\t<section class=\"elementor-section elementor-top-section elementor-element elementor-element-18e9a94 elementor-section-boxed elementor-section-height-default elementor-section-height-default\" data-id=\"18e9a94\" data-element_type=\"section\" id=\"contact\" data-settings=\"{&quot;background_background&quot;:&quot;classic&quot;}\">\n\t\t\t\t\t\t<div class=\"elementor-container elementor-column-gap-default\">\n\t\t\t\t\t<div class=\"elementor-column elementor-col-100 elementor-top-column elementor-element elementor-element-1faf0a9\" data-id=\"1faf0a9\" data-element_type=\"column\">\n\t\t\t<div class=\"elementor-widget-wrap elementor-element-populated\">\n\t\t\t\t\t\t<div class=\"elementor-element elementor-element-8846a71 elementor-widget elementor-widget-spacer\" data-id=\"8846a71\" data-element_type=\"widget\" data-widget_type=\"spacer.default\">\n\t\t\t\t<div class=\"elementor-widget-container\">\n\t\t\t\t\t\t\t<div class=\"elementor-spacer\">\n\t\t\t<div class=\"elementor-spacer-inner\"><\/div>\n\t\t<\/div>\n\t\t\t\t\t\t<\/div>\n\t\t\t\t<\/div>\n\t\t\t\t<div class=\"elementor-element elementor-element-f4bd18c elementor-widget elementor-widget-heading\" data-id=\"f4bd18c\" data-element_type=\"widget\" data-widget_type=\"heading.default\">\n\t\t\t\t<div class=\"elementor-widget-container\">\n\t\t\t\t\t<h2 class=\"elementor-heading-title elementor-size-default\">CONTACT<\/h2>\t\t\t\t<\/div>\n\t\t\t\t<\/div>\n\t\t\t\t<div class=\"elementor-element elementor-element-c804fd6 elementor-widget-divider--view-line elementor-widget elementor-widget-divider\" data-id=\"c804fd6\" data-element_type=\"widget\" data-widget_type=\"divider.default\">\n\t\t\t\t<div class=\"elementor-widget-container\">\n\t\t\t\t\t\t\t<div class=\"elementor-divider\">\n\t\t\t<span class=\"elementor-divider-separator\">\n\t\t\t\t\t\t<\/span>\n\t\t<\/div>\n\t\t\t\t\t\t<\/div>\n\t\t\t\t<\/div>\n\t\t\t\t<div class=\"elementor-element elementor-element-0c9bd66 elementor-widget elementor-widget-heading\" data-id=\"0c9bd66\" data-element_type=\"widget\" data-widget_type=\"heading.default\">\n\t\t\t\t<div class=\"elementor-widget-container\">\n\t\t\t\t\t<h3 class=\"elementor-heading-title elementor-size-default\">General Management<\/h3>\t\t\t\t<\/div>\n\t\t\t\t<\/div>\n\t\t\t\t<div class=\"elementor-element elementor-element-0f32739 elementor-widget elementor-widget-spacer\" data-id=\"0f32739\" data-element_type=\"widget\" data-widget_type=\"spacer.default\">\n\t\t\t\t<div class=\"elementor-widget-container\">\n\t\t\t\t\t\t\t<div class=\"elementor-spacer\">\n\t\t\t<div class=\"elementor-spacer-inner\"><\/div>\n\t\t<\/div>\n\t\t\t\t\t\t<\/div>\n\t\t\t\t<\/div>\n\t\t\t\t<div class=\"elementor-element elementor-element-930eb52 elementor-widget elementor-widget-image\" data-id=\"930eb52\" data-element_type=\"widget\" data-widget_type=\"image.default\">\n\t\t\t\t<div class=\"elementor-widget-container\">\n\t\t\t\t\t\t\t\t\t\t\t\t\t\t\t\t<a href=\"https:\/\/www.ks-gasteig.de\/index.php\/de\/ksg-felix-mildenberger\" target=\"_blank\">\n\t\t\t\t\t\t\t<img loading=\"lazy\" decoding=\"async\" width=\"165\" height=\"300\" src=\"https:\/\/felixmildenberger.com\/wp-content\/uploads\/2023\/07\/ksgmittext_55x100_rgb_weiss-rot-165x300.png\" class=\"attachment-medium size-medium wp-image-3998\" alt=\"\" srcset=\"https:\/\/felixmildenberger.com\/wp-content\/uploads\/2023\/07\/ksgmittext_55x100_rgb_weiss-rot-165x300.png 165w, https:\/\/felixmildenberger.com\/wp-content\/uploads\/2023\/07\/ksgmittext_55x100_rgb_weiss-rot-564x1024.png 564w, https:\/\/felixmildenberger.com\/wp-content\/uploads\/2023\/07\/ksgmittext_55x100_rgb_weiss-rot.png 654w\" sizes=\"(max-width: 165px) 100vw, 165px\" \/>\t\t\t\t\t\t\t\t<\/a>\n\t\t\t\t\t\t\t\t\t\t\t\t\t\t\t<\/div>\n\t\t\t\t<\/div>\n\t\t\t\t<div class=\"elementor-element elementor-element-f38016d elementor-widget elementor-widget-text-editor\" data-id=\"f38016d\" data-element_type=\"widget\" data-widget_type=\"text-editor.default\">\n\t\t\t\t<div class=\"elementor-widget-container\">\n\t\t\t\t\t\t\t\t\t<p>K\u00dcNSTLERSEKRETARIAT AM GASTEIG<br \/>Elisabeth Ehlers \u2013 Lothar Schacke \u2013 Verena Vetter<\/p><p>Montgelasstrasse 2<br \/>81679 M\u00fcnchen<br \/>Germany<\/p><p>TEL.: +49 (0)89 4448879-0 | FAX: +49 (0)89 4489522<\/p><p>LOTHAR SCHACKE:<span style=\"color: #ffffff;\">\u00a0<a style=\"color: #ffffff;\" href=\"mailto:lothar.schacke@ks-gasteig.de\" target=\"_blank\" rel=\"noopener noreferrer\">lothar.schacke@ks-gasteig.de<\/a><\/span><\/p><p>MAGDA DYBIEC: <span style=\"color: #ffffff;\"><a style=\"color: #ffffff;\" href=\"mailto:magda.dybiec@ks-gasteig.de\">magda.dybiec@ks-gasteig.de<\/a><\/span><br \/>+49 (0)89 444887912<\/p>\t\t\t\t\t\t\t\t<\/div>\n\t\t\t\t<\/div>\n\t\t\t\t<div class=\"elementor-element elementor-element-d53f7f6 elementor-widget elementor-widget-spacer\" data-id=\"d53f7f6\" data-element_type=\"widget\" data-widget_type=\"spacer.default\">\n\t\t\t\t<div class=\"elementor-widget-container\">\n\t\t\t\t\t\t\t<div class=\"elementor-spacer\">\n\t\t\t<div class=\"elementor-spacer-inner\"><\/div>\n\t\t<\/div>\n\t\t\t\t\t\t<\/div>\n\t\t\t\t<\/div>\n\t\t\t\t<div class=\"elementor-element elementor-element-3cfc103 elementor-widget-divider--view-line elementor-widget elementor-widget-divider\" data-id=\"3cfc103\" data-element_type=\"widget\" data-widget_type=\"divider.default\">\n\t\t\t\t<div class=\"elementor-widget-container\">\n\t\t\t\t\t\t\t<div class=\"elementor-divider\">\n\t\t\t<span class=\"elementor-divider-separator\">\n\t\t\t\t\t\t<\/span>\n\t\t<\/div>\n\t\t\t\t\t\t<\/div>\n\t\t\t\t<\/div>\n\t\t\t\t<div class=\"elementor-element elementor-element-956b383 elementor-widget elementor-widget-heading\" data-id=\"956b383\" data-element_type=\"widget\" data-widget_type=\"heading.default\">\n\t\t\t\t<div class=\"elementor-widget-container\">\n\t\t\t\t\t<h3 class=\"elementor-heading-title elementor-size-default\">Local Management (Benelux)<\/h3>\t\t\t\t<\/div>\n\t\t\t\t<\/div>\n\t\t\t\t<div class=\"elementor-element elementor-element-c77be5e elementor-widget elementor-widget-image\" data-id=\"c77be5e\" data-element_type=\"widget\" data-widget_type=\"image.default\">\n\t\t\t\t<div class=\"elementor-widget-container\">\n\t\t\t\t\t\t\t\t\t\t\t\t\t\t\t\t<a href=\"https:\/\/brinksartists.nl\/?page_id=77\" target=\"_blank\">\n\t\t\t\t\t\t\t<img loading=\"lazy\" decoding=\"async\" width=\"224\" height=\"101\" src=\"https:\/\/felixmildenberger.com\/wp-content\/uploads\/2022\/10\/brinks-artist-management.png\" class=\"attachment-full size-full wp-image-3721\" alt=\"\" \/>\t\t\t\t\t\t\t\t<\/a>\n\t\t\t\t\t\t\t\t\t\t\t\t\t\t\t<\/div>\n\t\t\t\t<\/div>\n\t\t\t\t<div class=\"elementor-element elementor-element-a12f042 elementor-widget elementor-widget-text-editor\" data-id=\"a12f042\" data-element_type=\"widget\" data-widget_type=\"text-editor.default\">\n\t\t\t\t<div class=\"elementor-widget-container\">\n\t\t\t\t\t\t\t\t\t<p>BRINKS ARTISTS MANAGEMENT<\/p><p>Herengracht 453<br \/>1017 BS Amsterdam<br \/>The Netherlands<\/p><p>KIKA NIEUWENHUIS:\u00a0<a style=\"color: #fff;\" title=\"Neue Nachricht an kika@brinksartists.nl\" href=\"mailto:kika@brinksartists.nl\">kika@brinksartists.nl<\/a><br \/>Tel: +31 (0)20 6 43 20 43 | Mob: +31 (0) 6 52046761<\/p><p><a style=\"color: #fff;\" title=\"Klicken, um in einem neuen Fenster oder Tab zu \u00f6ffnen http:\/\/www.brinksartists.nl\/\" href=\"http:\/\/www.brinksartists.nl\/\" target=\"_blank\" rel=\"noopener\">www.brinksartists.nl<\/a><\/p>\t\t\t\t\t\t\t\t<\/div>\n\t\t\t\t<\/div>\n\t\t\t\t<div class=\"elementor-element elementor-element-3928208 elementor-widget-divider--view-line elementor-widget elementor-widget-divider\" data-id=\"3928208\" data-element_type=\"widget\" data-widget_type=\"divider.default\">\n\t\t\t\t<div class=\"elementor-widget-container\">\n\t\t\t\t\t\t\t<div class=\"elementor-divider\">\n\t\t\t<span class=\"elementor-divider-separator\">\n\t\t\t\t\t\t<\/span>\n\t\t<\/div>\n\t\t\t\t\t\t<\/div>\n\t\t\t\t<\/div>\n\t\t\t\t<div class=\"elementor-element elementor-element-1a9373e elementor-widget elementor-widget-spacer\" data-id=\"1a9373e\" data-element_type=\"widget\" data-widget_type=\"spacer.default\">\n\t\t\t\t<div class=\"elementor-widget-container\">\n\t\t\t\t\t\t\t<div class=\"elementor-spacer\">\n\t\t\t<div class=\"elementor-spacer-inner\"><\/div>\n\t\t<\/div>\n\t\t\t\t\t\t<\/div>\n\t\t\t\t<\/div>\n\t\t\t\t<div class=\"elementor-element elementor-element-5001e4e elementor-widget elementor-widget-heading\" data-id=\"5001e4e\" data-element_type=\"widget\" data-widget_type=\"heading.default\">\n\t\t\t\t<div class=\"elementor-widget-container\">\n\t\t\t\t\t<h3 class=\"elementor-heading-title elementor-size-default\">Local Management (Japan)<\/h3>\t\t\t\t<\/div>\n\t\t\t\t<\/div>\n\t\t\t\t<div class=\"elementor-element elementor-element-e750275 elementor-widget elementor-widget-image\" data-id=\"e750275\" data-element_type=\"widget\" data-widget_type=\"image.default\">\n\t\t\t\t<div class=\"elementor-widget-container\">\n\t\t\t\t\t\t\t\t\t\t\t\t\t\t\t\t<a href=\"https:\/\/www.japanarts.co.jp\/en\/artist\/felixmildenberger\" target=\"_blank\">\n\t\t\t\t\t\t\t<img loading=\"lazy\" decoding=\"async\" width=\"366\" height=\"68\" src=\"https:\/\/felixmildenberger.com\/wp-content\/uploads\/2019\/07\/Japan-Arts-logo-1.jpg\" class=\"attachment-full size-full wp-image-3586\" alt=\"\" srcset=\"https:\/\/felixmildenberger.com\/wp-content\/uploads\/2019\/07\/Japan-Arts-logo-1.jpg 366w, https:\/\/felixmildenberger.com\/wp-content\/uploads\/2019\/07\/Japan-Arts-logo-1-300x56.jpg 300w\" sizes=\"(max-width: 366px) 100vw, 366px\" \/>\t\t\t\t\t\t\t\t<\/a>\n\t\t\t\t\t\t\t\t\t\t\t\t\t\t\t<\/div>\n\t\t\t\t<\/div>\n\t\t\t\t<div class=\"elementor-element elementor-element-9869d45 elementor-widget elementor-widget-text-editor\" data-id=\"9869d45\" data-element_type=\"widget\" data-widget_type=\"text-editor.default\">\n\t\t\t\t<div class=\"elementor-widget-container\">\n\t\t\t\t\t\t\t\t\t<p>JAPAN ARTS<br \/>Mr. Jun-ichi Nihei<br \/><span style=\"color: #ffffff;\"><a style=\"color: #ffffff;\" href=\"mailto:nihei@japanarts.co.jp\" target=\"_blank\" rel=\"noopener noreferrer\">nihei@japanarts.co.jp<\/a><\/span><\/p><p>Mrs Miu Inui<br \/>inui@japanarts.co.jp<\/p>\t\t\t\t\t\t\t\t<\/div>\n\t\t\t\t<\/div>\n\t\t\t\t<div class=\"elementor-element elementor-element-3e21808 elementor-widget elementor-widget-spacer\" data-id=\"3e21808\" data-element_type=\"widget\" data-widget_type=\"spacer.default\">\n\t\t\t\t<div class=\"elementor-widget-container\">\n\t\t\t\t\t\t\t<div class=\"elementor-spacer\">\n\t\t\t<div class=\"elementor-spacer-inner\"><\/div>\n\t\t<\/div>\n\t\t\t\t\t\t<\/div>\n\t\t\t\t<\/div>\n\t\t\t\t<div class=\"elementor-element elementor-element-8e794a5 elementor-widget-divider--view-line elementor-widget elementor-widget-divider\" data-id=\"8e794a5\" data-element_type=\"widget\" data-widget_type=\"divider.default\">\n\t\t\t\t<div class=\"elementor-widget-container\">\n\t\t\t\t\t\t\t<div class=\"elementor-divider\">\n\t\t\t<span class=\"elementor-divider-separator\">\n\t\t\t\t\t\t<\/span>\n\t\t<\/div>\n\t\t\t\t\t\t<\/div>\n\t\t\t\t<\/div>\n\t\t\t\t<div class=\"elementor-element elementor-element-0673cd6 elementor-widget elementor-widget-spacer\" data-id=\"0673cd6\" data-element_type=\"widget\" data-widget_type=\"spacer.default\">\n\t\t\t\t<div class=\"elementor-widget-container\">\n\t\t\t\t\t\t\t<div class=\"elementor-spacer\">\n\t\t\t<div class=\"elementor-spacer-inner\"><\/div>\n\t\t<\/div>\n\t\t\t\t\t\t<\/div>\n\t\t\t\t<\/div>\n\t\t\t\t<div class=\"elementor-element elementor-element-d0bf26b elementor-widget elementor-widget-text-editor\" data-id=\"d0bf26b\" data-element_type=\"widget\" data-widget_type=\"text-editor.default\">\n\t\t\t\t<div class=\"elementor-widget-container\">\n\t\t\t\t\t\t\t\t\t<div class=\"et_pb_module et_pb_text et_pb_text_92  et_pb_text_align_center et_pb_bg_layout_dark\"><div class=\"et_pb_text_inner\"><h3 style=\"text-align: center;\"><span style=\"color: #ffffff;\">To contact Felix directly,<\/span><\/h3><p style=\"text-align: center;\"><span style=\"color: #ffffff;\">please write to\u00a0<a style=\"color: #ffffff;\" href=\"mailto:contact@felixmildenberger.com\"><span style=\"color: #ffffff;\">contact@felixmildenberger.com<\/span><\/a><\/span><\/p><\/div><\/div>\t\t\t\t\t\t\t\t<\/div>\n\t\t\t\t<\/div>\n\t\t\t\t<div class=\"elementor-element elementor-element-0c14bdb elementor-widget elementor-widget-text-editor\" data-id=\"0c14bdb\" data-element_type=\"widget\" data-widget_type=\"text-editor.default\">\n\t\t\t\t<div class=\"elementor-widget-container\">\n\t\t\t\t\t\t\t\t\t<h3 style=\"text-align: center;\"><span style=\"color: #ffffff;\">Photography by<\/span><\/h3>\n<p style=\"text-align: center;\">Jasper Ehrich<\/p>\n<p style=\"text-align: center;\">Doug Peters<\/p>\n<p style=\"text-align: center;\">Neda Navaee<\/p>\t\t\t\t\t\t\t\t<\/div>\n\t\t\t\t<\/div>\n\t\t\t\t<section class=\"elementor-section elementor-inner-section elementor-element elementor-element-b4b5576 elementor-section-content-middle elementor-section-boxed elementor-section-height-default elementor-section-height-default\" data-id=\"b4b5576\" data-element_type=\"section\">\n\t\t\t\t\t\t<div class=\"elementor-container elementor-column-gap-default\">\n\t\t\t\t\t<div class=\"elementor-column elementor-col-50 elementor-inner-column elementor-element elementor-element-971609e\" data-id=\"971609e\" data-element_type=\"column\">\n\t\t\t<div class=\"elementor-widget-wrap elementor-element-populated\">\n\t\t\t\t\t\t<div class=\"elementor-element elementor-element-6d33deb elementor-widget elementor-widget-image\" data-id=\"6d33deb\" data-element_type=\"widget\" data-widget_type=\"image.default\">\n\t\t\t\t<div class=\"elementor-widget-container\">\n\t\t\t\t\t\t\t\t\t\t\t\t\t\t\t\t<a href=\"https:\/\/filarmonicatrt.it\/partner-artistici\" target=\"_blank\">\n\t\t\t\t\t\t\t<img loading=\"lazy\" decoding=\"async\" width=\"800\" height=\"566\" src=\"https:\/\/felixmildenberger.com\/wp-content\/uploads\/2022\/10\/trt-logo-1024x725.png\" class=\"attachment-large size-large wp-image-3726\" alt=\"\" srcset=\"https:\/\/felixmildenberger.com\/wp-content\/uploads\/2022\/10\/trt-logo-1024x725.png 1024w, https:\/\/felixmildenberger.com\/wp-content\/uploads\/2022\/10\/trt-logo-300x212.png 300w, https:\/\/felixmildenberger.com\/wp-content\/uploads\/2022\/10\/trt-logo-768x543.png 768w, https:\/\/felixmildenberger.com\/wp-content\/uploads\/2022\/10\/trt-logo-1536x1087.png 1536w, https:\/\/felixmildenberger.com\/wp-content\/uploads\/2022\/10\/trt-logo-2048x1449.png 2048w\" sizes=\"(max-width: 800px) 100vw, 800px\" \/>\t\t\t\t\t\t\t\t<\/a>\n\t\t\t\t\t\t\t\t\t\t\t\t\t\t\t<\/div>\n\t\t\t\t<\/div>\n\t\t\t\t\t<\/div>\n\t\t<\/div>\n\t\t\t\t<div class=\"elementor-column elementor-col-50 elementor-inner-column elementor-element elementor-element-1bff92a\" data-id=\"1bff92a\" data-element_type=\"column\">\n\t\t\t<div class=\"elementor-widget-wrap elementor-element-populated\">\n\t\t\t\t\t\t<div class=\"elementor-element elementor-element-a937867 elementor-widget elementor-widget-image\" data-id=\"a937867\" data-element_type=\"widget\" data-widget_type=\"image.default\">\n\t\t\t\t<div class=\"elementor-widget-container\">\n\t\t\t\t\t\t\t\t\t\t\t\t\t\t\t\t<a href=\"https:\/\/www.forum-dirigieren.de\/foerderung\/konzertfoerderung\" target=\"_blank\">\n\t\t\t\t\t\t\t<img loading=\"lazy\" decoding=\"async\" width=\"800\" height=\"400\" src=\"https:\/\/felixmildenberger.com\/wp-content\/uploads\/2022\/10\/Dirigentenforum-Logo.jpg\" class=\"attachment-large size-large wp-image-3728\" alt=\"\" srcset=\"https:\/\/felixmildenberger.com\/wp-content\/uploads\/2022\/10\/Dirigentenforum-Logo.jpg 1000w, https:\/\/felixmildenberger.com\/wp-content\/uploads\/2022\/10\/Dirigentenforum-Logo-300x150.jpg 300w, https:\/\/felixmildenberger.com\/wp-content\/uploads\/2022\/10\/Dirigentenforum-Logo-768x384.jpg 768w\" sizes=\"(max-width: 800px) 100vw, 800px\" \/>\t\t\t\t\t\t\t\t<\/a>\n\t\t\t\t\t\t\t\t\t\t\t\t\t\t\t<\/div>\n\t\t\t\t<\/div>\n\t\t\t\t\t<\/div>\n\t\t<\/div>\n\t\t\t\t\t<\/div>\n\t\t<\/section>\n\t\t\t\t<div class=\"elementor-element elementor-element-b3c42ed elementor-widget elementor-widget-spacer\" data-id=\"b3c42ed\" data-element_type=\"widget\" data-widget_type=\"spacer.default\">\n\t\t\t\t<div class=\"elementor-widget-container\">\n\t\t\t\t\t\t\t<div class=\"elementor-spacer\">\n\t\t\t<div class=\"elementor-spacer-inner\"><\/div>\n\t\t<\/div>\n\t\t\t\t\t\t<\/div>\n\t\t\t\t<\/div>\n\t\t\t\t\t<\/div>\n\t\t<\/div>\n\t\t\t\t\t<\/div>\n\t\t<\/section>\n\t\t\t\t<\/div>\n\t\t","protected":false},"excerpt":{"rendered":"<p>BIO Felix Mildenberger has been Principal Guest Conductor of the Filarmonica Teatro Regio di Torino since 2021. A continued scholarship holder of the Dirigentenforum, in 2021 he was added by the Deutscher Musikrat to the so-called \u201cMaestros of Tomorrow\u201d\u2013 a list of artists having proven long-standing artistic quality. A year before, he was the first [&hellip;]<\/p>\n","protected":false},"author":4,"featured_media":0,"parent":0,"menu_order":0,"comment_status":"closed","ping_status":"closed","template":"elementor_theme","meta":{"footnotes":""},"class_list":["post-2511","page","type-page","status-publish","hentry"],"yoast_head":"<!-- This site is optimized with the Yoast SEO plugin v27.0 - https:\/\/yoast.com\/product\/yoast-seo-wordpress\/ -->\n<title>Homepage - Felix Mildenberger<\/title>\n<meta name=\"description\" content=\"Official website of German conductor Felix Mildenberger.\" \/>\n<meta name=\"robots\" content=\"index, follow, max-snippet:-1, max-image-preview:large, max-video-preview:-1\" \/>\n<link rel=\"canonical\" href=\"https:\/\/felixmildenberger.com\/en\/\" \/>\n<meta property=\"og:locale\" content=\"en_US\" \/>\n<meta property=\"og:type\" content=\"article\" \/>\n<meta property=\"og:title\" content=\"Homepage - Felix Mildenberger\" \/>\n<meta property=\"og:description\" content=\"Official website of German conductor Felix Mildenberger.\" \/>\n<meta property=\"og:url\" content=\"https:\/\/felixmildenberger.com\/en\/\" \/>\n<meta property=\"og:site_name\" content=\"Felix Mildenberger\" \/>\n<meta property=\"article:modified_time\" content=\"2025-05-20T11:08:04+00:00\" \/>\n<meta property=\"og:image\" content=\"https:\/\/felixmildenberger.com\/wp-content\/uploads\/2024\/10\/000_8042-copy1-scaled.jpg\" \/>\n<meta name=\"twitter:card\" content=\"summary_large_image\" \/>\n<meta name=\"twitter:label1\" content=\"Est. reading time\" \/>\n\t<meta name=\"twitter:data1\" content=\"8 minutes\" \/>\n<script type=\"application\/ld+json\" class=\"yoast-schema-graph\">{\"@context\":\"https:\/\/schema.org\",\"@graph\":[{\"@type\":\"WebPage\",\"@id\":\"https:\/\/felixmildenberger.com\/en\/\",\"url\":\"https:\/\/felixmildenberger.com\/en\/\",\"name\":\"Homepage - Felix Mildenberger\",\"isPartOf\":{\"@id\":\"https:\/\/felixmildenberger.webkombuese.de\/#website\"},\"primaryImageOfPage\":{\"@id\":\"https:\/\/felixmildenberger.com\/en\/#primaryimage\"},\"image\":{\"@id\":\"https:\/\/felixmildenberger.com\/en\/#primaryimage\"},\"thumbnailUrl\":\"https:\/\/felixmildenberger.com\/wp-content\/uploads\/2024\/10\/000_8042-copy1-scaled.jpg\",\"datePublished\":\"2019-04-27T08:55:36+00:00\",\"dateModified\":\"2025-05-20T11:08:04+00:00\",\"description\":\"Official website of German conductor Felix Mildenberger.\",\"breadcrumb\":{\"@id\":\"https:\/\/felixmildenberger.com\/en\/#breadcrumb\"},\"inLanguage\":\"en-US\",\"potentialAction\":[{\"@type\":\"ReadAction\",\"target\":[\"https:\/\/felixmildenberger.com\/en\/\"]}]},{\"@type\":\"ImageObject\",\"inLanguage\":\"en-US\",\"@id\":\"https:\/\/felixmildenberger.com\/en\/#primaryimage\",\"url\":\"https:\/\/felixmildenberger.com\/wp-content\/uploads\/2024\/10\/000_8042-copy1-scaled.jpg\",\"contentUrl\":\"https:\/\/felixmildenberger.com\/wp-content\/uploads\/2024\/10\/000_8042-copy1-scaled.jpg\"},{\"@type\":\"BreadcrumbList\",\"@id\":\"https:\/\/felixmildenberger.com\/en\/#breadcrumb\",\"itemListElement\":[{\"@type\":\"ListItem\",\"position\":1,\"name\":\"Home\",\"item\":\"https:\/\/felixmildenberger.com\/en\/\"},{\"@type\":\"ListItem\",\"position\":2,\"name\":\"Homepage\"}]},{\"@type\":\"WebSite\",\"@id\":\"https:\/\/felixmildenberger.webkombuese.de\/#website\",\"url\":\"https:\/\/felixmildenberger.webkombuese.de\/\",\"name\":\"Felix Mildenberger\",\"description\":\"Conductor\",\"potentialAction\":[{\"@type\":\"SearchAction\",\"target\":{\"@type\":\"EntryPoint\",\"urlTemplate\":\"https:\/\/felixmildenberger.webkombuese.de\/?s={search_term_string}\"},\"query-input\":{\"@type\":\"PropertyValueSpecification\",\"valueRequired\":true,\"valueName\":\"search_term_string\"}}],\"inLanguage\":\"en-US\"}]}<\/script>\n<!-- \/ Yoast SEO plugin. -->","yoast_head_json":{"title":"Homepage - Felix Mildenberger","description":"Official website of German conductor Felix Mildenberger.","robots":{"index":"index","follow":"follow","max-snippet":"max-snippet:-1","max-image-preview":"max-image-preview:large","max-video-preview":"max-video-preview:-1"},"canonical":"https:\/\/felixmildenberger.com\/en\/","og_locale":"en_US","og_type":"article","og_title":"Homepage - Felix Mildenberger","og_description":"Official website of German conductor Felix Mildenberger.","og_url":"https:\/\/felixmildenberger.com\/en\/","og_site_name":"Felix Mildenberger","article_modified_time":"2025-05-20T11:08:04+00:00","og_image":[{"url":"https:\/\/felixmildenberger.com\/wp-content\/uploads\/2024\/10\/000_8042-copy1-scaled.jpg","type":"","width":"","height":""}],"twitter_card":"summary_large_image","twitter_misc":{"Est. reading time":"8 minutes"},"schema":{"@context":"https:\/\/schema.org","@graph":[{"@type":"WebPage","@id":"https:\/\/felixmildenberger.com\/en\/","url":"https:\/\/felixmildenberger.com\/en\/","name":"Homepage - Felix Mildenberger","isPartOf":{"@id":"https:\/\/felixmildenberger.webkombuese.de\/#website"},"primaryImageOfPage":{"@id":"https:\/\/felixmildenberger.com\/en\/#primaryimage"},"image":{"@id":"https:\/\/felixmildenberger.com\/en\/#primaryimage"},"thumbnailUrl":"https:\/\/felixmildenberger.com\/wp-content\/uploads\/2024\/10\/000_8042-copy1-scaled.jpg","datePublished":"2019-04-27T08:55:36+00:00","dateModified":"2025-05-20T11:08:04+00:00","description":"Official website of German conductor Felix Mildenberger.","breadcrumb":{"@id":"https:\/\/felixmildenberger.com\/en\/#breadcrumb"},"inLanguage":"en-US","potentialAction":[{"@type":"ReadAction","target":["https:\/\/felixmildenberger.com\/en\/"]}]},{"@type":"ImageObject","inLanguage":"en-US","@id":"https:\/\/felixmildenberger.com\/en\/#primaryimage","url":"https:\/\/felixmildenberger.com\/wp-content\/uploads\/2024\/10\/000_8042-copy1-scaled.jpg","contentUrl":"https:\/\/felixmildenberger.com\/wp-content\/uploads\/2024\/10\/000_8042-copy1-scaled.jpg"},{"@type":"BreadcrumbList","@id":"https:\/\/felixmildenberger.com\/en\/#breadcrumb","itemListElement":[{"@type":"ListItem","position":1,"name":"Home","item":"https:\/\/felixmildenberger.com\/en\/"},{"@type":"ListItem","position":2,"name":"Homepage"}]},{"@type":"WebSite","@id":"https:\/\/felixmildenberger.webkombuese.de\/#website","url":"https:\/\/felixmildenberger.webkombuese.de\/","name":"Felix Mildenberger","description":"Conductor","potentialAction":[{"@type":"SearchAction","target":{"@type":"EntryPoint","urlTemplate":"https:\/\/felixmildenberger.webkombuese.de\/?s={search_term_string}"},"query-input":{"@type":"PropertyValueSpecification","valueRequired":true,"valueName":"search_term_string"}}],"inLanguage":"en-US"}]}},"_links":{"self":[{"href":"https:\/\/felixmildenberger.com\/en\/wp-json\/wp\/v2\/pages\/2511","targetHints":{"allow":["GET"]}}],"collection":[{"href":"https:\/\/felixmildenberger.com\/en\/wp-json\/wp\/v2\/pages"}],"about":[{"href":"https:\/\/felixmildenberger.com\/en\/wp-json\/wp\/v2\/types\/page"}],"author":[{"embeddable":true,"href":"https:\/\/felixmildenberger.com\/en\/wp-json\/wp\/v2\/users\/4"}],"replies":[{"embeddable":true,"href":"https:\/\/felixmildenberger.com\/en\/wp-json\/wp\/v2\/comments?post=2511"}],"version-history":[{"count":8,"href":"https:\/\/felixmildenberger.com\/en\/wp-json\/wp\/v2\/pages\/2511\/revisions"}],"predecessor-version":[{"id":4410,"href":"https:\/\/felixmildenberger.com\/en\/wp-json\/wp\/v2\/pages\/2511\/revisions\/4410"}],"wp:attachment":[{"href":"https:\/\/felixmildenberger.com\/en\/wp-json\/wp\/v2\/media?parent=2511"}],"curies":[{"name":"wp","href":"https:\/\/api.w.org\/{rel}","templated":true}]}}